{"id":442,"date":"2013-12-03T19:03:30","date_gmt":"2013-12-03T21:03:30","guid":{"rendered":"https:\/\/sebraepr.com.br\/soucuritiba\/?page_id=442"},"modified":"2025-09-18T09:56:58","modified_gmt":"2025-09-18T12:56:58","slug":"produtos","status":"publish","type":"page","link":"https:\/\/sebraepr.com.br\/soucuritiba\/produtos\/","title":{"rendered":"Produtos"},"content":{"rendered":"<div class='flex_column av-tnzve-17b9f392c2e661fef929d7e38f77f3da av_one_fifth  avia-builder-el-0  el_before_av_three_fifth  avia-builder-el-first  first flex_column_div '   ><\/div>\n<div class='flex_column av-lrt5u-de0a0e90687fd45ebe085fc9cbf7be8a av_three_fifth  avia-builder-el-1  el_after_av_one_fifth  el_before_av_one_fifth  flex_column_div '   ><div  class='avia_search_element av-lkcuyhnr-3e4b3f7d90119dd14820a87a31275f0e  avia-builder-el-2  avia-builder-el-no-sibling '><form action='https:\/\/sebraepr.com.br\/soucuritiba\/' id='searchform_element' method='get' class='' data-element_id='av-lkcuyhnr-3e4b3f7d90119dd14820a87a31275f0e' ><div class='av_searchform_wrapper'><input type='text' value='' id='s' name='s' placeholder='Busque pelo produto ou empresa' class='av-input-field ' \/><div class='av_searchsubmit_wrapper av-submit-hasicon'><input type='submit' value='\ue803' id='searchsubmit' class='button av-submit-hasicon avia-font-entypo-fontello' \/><img src=\"https:\/\/sebraepr.com.br\/soucuritiba\/wp-content\/themes\/enfold\/images\/layout\/blank.png\" \/><\/div><input type='hidden' name='numberposts' value='5' \/><input type='hidden' name='post_type[]' value='post' \/><input type='hidden' name='results_hide_fields' value='meta' \/><\/div><\/form><\/div><\/div>\n<div class='flex_column av-g6bay-ed2c76e0365d41ede25548f749495e5f av_one_fifth  avia-builder-el-3  el_after_av_three_fifth  el_before_av_section  avia-builder-el-last  flex_column_div '   ><\/div>\n<\/div><\/div><\/div><!-- close content main div --><\/div><\/div><div id='av_section_1'  class='avia-section av-9vm1e-ec120a775d111e7ba6c22e50c81d1217 main_color avia-section-default avia-no-border-styling  avia-builder-el-4  el_after_av_one_fifth  avia-builder-el-last  avia-bg-style-scroll container_wrap sidebar_right'  ><div class='container av-section-cont-open' ><div class='template-page content  av-content-small alpha units'><div class='post-entry post-entry-type-page post-entry-442'><div class='entry-content-wrapper clearfix'>\n<div class='flex_column av-lshuq-dbeea6ba202e5b16f00c5d8e61b5b523 av_four_fifth  avia-builder-el-5  el_before_av_one_fifth  avia-builder-el-first  first flex_column_div '   ><div id='av-masonry-1' class='av-masonry av-m9h30r8q-c9b7e5518a73cc231b9a2676fb212e72 noHover av-fixed-size av-large-gap av-hover-overlay-active av-masonry-animation-active av-masonry-col-3 av-caption-always av-caption-style- av-masonry-entries '><div class=\"av-masonry-container isotope av-js-disabled\"><div class='av-masonry-entry isotope-item av-masonry-item-no-image '><\/div><a href=\"https:\/\/sebraepr.com.br\/soucuritiba\/fita-para-segurar-celular\/\"  id='av-masonry-1-item-3733' data-av-masonry-item='3733' class='av-masonry-entry isotope-item post-3733 post type-post status-publish format-standard has-post-thumbnail hentry category-larissa-luz tag-celular tag-fita  av-masonry-item-with-image' title=\"Inove-256\"  itemscope=\"itemscope\" itemtype=\"https:\/\/schema.org\/CreativeWork\" ><div class='av-inner-masonry-sizer'><\/div><figure class='av-inner-masonry main_color'><div class=\"av-masonry-outerimage-container\"><div class='av-masonry-image-container' style=\"background-image: url(https:\/\/sebraepr.com.br\/soucuritiba\/wp-content\/uploads\/2023\/03\/Inove-256-705x470.jpg);\"  title=\"Inove-256\"  ><\/div><\/div><figcaption class='av-inner-masonry-content site-background'><div class='av-inner-masonry-content-pos'><div class='av-inner-masonry-content-pos-content'><div class='avia-arrow'><\/div><h3 class='av-masonry-entry-title entry-title '  itemprop=\"headline\" >Fita Para Segurar Celular<\/h3><span class='av-masonry-date meta-color updated'>16 de mar\u00e7o de 2023<\/span><span class=\"av-masonry-text-sep text-sep-author\">\/<\/span><span class='av-masonry-author meta-color author'><span class='fn'>por Antonio Manente Neto<\/span><\/span><\/div><\/div><\/figcaption><\/figure><\/a><!--end av-masonry entry--><a href=\"https:\/\/sebraepr.com.br\/soucuritiba\/turistando-em-curitiba-polaroide-magnetico\/\"  id='av-masonry-1-item-4282' data-av-masonry-item='4282' class='av-masonry-entry isotope-item post-4282 post type-post status-publish format-standard has-post-thumbnail hentry category-georgia-collete-cadamuro tag-magnetico  av-masonry-item-with-image' title=\"Turistando em Curitiba \u2013 Polaroide Magn\u00e9tico\"  itemscope=\"itemscope\" itemtype=\"https:\/\/schema.org\/CreativeWork\" ><div class='av-inner-masonry-sizer'><\/div><figure class='av-inner-masonry main_color'><div class=\"av-masonry-outerimage-container\"><div class='av-masonry-image-container' style=\"background-image: url(https:\/\/sebraepr.com.br\/soucuritiba\/wp-content\/uploads\/2024\/10\/Turistando-em-Curitiba-\u2013-Polaroide-Magnetico-705x470.jpg);\"  title=\"Turistando em Curitiba \u2013 Polaroide Magn\u00e9tico\"  ><\/div><\/div><figcaption class='av-inner-masonry-content site-background'><div class='av-inner-masonry-content-pos'><div class='av-inner-masonry-content-pos-content'><div class='avia-arrow'><\/div><h3 class='av-masonry-entry-title entry-title '  itemprop=\"headline\" >Turistando em Curitiba \u2013 Polaroide Magn\u00e9tico<\/h3><span class='av-masonry-date meta-color updated'>7 de outubro de 2024<\/span><span class=\"av-masonry-text-sep text-sep-author\">\/<\/span><span class='av-masonry-author meta-color author'><span class='fn'>por Antonio Manente Neto<\/span><\/span><\/div><\/div><\/figcaption><\/figure><\/a><!--end av-masonry entry--><a href=\"https:\/\/sebraepr.com.br\/soucuritiba\/kit-bloco-ecologico\/\"  id='av-masonry-1-item-5229' data-av-masonry-item='5229' class='av-masonry-entry isotope-item post-5229 post type-post status-publish format-standard has-post-thumbnail hentry category-elisangela-barbosa-e-dandara-barbosa tag-caderno  av-masonry-item-with-image' title=\"Kit Bloco Ecol\u00f3gico\"  itemscope=\"itemscope\" itemtype=\"https:\/\/schema.org\/CreativeWork\" ><div class='av-inner-masonry-sizer'><\/div><figure class='av-inner-masonry main_color'><div class=\"av-masonry-outerimage-container\"><div class='av-masonry-image-container' style=\"background-image: url(https:\/\/sebraepr.com.br\/soucuritiba\/wp-content\/uploads\/2025\/09\/Kit-Bloco-Ecologico-705x510.jpg);\"  title=\"Kit Bloco Ecol\u00f3gico\"  ><\/div><\/div><figcaption class='av-inner-masonry-content site-background'><div class='av-inner-masonry-content-pos'><div class='av-inner-masonry-content-pos-content'><div class='avia-arrow'><\/div><h3 class='av-masonry-entry-title entry-title '  itemprop=\"headline\" >Kit Bloco Ecol\u00f3gico<\/h3><span class='av-masonry-date meta-color updated'>17 de setembro de 2025<\/span><span class=\"av-masonry-text-sep text-sep-author\">\/<\/span><span class='av-masonry-author meta-color author'><span class='fn'>por Antonio Manente Neto<\/span><\/span><\/div><\/div><\/figcaption><\/figure><\/a><!--end av-masonry entry--><a href=\"https:\/\/sebraepr.com.br\/soucuritiba\/capivara-gravida-com-bolsa\/\"  id='av-masonry-1-item-5277' data-av-masonry-item='5277' class='av-masonry-entry isotope-item post-5277 post type-post status-publish format-standard has-post-thumbnail hentry category-monica-farias-mota tag-bolsa tag-capivara  av-masonry-item-with-image' title=\"Capivara Gr\u00e1vida com Bolsa\"  itemscope=\"itemscope\" itemtype=\"https:\/\/schema.org\/CreativeWork\" ><div class='av-inner-masonry-sizer'><\/div><figure class='av-inner-masonry main_color'><div class=\"av-masonry-outerimage-container\"><div class='av-masonry-image-container' style=\"background-image: url(https:\/\/sebraepr.com.br\/soucuritiba\/wp-content\/uploads\/2025\/09\/Capivara-Gravida-com-Bolsa-705x467.jpg);\"  title=\"Capivara Gr\u00e1vida com Bolsa\"  ><\/div><\/div><figcaption class='av-inner-masonry-content site-background'><div class='av-inner-masonry-content-pos'><div class='av-inner-masonry-content-pos-content'><div class='avia-arrow'><\/div><h3 class='av-masonry-entry-title entry-title '  itemprop=\"headline\" >Capivara Gr\u00e1vida com Bolsa<\/h3><span class='av-masonry-date meta-color updated'>17 de setembro de 2025<\/span><span class=\"av-masonry-text-sep text-sep-author\">\/<\/span><span class='av-masonry-author meta-color author'><span class='fn'>por Antonio Manente Neto<\/span><\/span><\/div><\/div><\/figcaption><\/figure><\/a><!--end av-masonry entry--><a href=\"https:\/\/sebraepr.com.br\/soucuritiba\/imas-e-chaveiros-de-araucaria\/\"  id='av-masonry-1-item-3719' data-av-masonry-item='3719' class='av-masonry-entry isotope-item post-3719 post type-post status-publish format-standard has-post-thumbnail hentry category-karine-serafim tag-araucaria tag-chaveiro tag-ima  av-masonry-item-with-image' title=\"Chaveiros e im\u00e3s de Arauc\u00e1ria (3)\"  itemscope=\"itemscope\" itemtype=\"https:\/\/schema.org\/CreativeWork\" ><div class='av-inner-masonry-sizer'><\/div><figure class='av-inner-masonry main_color'><div class=\"av-masonry-outerimage-container\"><div class='av-masonry-image-container' style=\"background-image: url(https:\/\/sebraepr.com.br\/soucuritiba\/wp-content\/uploads\/2023\/03\/Chaveiros-e-imas-de-Araucaria-3-705x470.jpg);\"  title=\"Chaveiros e im\u00e3s de Arauc\u00e1ria (3)\"  ><\/div><\/div><figcaption class='av-inner-masonry-content site-background'><div class='av-inner-masonry-content-pos'><div class='av-inner-masonry-content-pos-content'><div class='avia-arrow'><\/div><h3 class='av-masonry-entry-title entry-title '  itemprop=\"headline\" >Im\u00e3s e Chaveiros de Arauc\u00e1ria<\/h3><span class='av-masonry-date meta-color updated'>16 de mar\u00e7o de 2023<\/span><span class=\"av-masonry-text-sep text-sep-author\">\/<\/span><span class='av-masonry-author meta-color author'><span class='fn'>por Antonio Manente Neto<\/span><\/span><\/div><\/div><\/figcaption><\/figure><\/a><!--end av-masonry entry--><a href=\"https:\/\/sebraepr.com.br\/soucuritiba\/broche-curitiba-da-capivara\/\"  id='av-masonry-1-item-4465' data-av-masonry-item='4465' class='av-masonry-entry isotope-item post-4465 post type-post status-publish format-standard has-post-thumbnail hentry category-naotake-fukushima tag-broche tag-capivara  av-masonry-item-with-image' title=\"Broche Curitiba da Capivara\"  itemscope=\"itemscope\" itemtype=\"https:\/\/schema.org\/CreativeWork\" ><div class='av-inner-masonry-sizer'><\/div><figure class='av-inner-masonry main_color'><div class=\"av-masonry-outerimage-container\"><div class='av-masonry-image-container' style=\"background-image: url(https:\/\/sebraepr.com.br\/soucuritiba\/wp-content\/uploads\/2024\/10\/Broche-Curitiba-da-Capivara-470x705.jpg);\"  title=\"Broche Curitiba da Capivara\"  ><\/div><\/div><figcaption class='av-inner-masonry-content site-background'><div class='av-inner-masonry-content-pos'><div class='av-inner-masonry-content-pos-content'><div class='avia-arrow'><\/div><h3 class='av-masonry-entry-title entry-title '  itemprop=\"headline\" >Broche Curitiba da Capivara<\/h3><span class='av-masonry-date meta-color updated'>10 de outubro de 2024<\/span><span class=\"av-masonry-text-sep text-sep-author\">\/<\/span><span class='av-masonry-author meta-color author'><span class='fn'>por Antonio Manente Neto<\/span><\/span><\/div><\/div><\/figcaption><\/figure><\/a><!--end av-masonry entry--><a href=\"https:\/\/sebraepr.com.br\/soucuritiba\/chaveiro-ticket-curitibano\/\"  id='av-masonry-1-item-4375' data-av-masonry-item='4375' class='av-masonry-entry isotope-item post-4375 post type-post status-publish format-standard has-post-thumbnail hentry category-lorena-giostri tag-chaveiro  av-masonry-item-with-image' title=\"Chaveiro Ticket Curitibano\"  itemscope=\"itemscope\" itemtype=\"https:\/\/schema.org\/CreativeWork\" ><div class='av-inner-masonry-sizer'><\/div><figure class='av-inner-masonry main_color'><div class=\"av-masonry-outerimage-container\"><div class='av-masonry-image-container' style=\"background-image: url(https:\/\/sebraepr.com.br\/soucuritiba\/wp-content\/uploads\/2024\/10\/Chaveiro-Ticket-Curitibano-705x470.jpg);\"  title=\"Chaveiro Ticket Curitibano\"  ><\/div><\/div><figcaption class='av-inner-masonry-content site-background'><div class='av-inner-masonry-content-pos'><div class='av-inner-masonry-content-pos-content'><div class='avia-arrow'><\/div><h3 class='av-masonry-entry-title entry-title '  itemprop=\"headline\" >Chaveiro Ticket Curitibano<\/h3><span class='av-masonry-date meta-color updated'>7 de outubro de 2024<\/span><span class=\"av-masonry-text-sep text-sep-author\">\/<\/span><span class='av-masonry-author meta-color author'><span class='fn'>por Antonio Manente Neto<\/span><\/span><\/div><\/div><\/figcaption><\/figure><\/a><!--end av-masonry entry--><a href=\"https:\/\/sebraepr.com.br\/soucuritiba\/almofada-de-pescoco-capivara\/\"  id='av-masonry-1-item-5285' data-av-masonry-item='5285' class='av-masonry-entry isotope-item post-5285 post type-post status-publish format-standard has-post-thumbnail hentry category-monica-farias-mota tag-almofada tag-capivara  av-masonry-item-with-image' title=\"Almofada de Pesco\u00e7o Capivara\"  itemscope=\"itemscope\" itemtype=\"https:\/\/schema.org\/CreativeWork\" ><div class='av-inner-masonry-sizer'><\/div><figure class='av-inner-masonry main_color'><div class=\"av-masonry-outerimage-container\"><div class='av-masonry-image-container' style=\"background-image: url(https:\/\/sebraepr.com.br\/soucuritiba\/wp-content\/uploads\/2025\/09\/Almofada-de-Pescoco-Capivara-705x469.jpg);\"  title=\"Almofada de Pesco\u00e7o Capivara\"  ><\/div><\/div><figcaption class='av-inner-masonry-content site-background'><div class='av-inner-masonry-content-pos'><div class='av-inner-masonry-content-pos-content'><div class='avia-arrow'><\/div><h3 class='av-masonry-entry-title entry-title '  itemprop=\"headline\" >Almofada de Pesco\u00e7o Capivara<\/h3><span class='av-masonry-date meta-color updated'>17 de setembro de 2025<\/span><span class=\"av-masonry-text-sep text-sep-author\">\/<\/span><span class='av-masonry-author meta-color author'><span class='fn'>por Antonio Manente Neto<\/span><\/span><\/div><\/div><\/figcaption><\/figure><\/a><!--end av-masonry entry--><a href=\"https:\/\/sebraepr.com.br\/soucuritiba\/cachecol-tingimento-natural-de-araucaria\/\"  id='av-masonry-1-item-5250' data-av-masonry-item='5250' class='av-masonry-entry isotope-item post-5250 post type-post status-publish format-standard has-post-thumbnail hentry category-janaina-santos-valle tag-araucaria tag-cachecol  av-masonry-item-with-image' title=\"Cachecol Arauc\u00e1ria\"  itemscope=\"itemscope\" itemtype=\"https:\/\/schema.org\/CreativeWork\" ><div class='av-inner-masonry-sizer'><\/div><figure class='av-inner-masonry main_color'><div class=\"av-masonry-outerimage-container\"><div class='av-masonry-image-container' style=\"background-image: url(https:\/\/sebraepr.com.br\/soucuritiba\/wp-content\/uploads\/2025\/09\/Cachecol-Araucaria-705x505.jpg);\"  title=\"Cachecol Arauc\u00e1ria\"  ><\/div><\/div><figcaption class='av-inner-masonry-content site-background'><div class='av-inner-masonry-content-pos'><div class='av-inner-masonry-content-pos-content'><div class='avia-arrow'><\/div><h3 class='av-masonry-entry-title entry-title '  itemprop=\"headline\" >Cachecol Tingimento Natural de Arauc\u00e1ria<\/h3><span class='av-masonry-date meta-color updated'>17 de setembro de 2025<\/span><span class=\"av-masonry-text-sep text-sep-author\">\/<\/span><span class='av-masonry-author meta-color author'><span class='fn'>por Antonio Manente Neto<\/span><\/span><\/div><\/div><\/figcaption><\/figure><\/a><!--end av-masonry entry--><a href=\"https:\/\/sebraepr.com.br\/soucuritiba\/kit-infantil-terra-das-araucarias\/\"  id='av-masonry-1-item-3623' data-av-masonry-item='3623' class='av-masonry-entry isotope-item post-3623 post type-post status-publish format-standard has-post-thumbnail hentry category-brenda-niewiorowski tag-araucaria tag-infantil  av-masonry-item-with-image' title=\"Kit Infantil Terra das Arauc\u00e1rias\"  itemscope=\"itemscope\" itemtype=\"https:\/\/schema.org\/CreativeWork\" ><div class='av-inner-masonry-sizer'><\/div><figure class='av-inner-masonry main_color'><div class=\"av-masonry-outerimage-container\"><div class='av-masonry-image-container' style=\"background-image: url(https:\/\/sebraepr.com.br\/soucuritiba\/wp-content\/uploads\/2023\/03\/Kit-Infantil-Terra-das-Araucarias-705x470.jpg);\"  title=\"Kit Infantil Terra das Arauc\u00e1rias\"  ><\/div><\/div><figcaption class='av-inner-masonry-content site-background'><div class='av-inner-masonry-content-pos'><div class='av-inner-masonry-content-pos-content'><div class='avia-arrow'><\/div><h3 class='av-masonry-entry-title entry-title '  itemprop=\"headline\" >Kit infantil Terra das Arauc\u00e1rias<\/h3><span class='av-masonry-date meta-color updated'>15 de mar\u00e7o de 2023<\/span><span class=\"av-masonry-text-sep text-sep-author\">\/<\/span><span class='av-masonry-author meta-color author'><span class='fn'>por Antonio Manente Neto<\/span><\/span><\/div><\/div><\/figcaption><\/figure><\/a><!--end av-masonry entry--><a href=\"https:\/\/sebraepr.com.br\/soucuritiba\/panos-de-prato-curitibanos\/\"  id='av-masonry-1-item-4320' data-av-masonry-item='4320' class='av-masonry-entry isotope-item post-4320 post type-post status-publish format-standard has-post-thumbnail hentry category-heloise-mara-joekel tag-panos  av-masonry-item-with-image' title=\"Panos de Prato Curitibanos\"  itemscope=\"itemscope\" itemtype=\"https:\/\/schema.org\/CreativeWork\" ><div class='av-inner-masonry-sizer'><\/div><figure class='av-inner-masonry main_color'><div class=\"av-masonry-outerimage-container\"><div class='av-masonry-image-container' style=\"background-image: url(https:\/\/sebraepr.com.br\/soucuritiba\/wp-content\/uploads\/2024\/10\/Panos-de-Prato-Curitibanos-705x470.jpg);\"  title=\"Panos de Prato Curitibanos\"  ><\/div><\/div><figcaption class='av-inner-masonry-content site-background'><div class='av-inner-masonry-content-pos'><div class='av-inner-masonry-content-pos-content'><div class='avia-arrow'><\/div><h3 class='av-masonry-entry-title entry-title '  itemprop=\"headline\" >Panos de Prato Curitibanos<\/h3><span class='av-masonry-date meta-color updated'>7 de outubro de 2024<\/span><span class=\"av-masonry-text-sep text-sep-author\">\/<\/span><span class='av-masonry-author meta-color author'><span class='fn'>por Antonio Manente Neto<\/span><\/span><\/div><\/div><\/figcaption><\/figure><\/a><!--end av-masonry entry--><a href=\"https:\/\/sebraepr.com.br\/soucuritiba\/desafio-curitiba\/\"  id='av-masonry-1-item-4490' data-av-masonry-item='4490' class='av-masonry-entry isotope-item post-4490 post type-post status-publish format-standard has-post-thumbnail hentry category-rafaela-dlugokenski tag-brinquedo tag-quebra-cabeca  av-masonry-item-with-image' title=\"Desafio Curitiba\"  itemscope=\"itemscope\" itemtype=\"https:\/\/schema.org\/CreativeWork\" ><div class='av-inner-masonry-sizer'><\/div><figure class='av-inner-masonry main_color'><div class=\"av-masonry-outerimage-container\"><div class='av-masonry-image-container' style=\"background-image: url(https:\/\/sebraepr.com.br\/soucuritiba\/wp-content\/uploads\/2024\/10\/Desafio-Curitiba-470x705.jpg);\"  title=\"Desafio Curitiba\"  ><\/div><\/div><figcaption class='av-inner-masonry-content site-background'><div class='av-inner-masonry-content-pos'><div class='av-inner-masonry-content-pos-content'><div class='avia-arrow'><\/div><h3 class='av-masonry-entry-title entry-title '  itemprop=\"headline\" >Desafio Curitiba<\/h3><span class='av-masonry-date meta-color updated'>10 de outubro de 2024<\/span><span class=\"av-masonry-text-sep text-sep-author\">\/<\/span><span class='av-masonry-author meta-color author'><span class='fn'>por Antonio Manente Neto<\/span><\/span><\/div><\/div><\/figcaption><\/figure><\/a><!--end av-masonry entry--><a href=\"https:\/\/sebraepr.com.br\/soucuritiba\/canequinha-de-porcelana\/\"  id='av-masonry-1-item-5192' data-av-masonry-item='5192' class='av-masonry-entry isotope-item post-5192 post type-post status-publish format-standard has-post-thumbnail hentry category-aparecida-fatima-de-oliveira tag-caneca  av-masonry-item-with-image' title=\"Canequinha de Porcelana\"  itemscope=\"itemscope\" itemtype=\"https:\/\/schema.org\/CreativeWork\" ><div class='av-inner-masonry-sizer'><\/div><figure class='av-inner-masonry main_color'><div class=\"av-masonry-outerimage-container\"><div class='av-masonry-image-container' style=\"background-image: url(https:\/\/sebraepr.com.br\/soucuritiba\/wp-content\/uploads\/2025\/09\/Canequinha-de-Porcelana-705x641.jpg);\"  title=\"Canequinha de Porcelana\"  ><\/div><\/div><figcaption class='av-inner-masonry-content site-background'><div class='av-inner-masonry-content-pos'><div class='av-inner-masonry-content-pos-content'><div class='avia-arrow'><\/div><h3 class='av-masonry-entry-title entry-title '  itemprop=\"headline\" >Canequinha de Porcelana<\/h3><span class='av-masonry-date meta-color updated'>17 de setembro de 2025<\/span><span class=\"av-masonry-text-sep text-sep-author\">\/<\/span><span class='av-masonry-author meta-color author'><span class='fn'>por Antonio Manente Neto<\/span><\/span><\/div><\/div><\/figcaption><\/figure><\/a><!--end av-masonry entry--><a href=\"https:\/\/sebraepr.com.br\/soucuritiba\/you-in-curitiba\/\"  id='av-masonry-1-item-5165' data-av-masonry-item='5165' class='av-masonry-entry isotope-item post-5165 post type-post status-publish format-standard has-post-thumbnail hentry category-aluisio-de-paula tag-foto  av-masonry-item-with-image' title=\"You in Curitiba\"  itemscope=\"itemscope\" itemtype=\"https:\/\/schema.org\/CreativeWork\" ><div class='av-inner-masonry-sizer'><\/div><figure class='av-inner-masonry main_color'><div class=\"av-masonry-outerimage-container\"><div class='av-masonry-image-container' style=\"background-image: url(https:\/\/sebraepr.com.br\/soucuritiba\/wp-content\/uploads\/2025\/09\/You-in-Curitiba-705x700.jpg);\"  title=\"You in Curitiba\"  ><\/div><\/div><figcaption class='av-inner-masonry-content site-background'><div class='av-inner-masonry-content-pos'><div class='av-inner-masonry-content-pos-content'><div class='avia-arrow'><\/div><h3 class='av-masonry-entry-title entry-title '  itemprop=\"headline\" >You in Curitiba<\/h3><span class='av-masonry-date meta-color updated'>17 de setembro de 2025<\/span><span class=\"av-masonry-text-sep text-sep-author\">\/<\/span><span class='av-masonry-author meta-color author'><span class='fn'>por Antonio Manente Neto<\/span><\/span><\/div><\/div><\/figcaption><\/figure><\/a><!--end av-masonry entry--><a href=\"https:\/\/sebraepr.com.br\/soucuritiba\/chocolate-pinhao-caju-chips\/\"  id='av-masonry-1-item-4575' data-av-masonry-item='4575' class='av-masonry-entry isotope-item post-4575 post type-post status-publish format-standard has-post-thumbnail hentry category-yuka-nakaba-waki tag-caju tag-chips tag-chocolate tag-pinhao  av-masonry-item-with-image' title=\"Inove -252\"  itemscope=\"itemscope\" itemtype=\"https:\/\/schema.org\/CreativeWork\" ><div class='av-inner-masonry-sizer'><\/div><figure class='av-inner-masonry main_color'><div class=\"av-masonry-outerimage-container\"><div class='av-masonry-image-container' style=\"background-image: url(https:\/\/sebraepr.com.br\/soucuritiba\/wp-content\/uploads\/2024\/10\/Inove-252-470x705.jpg);\"  title=\"Inove -252\"  ><\/div><\/div><figcaption class='av-inner-masonry-content site-background'><div class='av-inner-masonry-content-pos'><div class='av-inner-masonry-content-pos-content'><div class='avia-arrow'><\/div><h3 class='av-masonry-entry-title entry-title '  itemprop=\"headline\" >Chocolate Pinh\u00e3o Caju Chips<\/h3><span class='av-masonry-date meta-color updated'>15 de outubro de 2024<\/span><span class=\"av-masonry-text-sep text-sep-author\">\/<\/span><span class='av-masonry-author meta-color author'><span class='fn'>por Antonio Manente Neto<\/span><\/span><\/div><\/div><\/figcaption><\/figure><\/a><!--end av-masonry entry--><a href=\"https:\/\/sebraepr.com.br\/soucuritiba\/azuelejo-estacao-e-ponte-preta-grande\/\"  id='av-masonry-1-item-4296' data-av-masonry-item='4296' class='av-masonry-entry isotope-item post-4296 post type-post status-publish format-standard has-post-thumbnail hentry category-giovanna-thais-m-alves tag-azulejos  av-masonry-item-with-image' title=\"Azulejo Esta\u00e7\u00e3o Ponte Preta Grande\"  itemscope=\"itemscope\" itemtype=\"https:\/\/schema.org\/CreativeWork\" ><div class='av-inner-masonry-sizer'><\/div><figure class='av-inner-masonry main_color'><div class=\"av-masonry-outerimage-container\"><div class='av-masonry-image-container' style=\"background-image: url(https:\/\/sebraepr.com.br\/soucuritiba\/wp-content\/uploads\/2024\/10\/Azulejo-Estacao-Ponte-Preta-Grande-705x470.jpg);\"  title=\"Azulejo Esta\u00e7\u00e3o Ponte Preta Grande\"  ><\/div><\/div><figcaption class='av-inner-masonry-content site-background'><div class='av-inner-masonry-content-pos'><div class='av-inner-masonry-content-pos-content'><div class='avia-arrow'><\/div><h3 class='av-masonry-entry-title entry-title '  itemprop=\"headline\" >Azuelejo Esta\u00e7\u00e3o e Ponte Preta Grande<\/h3><span class='av-masonry-date meta-color updated'>7 de outubro de 2024<\/span><span class=\"av-masonry-text-sep text-sep-author\">\/<\/span><span class='av-masonry-author meta-color author'><span class='fn'>por Antonio Manente Neto<\/span><\/span><\/div><\/div><\/figcaption><\/figure><\/a><!--end av-masonry entry--><a href=\"https:\/\/sebraepr.com.br\/soucuritiba\/toalhinha-necessaire\/\"  id='av-masonry-1-item-4391' data-av-masonry-item='4391' class='av-masonry-entry isotope-item post-4391 post type-post status-publish format-standard has-post-thumbnail hentry category-larissa-m-b-vasconcelos tag-necessaire tag-panos  av-masonry-item-with-image' title=\"Toalhinha Necessaire\"  itemscope=\"itemscope\" itemtype=\"https:\/\/schema.org\/CreativeWork\" ><div class='av-inner-masonry-sizer'><\/div><figure class='av-inner-masonry main_color'><div class=\"av-masonry-outerimage-container\"><div class='av-masonry-image-container' style=\"background-image: url(https:\/\/sebraepr.com.br\/soucuritiba\/wp-content\/uploads\/2024\/10\/Toalhinha-Necessaire-705x470.jpg);\"  title=\"Toalhinha Necessaire\"  ><\/div><\/div><figcaption class='av-inner-masonry-content site-background'><div class='av-inner-masonry-content-pos'><div class='av-inner-masonry-content-pos-content'><div class='avia-arrow'><\/div><h3 class='av-masonry-entry-title entry-title '  itemprop=\"headline\" >Toalhinha Necessaire<\/h3><span class='av-masonry-date meta-color updated'>7 de outubro de 2024<\/span><span class=\"av-masonry-text-sep text-sep-author\">\/<\/span><span class='av-masonry-author meta-color author'><span class='fn'>por Antonio Manente Neto<\/span><\/span><\/div><\/div><\/figcaption><\/figure><\/a><!--end av-masonry entry--><a href=\"https:\/\/sebraepr.com.br\/soucuritiba\/incensario-capivara-zen\/\"  id='av-masonry-1-item-4469' data-av-masonry-item='4469' class='av-masonry-entry isotope-item post-4469 post type-post status-publish format-standard has-post-thumbnail hentry category-naotake-fukushima tag-incenso  av-masonry-item-with-image' title=\"Incens\u00e1rio Capivara Zen\"  itemscope=\"itemscope\" itemtype=\"https:\/\/schema.org\/CreativeWork\" ><div class='av-inner-masonry-sizer'><\/div><figure class='av-inner-masonry main_color'><div class=\"av-masonry-outerimage-container\"><div class='av-masonry-image-container' style=\"background-image: url(https:\/\/sebraepr.com.br\/soucuritiba\/wp-content\/uploads\/2024\/10\/Incensario-Capivara-Zen-1-705x470.jpg);\"  title=\"Incens\u00e1rio Capivara Zen\"  ><\/div><\/div><figcaption class='av-inner-masonry-content site-background'><div class='av-inner-masonry-content-pos'><div class='av-inner-masonry-content-pos-content'><div class='avia-arrow'><\/div><h3 class='av-masonry-entry-title entry-title '  itemprop=\"headline\" >Incens\u00e1rio Capivara Zen<\/h3><span class='av-masonry-date meta-color updated'>10 de outubro de 2024<\/span><span class=\"av-masonry-text-sep text-sep-author\">\/<\/span><span class='av-masonry-author meta-color author'><span class='fn'>por Antonio Manente Neto<\/span><\/span><\/div><\/div><\/figcaption><\/figure><\/a><!--end av-masonry entry--><a href=\"https:\/\/sebraepr.com.br\/soucuritiba\/botton-curitiba-lovers-redondo\/\"  id='av-masonry-1-item-5182' data-av-masonry-item='5182' class='av-masonry-entry isotope-item post-5182 post type-post status-publish format-standard has-post-thumbnail hentry category-anelise-bittencourt-gerceski tag-boton  av-masonry-item-with-image' title=\"Botton Curitiba Lovers Redondo\"  itemscope=\"itemscope\" itemtype=\"https:\/\/schema.org\/CreativeWork\" ><div class='av-inner-masonry-sizer'><\/div><figure class='av-inner-masonry main_color'><div class=\"av-masonry-outerimage-container\"><div class='av-masonry-image-container' style=\"background-image: url(https:\/\/sebraepr.com.br\/soucuritiba\/wp-content\/uploads\/2025\/09\/Botton-Curitiba-Lovers-Redondo-705x469.jpg);\"  title=\"Botton Curitiba Lovers Redondo\"  ><\/div><\/div><figcaption class='av-inner-masonry-content site-background'><div class='av-inner-masonry-content-pos'><div class='av-inner-masonry-content-pos-content'><div class='avia-arrow'><\/div><h3 class='av-masonry-entry-title entry-title '  itemprop=\"headline\" >Botton Curitiba Lovers Redondo<\/h3><span class='av-masonry-date meta-color updated'>17 de setembro de 2025<\/span><span class=\"av-masonry-text-sep text-sep-author\">\/<\/span><span class='av-masonry-author meta-color author'><span class='fn'>por Antonio Manente Neto<\/span><\/span><\/div><\/div><\/figcaption><\/figure><\/a><!--end av-masonry entry--><a href=\"https:\/\/sebraepr.com.br\/soucuritiba\/colar-curitiba-em-3x4\/\"  id='av-masonry-1-item-4207' data-av-masonry-item='4207' class='av-masonry-entry isotope-item post-4207 post type-post status-publish format-standard has-post-thumbnail hentry category-carolina-pereira-bastos tag-colar  av-masonry-item-with-image' title=\"Colar Curitiba em 3 4 3\"  itemscope=\"itemscope\" itemtype=\"https:\/\/schema.org\/CreativeWork\" ><div class='av-inner-masonry-sizer'><\/div><figure class='av-inner-masonry main_color'><div class=\"av-masonry-outerimage-container\"><div class='av-masonry-image-container' style=\"background-image: url(https:\/\/sebraepr.com.br\/soucuritiba\/wp-content\/uploads\/2024\/09\/Colar-Curitiba-em-3-4-3-705x470.jpg);\"  title=\"Colar Curitiba em 3 4 3\"  ><\/div><\/div><figcaption class='av-inner-masonry-content site-background'><div class='av-inner-masonry-content-pos'><div class='av-inner-masonry-content-pos-content'><div class='avia-arrow'><\/div><h3 class='av-masonry-entry-title entry-title '  itemprop=\"headline\" >Colar Curitiba em 3X4<\/h3><span class='av-masonry-date meta-color updated'>18 de setembro de 2024<\/span><span class=\"av-masonry-text-sep text-sep-author\">\/<\/span><span class='av-masonry-author meta-color author'><span class='fn'>por Antonio Manente Neto<\/span><\/span><\/div><\/div><\/figcaption><\/figure><\/a><!--end av-masonry entry--><a href=\"https:\/\/sebraepr.com.br\/soucuritiba\/biscoito-familia-folha\/\"  id='av-masonry-1-item-4064' data-av-masonry-item='4064' class='av-masonry-entry isotope-item post-4064 post type-post status-publish format-standard has-post-thumbnail hentry category-hellio-e-claudia-broday tag-biscoitos  av-masonry-item-with-image' title=\"Familha Folha\"  itemscope=\"itemscope\" itemtype=\"https:\/\/schema.org\/CreativeWork\" ><div class='av-inner-masonry-sizer'><\/div><figure class='av-inner-masonry main_color'><div class=\"av-masonry-outerimage-container\"><div class='av-masonry-image-container' style=\"background-image: url(https:\/\/sebraepr.com.br\/soucuritiba\/wp-content\/uploads\/2024\/09\/Familha-Folha-470x705.jpg);\"  title=\"Familha Folha\"  ><\/div><\/div><figcaption class='av-inner-masonry-content site-background'><div class='av-inner-masonry-content-pos'><div class='av-inner-masonry-content-pos-content'><div class='avia-arrow'><\/div><h3 class='av-masonry-entry-title entry-title '  itemprop=\"headline\" >Biscoito Fam\u00edlia Folha<\/h3><span class='av-masonry-date meta-color updated'>5 de setembro de 2024<\/span><span class=\"av-masonry-text-sep text-sep-author\">\/<\/span><span class='av-masonry-author meta-color author'><span class='fn'>por Antonio Manente Neto<\/span><\/span><\/div><\/div><\/figcaption><\/figure><\/a><!--end av-masonry entry--><a href=\"https:\/\/sebraepr.com.br\/soucuritiba\/labirinto-capivara\/\"  id='av-masonry-1-item-5295' data-av-masonry-item='5295' class='av-masonry-entry isotope-item post-5295 post type-post status-publish format-standard has-post-thumbnail hentry category-naotake-fukushima tag-capivara  av-masonry-item-with-image' title=\"Labirinto Capivara\"  itemscope=\"itemscope\" itemtype=\"https:\/\/schema.org\/CreativeWork\" ><div class='av-inner-masonry-sizer'><\/div><figure class='av-inner-masonry main_color'><div class=\"av-masonry-outerimage-container\"><div class='av-masonry-image-container' style=\"background-image: url(https:\/\/sebraepr.com.br\/soucuritiba\/wp-content\/uploads\/2025\/09\/Labirinto-Capivara-705x491.jpg);\"  title=\"Labirinto Capivara\"  ><\/div><\/div><figcaption class='av-inner-masonry-content site-background'><div class='av-inner-masonry-content-pos'><div class='av-inner-masonry-content-pos-content'><div class='avia-arrow'><\/div><h3 class='av-masonry-entry-title entry-title '  itemprop=\"headline\" >Labirinto Capivara<\/h3><span class='av-masonry-date meta-color updated'>17 de setembro de 2025<\/span><span class=\"av-masonry-text-sep text-sep-author\">\/<\/span><span class='av-masonry-author meta-color author'><span class='fn'>por Antonio Manente Neto<\/span><\/span><\/div><\/div><\/figcaption><\/figure><\/a><!--end av-masonry entry--><a href=\"https:\/\/sebraepr.com.br\/soucuritiba\/colecao-curitiba-tea-moments-lata\/\"  id='av-masonry-1-item-4140' data-av-masonry-item='4140' class='av-masonry-entry isotope-item post-4140 post type-post status-publish format-standard has-post-thumbnail hentry category-alessandra-gebur-kuster tag-cha  av-masonry-item-with-image' title=\"Coless\u00e3o Curitiba Tea\"  itemscope=\"itemscope\" itemtype=\"https:\/\/schema.org\/CreativeWork\" ><div class='av-inner-masonry-sizer'><\/div><figure class='av-inner-masonry main_color'><div class=\"av-masonry-outerimage-container\"><div class='av-masonry-image-container' style=\"background-image: url(https:\/\/sebraepr.com.br\/soucuritiba\/wp-content\/uploads\/2024\/09\/Colessao-Curitiba-Tea--705x469.jpg);\"  title=\"Coless\u00e3o Curitiba Tea\"  ><\/div><\/div><figcaption class='av-inner-masonry-content site-background'><div class='av-inner-masonry-content-pos'><div class='av-inner-masonry-content-pos-content'><div class='avia-arrow'><\/div><h3 class='av-masonry-entry-title entry-title '  itemprop=\"headline\" >Cole\u00e7\u00e3o Curitiba Tea Moments Lata<\/h3><span class='av-masonry-date meta-color updated'>17 de setembro de 2024<\/span><span class=\"av-masonry-text-sep text-sep-author\">\/<\/span><span class='av-masonry-author meta-color author'><span class='fn'>por Antonio Manente Neto<\/span><\/span><\/div><\/div><\/figcaption><\/figure><\/a><!--end av-masonry entry--><a href=\"https:\/\/sebraepr.com.br\/soucuritiba\/marca-pagina-magnetico-pinhaozinho-de-curitiba\/\"  id='av-masonry-1-item-4150' data-av-masonry-item='4150' class='av-masonry-entry isotope-item post-4150 post type-post status-publish format-standard has-post-thumbnail hentry category-alexandra-giovanna-camarosk tag-magnetico tag-marca-pagina  av-masonry-item-with-image' title=\"Marca P\u00e1gina Magn\u00e9tico Pinh\u00e3ozinho de Curitiba\"  itemscope=\"itemscope\" itemtype=\"https:\/\/schema.org\/CreativeWork\" ><div class='av-inner-masonry-sizer'><\/div><figure class='av-inner-masonry main_color'><div class=\"av-masonry-outerimage-container\"><div class='av-masonry-image-container' style=\"background-image: url(https:\/\/sebraepr.com.br\/soucuritiba\/wp-content\/uploads\/2024\/09\/Marca-Pagina-Magnetico-Pinhaozinho-de-Curitiba-470x705.jpg);\"  title=\"Marca P\u00e1gina Magn\u00e9tico Pinh\u00e3ozinho de Curitiba\"  ><\/div><\/div><figcaption class='av-inner-masonry-content site-background'><div class='av-inner-masonry-content-pos'><div class='av-inner-masonry-content-pos-content'><div class='avia-arrow'><\/div><h3 class='av-masonry-entry-title entry-title '  itemprop=\"headline\" >Marca P\u00e1gina Magn\u00e9tico Pinh\u00e3ozinho de Curitiba<\/h3><span class='av-masonry-date meta-color updated'>17 de setembro de 2024<\/span><span class=\"av-masonry-text-sep text-sep-author\">\/<\/span><span class='av-masonry-author meta-color author'><span class='fn'>por Antonio Manente Neto<\/span><\/span><\/div><\/div><\/figcaption><\/figure><\/a><!--end av-masonry entry--><a href=\"https:\/\/sebraepr.com.br\/soucuritiba\/mini-poster-a5\/\"  id='av-masonry-1-item-4309' data-av-masonry-item='4309' class='av-masonry-entry isotope-item post-4309 post type-post status-publish format-standard has-post-thumbnail hentry category-gloria-maria-gerber-vargas tag-poster  av-masonry-item-with-image' title=\"Mini Poster A5 2\"  itemscope=\"itemscope\" itemtype=\"https:\/\/schema.org\/CreativeWork\" ><div class='av-inner-masonry-sizer'><\/div><figure class='av-inner-masonry main_color'><div class=\"av-masonry-outerimage-container\"><div class='av-masonry-image-container' style=\"background-image: url(https:\/\/sebraepr.com.br\/soucuritiba\/wp-content\/uploads\/2024\/10\/Mini-Poster-A5-2-705x582.jpg);\"  title=\"Mini Poster A5 2\"  ><\/div><\/div><figcaption class='av-inner-masonry-content site-background'><div class='av-inner-masonry-content-pos'><div class='av-inner-masonry-content-pos-content'><div class='avia-arrow'><\/div><h3 class='av-masonry-entry-title entry-title '  itemprop=\"headline\" >Mini Poster A5<\/h3><span class='av-masonry-date meta-color updated'>7 de outubro de 2024<\/span><span class=\"av-masonry-text-sep text-sep-author\">\/<\/span><span class='av-masonry-author meta-color author'><span class='fn'>por Antonio Manente Neto<\/span><\/span><\/div><\/div><\/figcaption><\/figure><\/a><!--end av-masonry entry--><a href=\"https:\/\/sebraepr.com.br\/soucuritiba\/porta-copos-capivara\/\"  id='av-masonry-1-item-5297' data-av-masonry-item='5297' class='av-masonry-entry isotope-item post-5297 post type-post status-publish format-standard has-post-thumbnail hentry category-naotake-fukushima tag-capivara tag-porta-copos  av-masonry-item-with-image' title=\"Porta Copos Capivara2\"  itemscope=\"itemscope\" itemtype=\"https:\/\/schema.org\/CreativeWork\" ><div class='av-inner-masonry-sizer'><\/div><figure class='av-inner-masonry main_color'><div class=\"av-masonry-outerimage-container\"><div class='av-masonry-image-container' style=\"background-image: url(https:\/\/sebraepr.com.br\/soucuritiba\/wp-content\/uploads\/2025\/09\/Porta-Copos-Capivara2-705x491.jpg);\"  title=\"Porta Copos Capivara2\"  ><\/div><\/div><figcaption class='av-inner-masonry-content site-background'><div class='av-inner-masonry-content-pos'><div class='av-inner-masonry-content-pos-content'><div class='avia-arrow'><\/div><h3 class='av-masonry-entry-title entry-title '  itemprop=\"headline\" >Porta Copos Capivara<\/h3><span class='av-masonry-date meta-color updated'>17 de setembro de 2025<\/span><span class=\"av-masonry-text-sep text-sep-author\">\/<\/span><span class='av-masonry-author meta-color author'><span class='fn'>por Antonio Manente Neto<\/span><\/span><\/div><\/div><\/figcaption><\/figure><\/a><!--end av-masonry entry--><a href=\"https:\/\/sebraepr.com.br\/soucuritiba\/caneca-tabela-periodica-paranista\/\"  id='av-masonry-1-item-3703' data-av-masonry-item='3703' class='av-masonry-entry isotope-item post-3703 post type-post status-publish format-standard has-post-thumbnail hentry category-joseane-pesuschi tag-caneca  av-masonry-item-with-image' title=\"Caneca Tabela Peri\u00f3dica Paranista (3)\"  itemscope=\"itemscope\" itemtype=\"https:\/\/schema.org\/CreativeWork\" ><div class='av-inner-masonry-sizer'><\/div><figure class='av-inner-masonry main_color'><div class=\"av-masonry-outerimage-container\"><div class='av-masonry-image-container' style=\"background-image: url(https:\/\/sebraepr.com.br\/soucuritiba\/wp-content\/uploads\/2023\/03\/Caneca-Tabela-Periodica-Paranista-3-705x470.jpg);\"  title=\"Caneca Tabela Peri\u00f3dica Paranista (3)\"  ><\/div><\/div><figcaption class='av-inner-masonry-content site-background'><div class='av-inner-masonry-content-pos'><div class='av-inner-masonry-content-pos-content'><div class='avia-arrow'><\/div><h3 class='av-masonry-entry-title entry-title '  itemprop=\"headline\" >Caneca Tabela Peri\u00f3dica Paranista<\/h3><span class='av-masonry-date meta-color updated'>16 de mar\u00e7o de 2023<\/span><span class=\"av-masonry-text-sep text-sep-author\">\/<\/span><span class='av-masonry-author meta-color author'><span class='fn'>por Antonio Manente Neto<\/span><\/span><\/div><\/div><\/figcaption><\/figure><\/a><!--end av-masonry entry--><a href=\"https:\/\/sebraepr.com.br\/soucuritiba\/porta-utilidades\/\"  id='av-masonry-1-item-3739' data-av-masonry-item='3739' class='av-masonry-entry isotope-item post-3739 post type-post status-publish format-standard has-post-thumbnail hentry category-marcia-zelak-agottani tag-porta-utilidades  av-masonry-item-with-image' title=\"Porta utilidades 2\"  itemscope=\"itemscope\" itemtype=\"https:\/\/schema.org\/CreativeWork\" ><div class='av-inner-masonry-sizer'><\/div><figure class='av-inner-masonry main_color'><div class=\"av-masonry-outerimage-container\"><div class='av-masonry-image-container' style=\"background-image: url(https:\/\/sebraepr.com.br\/soucuritiba\/wp-content\/uploads\/2023\/03\/Porta-utilidades-2-705x470.jpg);\"  title=\"Porta utilidades 2\"  ><\/div><\/div><figcaption class='av-inner-masonry-content site-background'><div class='av-inner-masonry-content-pos'><div class='av-inner-masonry-content-pos-content'><div class='avia-arrow'><\/div><h3 class='av-masonry-entry-title entry-title '  itemprop=\"headline\" >Porta Utilidades<\/h3><span class='av-masonry-date meta-color updated'>16 de mar\u00e7o de 2023<\/span><span class=\"av-masonry-text-sep text-sep-author\">\/<\/span><span class='av-masonry-author meta-color author'><span class='fn'>por Antonio Manente Neto<\/span><\/span><\/div><\/div><\/figcaption><\/figure><\/a><!--end av-masonry entry--><a href=\"https:\/\/sebraepr.com.br\/soucuritiba\/caderno-de-colorir-descobrindo-curitiba\/\"  id='av-masonry-1-item-5223' data-av-masonry-item='5223' class='av-masonry-entry isotope-item post-5223 post type-post status-publish format-standard has-post-thumbnail hentry category-elisangela-barbosa-e-dandara-barbosa tag-caderno-para-colorir  av-masonry-item-with-image' title=\"Caderno de Colorir Descobrindo Curitiba2\"  itemscope=\"itemscope\" itemtype=\"https:\/\/schema.org\/CreativeWork\" ><div class='av-inner-masonry-sizer'><\/div><figure class='av-inner-masonry main_color'><div class=\"av-masonry-outerimage-container\"><div class='av-masonry-image-container' style=\"background-image: url(https:\/\/sebraepr.com.br\/soucuritiba\/wp-content\/uploads\/2025\/09\/Caderno-de-Colorir-Descobrindo-Curitiba2-705x467.jpg);\"  title=\"Caderno de Colorir Descobrindo Curitiba2\"  ><\/div><\/div><figcaption class='av-inner-masonry-content site-background'><div class='av-inner-masonry-content-pos'><div class='av-inner-masonry-content-pos-content'><div class='avia-arrow'><\/div><h3 class='av-masonry-entry-title entry-title '  itemprop=\"headline\" >Caderno de Colorir Descobrindo Curitiba<\/h3><span class='av-masonry-date meta-color updated'>17 de setembro de 2025<\/span><span class=\"av-masonry-text-sep text-sep-author\">\/<\/span><span class='av-masonry-author meta-color author'><span class='fn'>por Antonio Manente Neto<\/span><\/span><\/div><\/div><\/figcaption><\/figure><\/a><!--end av-masonry entry--><a href=\"https:\/\/sebraepr.com.br\/soucuritiba\/camisetas-cwb\/\"  id='av-masonry-1-item-4180' data-av-masonry-item='4180' class='av-masonry-entry isotope-item post-4180 post type-post status-publish format-standard has-post-thumbnail hentry category-bruno-yamada-zambenedetti tag-camiseta  av-masonry-item-with-image' title=\"Camisetas CWB\"  itemscope=\"itemscope\" itemtype=\"https:\/\/schema.org\/CreativeWork\" ><div class='av-inner-masonry-sizer'><\/div><figure class='av-inner-masonry main_color'><div class=\"av-masonry-outerimage-container\"><div class='av-masonry-image-container' style=\"background-image: url(https:\/\/sebraepr.com.br\/soucuritiba\/wp-content\/uploads\/2024\/09\/Camisetas-CWB-705x470.jpg);\"  title=\"Camisetas CWB\"  ><\/div><\/div><figcaption class='av-inner-masonry-content site-background'><div class='av-inner-masonry-content-pos'><div class='av-inner-masonry-content-pos-content'><div class='avia-arrow'><\/div><h3 class='av-masonry-entry-title entry-title '  itemprop=\"headline\" >Camisetas CWB<\/h3><span class='av-masonry-date meta-color updated'>17 de setembro de 2024<\/span><span class=\"av-masonry-text-sep text-sep-author\">\/<\/span><span class='av-masonry-author meta-color author'><span class='fn'>por Antonio Manente Neto<\/span><\/span><\/div><\/div><\/figcaption><\/figure><\/a><!--end av-masonry entry--><a href=\"https:\/\/sebraepr.com.br\/soucuritiba\/mocho-desmontavel-capivara\/\"  id='av-masonry-1-item-4556' data-av-masonry-item='4556' class='av-masonry-entry isotope-item post-4556 post type-post status-publish format-standard has-post-thumbnail hentry category-valeska-catani-produto tag-capivara tag-mocho  av-masonry-item-with-image' title=\"Mocho Desmont\u00e1vel Capivara\"  itemscope=\"itemscope\" itemtype=\"https:\/\/schema.org\/CreativeWork\" ><div class='av-inner-masonry-sizer'><\/div><figure class='av-inner-masonry main_color'><div class=\"av-masonry-outerimage-container\"><div class='av-masonry-image-container' style=\"background-image: url(https:\/\/sebraepr.com.br\/soucuritiba\/wp-content\/uploads\/2024\/10\/Mocho-Desmontavel-Capivara-705x469.jpg);\"  title=\"Mocho Desmont\u00e1vel Capivara\"  ><\/div><\/div><figcaption class='av-inner-masonry-content site-background'><div class='av-inner-masonry-content-pos'><div class='av-inner-masonry-content-pos-content'><div class='avia-arrow'><\/div><h3 class='av-masonry-entry-title entry-title '  itemprop=\"headline\" >Mocho Desmont\u00e1vel Capivara<\/h3><span class='av-masonry-date meta-color updated'>15 de outubro de 2024<\/span><span class=\"av-masonry-text-sep text-sep-author\">\/<\/span><span class='av-masonry-author meta-color author'><span class='fn'>por Antonio Manente Neto<\/span><\/span><\/div><\/div><\/figcaption><\/figure><\/a><!--end av-masonry entry--><a href=\"https:\/\/sebraepr.com.br\/soucuritiba\/copo-biarticulado\/\"  id='av-masonry-1-item-3636' data-av-masonry-item='3636' class='av-masonry-entry isotope-item post-3636 post type-post status-publish format-standard has-post-thumbnail hentry category-brenda-niewiorowski tag-copo  av-masonry-item-with-image' title=\"Copo Biarticulado (2)\"  itemscope=\"itemscope\" itemtype=\"https:\/\/schema.org\/CreativeWork\" ><div class='av-inner-masonry-sizer'><\/div><figure class='av-inner-masonry main_color'><div class=\"av-masonry-outerimage-container\"><div class='av-masonry-image-container' style=\"background-image: url(https:\/\/sebraepr.com.br\/soucuritiba\/wp-content\/uploads\/2023\/03\/Copo-Biarticulado-2-705x470.jpg);\"  title=\"Copo Biarticulado (2)\"  ><\/div><\/div><figcaption class='av-inner-masonry-content site-background'><div class='av-inner-masonry-content-pos'><div class='av-inner-masonry-content-pos-content'><div class='avia-arrow'><\/div><h3 class='av-masonry-entry-title entry-title '  itemprop=\"headline\" >Copo Biarticulado<\/h3><span class='av-masonry-date meta-color updated'>15 de mar\u00e7o de 2023<\/span><span class=\"av-masonry-text-sep text-sep-author\">\/<\/span><span class='av-masonry-author meta-color author'><span class='fn'>por Antonio Manente Neto<\/span><\/span><\/div><\/div><\/figcaption><\/figure><\/a><!--end av-masonry entry--><a href=\"https:\/\/sebraepr.com.br\/soucuritiba\/botons-cwb\/\"  id='av-masonry-1-item-4195' data-av-masonry-item='4195' class='av-masonry-entry isotope-item post-4195 post type-post status-publish format-standard has-post-thumbnail hentry category-bruno-yamada-zambenedetti tag-boton  av-masonry-item-with-image' title=\"Bottons CWB\"  itemscope=\"itemscope\" itemtype=\"https:\/\/schema.org\/CreativeWork\" ><div class='av-inner-masonry-sizer'><\/div><figure class='av-inner-masonry main_color'><div class=\"av-masonry-outerimage-container\"><div class='av-masonry-image-container' style=\"background-image: url(https:\/\/sebraepr.com.br\/soucuritiba\/wp-content\/uploads\/2024\/09\/Bottons-CWB-705x470.jpg);\"  title=\"Bottons CWB\"  ><\/div><\/div><figcaption class='av-inner-masonry-content site-background'><div class='av-inner-masonry-content-pos'><div class='av-inner-masonry-content-pos-content'><div class='avia-arrow'><\/div><h3 class='av-masonry-entry-title entry-title '  itemprop=\"headline\" >Botons CWB<\/h3><span class='av-masonry-date meta-color updated'>17 de setembro de 2024<\/span><span class=\"av-masonry-text-sep text-sep-author\">\/<\/span><span class='av-masonry-author meta-color author'><span class='fn'>por Antonio Manente Neto<\/span><\/span><\/div><\/div><\/figcaption><\/figure><\/a><!--end av-masonry entry--><a href=\"https:\/\/sebraepr.com.br\/soucuritiba\/macrame-pixel-i-love-cwb\/\"  id='av-masonry-1-item-4562' data-av-masonry-item='4562' class='av-masonry-entry isotope-item post-4562 post type-post status-publish format-standard has-post-thumbnail hentry category-vanessa-luhasievz tag-capivara tag-macrame  av-masonry-item-with-image' title=\"Pixel Love\"  itemscope=\"itemscope\" itemtype=\"https:\/\/schema.org\/CreativeWork\" ><div class='av-inner-masonry-sizer'><\/div><figure class='av-inner-masonry main_color'><div class=\"av-masonry-outerimage-container\"><div class='av-masonry-image-container' style=\"background-image: url(https:\/\/sebraepr.com.br\/soucuritiba\/wp-content\/uploads\/2024\/10\/Pixel-Love-470x705.jpg);\"  title=\"Pixel Love\"  ><\/div><\/div><figcaption class='av-inner-masonry-content site-background'><div class='av-inner-masonry-content-pos'><div class='av-inner-masonry-content-pos-content'><div class='avia-arrow'><\/div><h3 class='av-masonry-entry-title entry-title '  itemprop=\"headline\" >Macram\u00ea Pixel I Love CWB<\/h3><span class='av-masonry-date meta-color updated'>15 de outubro de 2024<\/span><span class=\"av-masonry-text-sep text-sep-author\">\/<\/span><span class='av-masonry-author meta-color author'><span class='fn'>por Antonio Manente Neto<\/span><\/span><\/div><\/div><\/figcaption><\/figure><\/a><!--end av-masonry entry--><a href=\"https:\/\/sebraepr.com.br\/soucuritiba\/capirava-agarradinho\/\"  id='av-masonry-1-item-5283' data-av-masonry-item='5283' class='av-masonry-entry isotope-item post-5283 post type-post status-publish format-standard has-post-thumbnail hentry category-monica-farias-mota tag-capivara  av-masonry-item-with-image' title=\"Capivara Agarradinho\"  itemscope=\"itemscope\" itemtype=\"https:\/\/schema.org\/CreativeWork\" ><div class='av-inner-masonry-sizer'><\/div><figure class='av-inner-masonry main_color'><div class=\"av-masonry-outerimage-container\"><div class='av-masonry-image-container' style=\"background-image: url(https:\/\/sebraepr.com.br\/soucuritiba\/wp-content\/uploads\/2025\/09\/Capivara-Agarradinho-705x476.jpg);\"  title=\"Capivara Agarradinho\"  ><\/div><\/div><figcaption class='av-inner-masonry-content site-background'><div class='av-inner-masonry-content-pos'><div class='av-inner-masonry-content-pos-content'><div class='avia-arrow'><\/div><h3 class='av-masonry-entry-title entry-title '  itemprop=\"headline\" >Capirava Agarradinho<\/h3><span class='av-masonry-date meta-color updated'>17 de setembro de 2025<\/span><span class=\"av-masonry-text-sep text-sep-author\">\/<\/span><span class='av-masonry-author meta-color author'><span class='fn'>por Antonio Manente Neto<\/span><\/span><\/div><\/div><\/figcaption><\/figure><\/a><!--end av-masonry entry--><a href=\"https:\/\/sebraepr.com.br\/soucuritiba\/turistando-em-curitiba-marca-pagina\/\"  id='av-masonry-1-item-4277' data-av-masonry-item='4277' class='av-masonry-entry isotope-item post-4277 post type-post status-publish format-standard has-post-thumbnail hentry category-georgia-collete-cadamuro tag-marca-pagina  av-masonry-item-with-image' title=\"Turistando em Curitiba \u2013 Marca P\u00e1gina\"  itemscope=\"itemscope\" itemtype=\"https:\/\/schema.org\/CreativeWork\" ><div class='av-inner-masonry-sizer'><\/div><figure class='av-inner-masonry main_color'><div class=\"av-masonry-outerimage-container\"><div class='av-masonry-image-container' style=\"background-image: url(https:\/\/sebraepr.com.br\/soucuritiba\/wp-content\/uploads\/2024\/10\/Turistando-em-Curitiba-\u2013-Marca-Pagina-705x470.jpg);\"  title=\"Turistando em Curitiba \u2013 Marca P\u00e1gina\"  ><\/div><\/div><figcaption class='av-inner-masonry-content site-background'><div class='av-inner-masonry-content-pos'><div class='av-inner-masonry-content-pos-content'><div class='avia-arrow'><\/div><h3 class='av-masonry-entry-title entry-title '  itemprop=\"headline\" >Turistando em Curitiba \u2013 Marca P\u00e1gina<\/h3><span class='av-masonry-date meta-color updated'>7 de outubro de 2024<\/span><span class=\"av-masonry-text-sep text-sep-author\">\/<\/span><span class='av-masonry-author meta-color author'><span class='fn'>por Antonio Manente Neto<\/span><\/span><\/div><\/div><\/figcaption><\/figure><\/a><!--end av-masonry entry--><a href=\"https:\/\/sebraepr.com.br\/soucuritiba\/baralho-da-sorte\/\"  id='av-masonry-1-item-5299' data-av-masonry-item='5299' class='av-masonry-entry isotope-item post-5299 post type-post status-publish format-standard has-post-thumbnail hentry category-nicelma-ratim tag-baralho tag-capivara  av-masonry-item-with-image' title=\"Baralho da Sorte\"  itemscope=\"itemscope\" itemtype=\"https:\/\/schema.org\/CreativeWork\" ><div class='av-inner-masonry-sizer'><\/div><figure class='av-inner-masonry main_color'><div class=\"av-masonry-outerimage-container\"><div class='av-masonry-image-container' style=\"background-image: url(https:\/\/sebraepr.com.br\/soucuritiba\/wp-content\/uploads\/2025\/09\/Baralho-da-Sorte-705x538.jpg);\"  title=\"Baralho da Sorte\"  ><\/div><\/div><figcaption class='av-inner-masonry-content site-background'><div class='av-inner-masonry-content-pos'><div class='av-inner-masonry-content-pos-content'><div class='avia-arrow'><\/div><h3 class='av-masonry-entry-title entry-title '  itemprop=\"headline\" >Baralho da Sorte<\/h3><span class='av-masonry-date meta-color updated'>17 de setembro de 2025<\/span><span class=\"av-masonry-text-sep text-sep-author\">\/<\/span><span class='av-masonry-author meta-color author'><span class='fn'>por Antonio Manente Neto<\/span><\/span><\/div><\/div><\/figcaption><\/figure><\/a><!--end av-masonry entry--><a href=\"https:\/\/sebraepr.com.br\/soucuritiba\/kit-curitiba-em-camadas\/\"  id='av-masonry-1-item-4539' data-av-masonry-item='4539' class='av-masonry-entry isotope-item post-4539 post type-post status-publish format-standard has-post-thumbnail hentry category-tiago-cardoso-e-gabriela-pereira tag-capivara tag-estampa  av-masonry-item-with-image' title=\"Kit Curitiba em Camadas2\"  itemscope=\"itemscope\" itemtype=\"https:\/\/schema.org\/CreativeWork\" ><div class='av-inner-masonry-sizer'><\/div><figure class='av-inner-masonry main_color'><div class=\"av-masonry-outerimage-container\"><div class='av-masonry-image-container' style=\"background-image: url(https:\/\/sebraepr.com.br\/soucuritiba\/wp-content\/uploads\/2024\/10\/Kit-Curitiba-em-Camadas2-470x705.jpg);\"  title=\"Kit Curitiba em Camadas2\"  ><\/div><\/div><figcaption class='av-inner-masonry-content site-background'><div class='av-inner-masonry-content-pos'><div class='av-inner-masonry-content-pos-content'><div class='avia-arrow'><\/div><h3 class='av-masonry-entry-title entry-title '  itemprop=\"headline\" >Kit Curitiba em Camadas<\/h3><span class='av-masonry-date meta-color updated'>10 de outubro de 2024<\/span><span class=\"av-masonry-text-sep text-sep-author\">\/<\/span><span class='av-masonry-author meta-color author'><span class='fn'>por Antonio Manente Neto<\/span><\/span><\/div><\/div><\/figcaption><\/figure><\/a><!--end av-masonry entry--><a href=\"https:\/\/sebraepr.com.br\/soucuritiba\/botton-curitiba-lovers-coracao\/\"  id='av-masonry-1-item-5177' data-av-masonry-item='5177' class='av-masonry-entry isotope-item post-5177 post type-post status-publish format-standard has-post-thumbnail hentry category-anelise-bittencourt-gerceski tag-boton  av-masonry-item-with-image' title=\"Botton Curitiba Lovers Cora\u00e7\u00e3o\"  itemscope=\"itemscope\" itemtype=\"https:\/\/schema.org\/CreativeWork\" ><div class='av-inner-masonry-sizer'><\/div><figure class='av-inner-masonry main_color'><div class=\"av-masonry-outerimage-container\"><div class='av-masonry-image-container' style=\"background-image: url(https:\/\/sebraepr.com.br\/soucuritiba\/wp-content\/uploads\/2025\/09\/Botton-Curitiba-Lovers-Coracao-705x466.jpg);\"  title=\"Botton Curitiba Lovers Cora\u00e7\u00e3o\"  ><\/div><\/div><figcaption class='av-inner-masonry-content site-background'><div class='av-inner-masonry-content-pos'><div class='av-inner-masonry-content-pos-content'><div class='avia-arrow'><\/div><h3 class='av-masonry-entry-title entry-title '  itemprop=\"headline\" >Botton Curitiba Lovers Cora\u00e7\u00e3o<\/h3><span class='av-masonry-date meta-color updated'>17 de setembro de 2025<\/span><span class=\"av-masonry-text-sep text-sep-author\">\/<\/span><span class='av-masonry-author meta-color author'><span class='fn'>por Antonio Manente Neto<\/span><\/span><\/div><\/div><\/figcaption><\/figure><\/a><!--end av-masonry entry--><a href=\"https:\/\/sebraepr.com.br\/soucuritiba\/mini-pratinho-capi\/\"  id='av-masonry-1-item-4523' data-av-masonry-item='4523' class='av-masonry-entry isotope-item post-4523 post type-post status-publish format-standard has-post-thumbnail hentry category-taylana-ribeiro-de-souza tag-capivara tag-pratinho  av-masonry-item-with-image' title=\"Mini Pratinho Capi2\"  itemscope=\"itemscope\" itemtype=\"https:\/\/schema.org\/CreativeWork\" ><div class='av-inner-masonry-sizer'><\/div><figure class='av-inner-masonry main_color'><div class=\"av-masonry-outerimage-container\"><div class='av-masonry-image-container' style=\"background-image: url(https:\/\/sebraepr.com.br\/soucuritiba\/wp-content\/uploads\/2024\/10\/Mini-Pratinho-Capi2.jpg);\"  title=\"Mini Pratinho Capi2\"  ><\/div><\/div><figcaption class='av-inner-masonry-content site-background'><div class='av-inner-masonry-content-pos'><div class='av-inner-masonry-content-pos-content'><div class='avia-arrow'><\/div><h3 class='av-masonry-entry-title entry-title '  itemprop=\"headline\" >Mini Pratinho Capi<\/h3><span class='av-masonry-date meta-color updated'>10 de outubro de 2024<\/span><span class=\"av-masonry-text-sep text-sep-author\">\/<\/span><span class='av-masonry-author meta-color author'><span class='fn'>por Antonio Manente Neto<\/span><\/span><\/div><\/div><\/figcaption><\/figure><\/a><!--end av-masonry entry--><a href=\"https:\/\/sebraepr.com.br\/soucuritiba\/caderno-costura-copta-tecido-linho\/\"  id='av-masonry-1-item-4398' data-av-masonry-item='4398' class='av-masonry-entry isotope-item post-4398 post type-post status-publish format-standard has-post-thumbnail hentry category-marcia-zelak-agottani tag-caderneta  av-masonry-item-with-image' title=\"Caderno Costura Copta Tecido Linho\"  itemscope=\"itemscope\" itemtype=\"https:\/\/schema.org\/CreativeWork\" ><div class='av-inner-masonry-sizer'><\/div><figure class='av-inner-masonry main_color'><div class=\"av-masonry-outerimage-container\"><div class='av-masonry-image-container' style=\"background-image: url(https:\/\/sebraepr.com.br\/soucuritiba\/wp-content\/uploads\/2024\/10\/Caderno-Costura-Copta-Tecido-Linho-705x470.jpg);\"  title=\"Caderno Costura Copta Tecido Linho\"  ><\/div><\/div><figcaption class='av-inner-masonry-content site-background'><div class='av-inner-masonry-content-pos'><div class='av-inner-masonry-content-pos-content'><div class='avia-arrow'><\/div><h3 class='av-masonry-entry-title entry-title '  itemprop=\"headline\" >Caderno Costura Copta \u2013 Tecido Linho<\/h3><span class='av-masonry-date meta-color updated'>7 de outubro de 2024<\/span><span class=\"av-masonry-text-sep text-sep-author\">\/<\/span><span class='av-masonry-author meta-color author'><span class='fn'>por Antonio Manente Neto<\/span><\/span><\/div><\/div><\/figcaption><\/figure><\/a><!--end av-masonry entry--><a href=\"https:\/\/sebraepr.com.br\/soucuritiba\/casinhas-fachadas-do-largo-da-ordem\/\"  id='av-masonry-1-item-4487' data-av-masonry-item='4487' class='av-masonry-entry isotope-item post-4487 post type-post status-publish format-standard has-post-thumbnail hentry category-pedro-fernando-czarneski tag-casinhas tag-largo-da-ordem  av-masonry-item-with-image' title=\"Casinhas Fachadas do Largo da Ordem\"  itemscope=\"itemscope\" itemtype=\"https:\/\/schema.org\/CreativeWork\" ><div class='av-inner-masonry-sizer'><\/div><figure class='av-inner-masonry main_color'><div class=\"av-masonry-outerimage-container\"><div class='av-masonry-image-container' style=\"background-image: url(https:\/\/sebraepr.com.br\/soucuritiba\/wp-content\/uploads\/2024\/10\/Casinhas-Fachadas-do-Largo-da-Ordem-705x381.jpg);\"  title=\"Casinhas Fachadas do Largo da Ordem\"  ><\/div><\/div><figcaption class='av-inner-masonry-content site-background'><div class='av-inner-masonry-content-pos'><div class='av-inner-masonry-content-pos-content'><div class='avia-arrow'><\/div><h3 class='av-masonry-entry-title entry-title '  itemprop=\"headline\" >Casinhas Fachadas do Largo da Ordem<\/h3><span class='av-masonry-date meta-color updated'>10 de outubro de 2024<\/span><span class=\"av-masonry-text-sep text-sep-author\">\/<\/span><span class='av-masonry-author meta-color author'><span class='fn'>por Antonio Manente Neto<\/span><\/span><\/div><\/div><\/figcaption><\/figure><\/a><!--end av-masonry entry--><a href=\"https:\/\/sebraepr.com.br\/soucuritiba\/placa-decorativa-de-metal\/\"  id='av-masonry-1-item-5204' data-av-masonry-item='5204' class='av-masonry-entry isotope-item post-5204 post type-post status-publish format-standard has-post-thumbnail hentry category-artur-barrera-e-gabriel-estevinho tag-metal tag-placas  av-masonry-item-with-image' title=\"Placa Decorativa de Metal\"  itemscope=\"itemscope\" itemtype=\"https:\/\/schema.org\/CreativeWork\" ><div class='av-inner-masonry-sizer'><\/div><figure class='av-inner-masonry main_color'><div class=\"av-masonry-outerimage-container\"><div class='av-masonry-image-container' style=\"background-image: url(https:\/\/sebraepr.com.br\/soucuritiba\/wp-content\/uploads\/2025\/09\/Placa-Decorativa-de-Metal-626x705.jpg);\"  title=\"Placa Decorativa de Metal\"  ><\/div><\/div><figcaption class='av-inner-masonry-content site-background'><div class='av-inner-masonry-content-pos'><div class='av-inner-masonry-content-pos-content'><div class='avia-arrow'><\/div><h3 class='av-masonry-entry-title entry-title '  itemprop=\"headline\" >Placa Decorativa de Metal<\/h3><span class='av-masonry-date meta-color updated'>17 de setembro de 2025<\/span><span class=\"av-masonry-text-sep text-sep-author\">\/<\/span><span class='av-masonry-author meta-color author'><span class='fn'>por Antonio Manente Neto<\/span><\/span><\/div><\/div><\/figcaption><\/figure><\/a><!--end av-masonry entry--><a href=\"https:\/\/sebraepr.com.br\/soucuritiba\/blends-curitibanos\/\"  id='av-masonry-1-item-4137' data-av-masonry-item='4137' class='av-masonry-entry isotope-item post-4137 post type-post status-publish format-standard has-post-thumbnail hentry category-alessandra-gebur-kuster tag-cha  av-masonry-item-with-image' title=\"Blends Curitibanos\"  itemscope=\"itemscope\" itemtype=\"https:\/\/schema.org\/CreativeWork\" ><div class='av-inner-masonry-sizer'><\/div><figure class='av-inner-masonry main_color'><div class=\"av-masonry-outerimage-container\"><div class='av-masonry-image-container' style=\"background-image: url(https:\/\/sebraepr.com.br\/soucuritiba\/wp-content\/uploads\/2024\/09\/Blends-Curitibanos-705x470.jpg);\"  title=\"Blends Curitibanos\"  ><\/div><\/div><figcaption class='av-inner-masonry-content site-background'><div class='av-inner-masonry-content-pos'><div class='av-inner-masonry-content-pos-content'><div class='avia-arrow'><\/div><h3 class='av-masonry-entry-title entry-title '  itemprop=\"headline\" >Blends Curitibanos<\/h3><span class='av-masonry-date meta-color updated'>17 de setembro de 2024<\/span><span class=\"av-masonry-text-sep text-sep-author\">\/<\/span><span class='av-masonry-author meta-color author'><span class='fn'>por Antonio Manente Neto<\/span><\/span><\/div><\/div><\/figcaption><\/figure><\/a><!--end av-masonry entry--><a href=\"https:\/\/sebraepr.com.br\/soucuritiba\/chaveiro-capivara\/\"  id='av-masonry-1-item-5132' data-av-masonry-item='5132' class='av-masonry-entry isotope-item post-5132 post type-post status-publish format-standard has-post-thumbnail hentry category-adriana-laurindo-de-oliveira tag-capivara tag-chaveiro  av-masonry-item-with-image' title=\"Chaveiro Capivara\"  itemscope=\"itemscope\" itemtype=\"https:\/\/schema.org\/CreativeWork\" ><div class='av-inner-masonry-sizer'><\/div><figure class='av-inner-masonry main_color'><div class=\"av-masonry-outerimage-container\"><div class='av-masonry-image-container' style=\"background-image: url(https:\/\/sebraepr.com.br\/soucuritiba\/wp-content\/uploads\/2025\/09\/Chaveiro-Capivara-705x472.jpg);\"  title=\"Chaveiro Capivara\"  ><\/div><\/div><figcaption class='av-inner-masonry-content site-background'><div class='av-inner-masonry-content-pos'><div class='av-inner-masonry-content-pos-content'><div class='avia-arrow'><\/div><h3 class='av-masonry-entry-title entry-title '  itemprop=\"headline\" >Chaveiro Capivara<\/h3><span class='av-masonry-date meta-color updated'>17 de setembro de 2025<\/span><span class=\"av-masonry-text-sep text-sep-author\">\/<\/span><span class='av-masonry-author meta-color author'><span class='fn'>por Antonio Manente Neto<\/span><\/span><\/div><\/div><\/figcaption><\/figure><\/a><!--end av-masonry entry--><a href=\"https:\/\/sebraepr.com.br\/soucuritiba\/regua-de-crescimento-colecao-familia-capivara\/\"  id='av-masonry-1-item-4553' data-av-masonry-item='4553' class='av-masonry-entry isotope-item post-4553 post type-post status-publish format-standard has-post-thumbnail hentry category-valeska-catani-produto tag-regua-de-crescimento  av-masonry-item-with-image' title=\"R\u00e9gua de Crescimento Cole\u00e7\u00e3o Fam\u00edlia Capivara\"  itemscope=\"itemscope\" itemtype=\"https:\/\/schema.org\/CreativeWork\" ><div class='av-inner-masonry-sizer'><\/div><figure class='av-inner-masonry main_color'><div class=\"av-masonry-outerimage-container\"><div class='av-masonry-image-container' style=\"background-image: url(https:\/\/sebraepr.com.br\/soucuritiba\/wp-content\/uploads\/2024\/10\/Regua-de-Crescimento-Colecao-Familia-Capivara-470x705.jpg);\"  title=\"R\u00e9gua de Crescimento Cole\u00e7\u00e3o Fam\u00edlia Capivara\"  ><\/div><\/div><figcaption class='av-inner-masonry-content site-background'><div class='av-inner-masonry-content-pos'><div class='av-inner-masonry-content-pos-content'><div class='avia-arrow'><\/div><h3 class='av-masonry-entry-title entry-title '  itemprop=\"headline\" >R\u00e9gua de Crescimento Cole\u00e7\u00e3o Fam\u00edlia Capivara<\/h3><span class='av-masonry-date meta-color updated'>15 de outubro de 2024<\/span><span class=\"av-masonry-text-sep text-sep-author\">\/<\/span><span class='av-masonry-author meta-color author'><span class='fn'>por Antonio Manente Neto<\/span><\/span><\/div><\/div><\/figcaption><\/figure><\/a><!--end av-masonry entry--><a href=\"https:\/\/sebraepr.com.br\/soucuritiba\/porta-copos-do-patrimonio\/\"  id='av-masonry-1-item-5239' data-av-masonry-item='5239' class='av-masonry-entry isotope-item post-5239 post type-post status-publish format-standard has-post-thumbnail hentry category-giovanna-thais-m-alves tag-patrimonio tag-porta-copos  av-masonry-item-with-image' title=\"Porta Copos Patrim\u00f4nio\"  itemscope=\"itemscope\" itemtype=\"https:\/\/schema.org\/CreativeWork\" ><div class='av-inner-masonry-sizer'><\/div><figure class='av-inner-masonry main_color'><div class=\"av-masonry-outerimage-container\"><div class='av-masonry-image-container' style=\"background-image: url(https:\/\/sebraepr.com.br\/soucuritiba\/wp-content\/uploads\/2025\/09\/Porta-Copos-Patrimonio-705x468.jpg);\"  title=\"Porta Copos Patrim\u00f4nio\"  ><\/div><\/div><figcaption class='av-inner-masonry-content site-background'><div class='av-inner-masonry-content-pos'><div class='av-inner-masonry-content-pos-content'><div class='avia-arrow'><\/div><h3 class='av-masonry-entry-title entry-title '  itemprop=\"headline\" >Porta Copos do Patrim\u00f4nio<\/h3><span class='av-masonry-date meta-color updated'>17 de setembro de 2025<\/span><span class=\"av-masonry-text-sep text-sep-author\">\/<\/span><span class='av-masonry-author meta-color author'><span class='fn'>por Antonio Manente Neto<\/span><\/span><\/div><\/div><\/figcaption><\/figure><\/a><!--end av-masonry entry--><a href=\"https:\/\/sebraepr.com.br\/soucuritiba\/colar-pinhao-em-prata\/\"  id='av-masonry-1-item-4204' data-av-masonry-item='4204' class='av-masonry-entry isotope-item post-4204 post type-post status-publish format-standard has-post-thumbnail hentry category-carolina-pereira-bastos tag-colar  av-masonry-item-with-image' title=\"Colar Pinh\u00e3o em Prata\"  itemscope=\"itemscope\" itemtype=\"https:\/\/schema.org\/CreativeWork\" ><div class='av-inner-masonry-sizer'><\/div><figure class='av-inner-masonry main_color'><div class=\"av-masonry-outerimage-container\"><div class='av-masonry-image-container' style=\"background-image: url(https:\/\/sebraepr.com.br\/soucuritiba\/wp-content\/uploads\/2024\/09\/Colar-Pinhao-em-Prata-470x705.jpg);\"  title=\"Colar Pinh\u00e3o em Prata\"  ><\/div><\/div><figcaption class='av-inner-masonry-content site-background'><div class='av-inner-masonry-content-pos'><div class='av-inner-masonry-content-pos-content'><div class='avia-arrow'><\/div><h3 class='av-masonry-entry-title entry-title '  itemprop=\"headline\" >Colar Pinh\u00e3o em Prata<\/h3><span class='av-masonry-date meta-color updated'>18 de setembro de 2024<\/span><span class=\"av-masonry-text-sep text-sep-author\">\/<\/span><span class='av-masonry-author meta-color author'><span class='fn'>por Antonio Manente Neto<\/span><\/span><\/div><\/div><\/figcaption><\/figure><\/a><!--end av-masonry entry--><a href=\"https:\/\/sebraepr.com.br\/soucuritiba\/difusor-de-carro-e-ambiente-em-ceramica\/\"  id='av-masonry-1-item-5273' data-av-masonry-item='5273' class='av-masonry-entry isotope-item post-5273 post type-post status-publish format-standard has-post-thumbnail hentry category-maria-rosana-ceccon tag-ceramica  av-masonry-item-with-image' title=\"Difusor de Carro e Ambiente em Cer\u00e2mica\"  itemscope=\"itemscope\" itemtype=\"https:\/\/schema.org\/CreativeWork\" ><div class='av-inner-masonry-sizer'><\/div><figure class='av-inner-masonry main_color'><div class=\"av-masonry-outerimage-container\"><div class='av-masonry-image-container' style=\"background-image: url(https:\/\/sebraepr.com.br\/soucuritiba\/wp-content\/uploads\/2025\/09\/Difusor-de-Carro-e-Ambiente-em-Ceramica-705x470.jpg);\"  title=\"Difusor de Carro e Ambiente em Cer\u00e2mica\"  ><\/div><\/div><figcaption class='av-inner-masonry-content site-background'><div class='av-inner-masonry-content-pos'><div class='av-inner-masonry-content-pos-content'><div class='avia-arrow'><\/div><h3 class='av-masonry-entry-title entry-title '  itemprop=\"headline\" >Difusor de Carro e Ambiente em Cer\u00e2mica<\/h3><span class='av-masonry-date meta-color updated'>17 de setembro de 2025<\/span><span class=\"av-masonry-text-sep text-sep-author\">\/<\/span><span class='av-masonry-author meta-color author'><span class='fn'>por Antonio Manente Neto<\/span><\/span><\/div><\/div><\/figcaption><\/figure><\/a><!--end av-masonry entry--><a href=\"https:\/\/sebraepr.com.br\/soucuritiba\/jogo-da-memoria-passeio-publico\/\"  id='av-masonry-1-item-4314' data-av-masonry-item='4314' class='av-masonry-entry isotope-item post-4314 post type-post status-publish format-standard has-post-thumbnail hentry category-gloria-maria-gerber-vargas tag-brinquedo tag-jogo  av-masonry-item-with-image' title=\"Jogo da Mem\u00f3ria Passeio P\u00fablico\"  itemscope=\"itemscope\" itemtype=\"https:\/\/schema.org\/CreativeWork\" ><div class='av-inner-masonry-sizer'><\/div><figure class='av-inner-masonry main_color'><div class=\"av-masonry-outerimage-container\"><div class='av-masonry-image-container' style=\"background-image: url(https:\/\/sebraepr.com.br\/soucuritiba\/wp-content\/uploads\/2024\/10\/Jogo-da-Memoria-Passeio-Publico-705x470.jpg);\"  title=\"Jogo da Mem\u00f3ria Passeio P\u00fablico\"  ><\/div><\/div><figcaption class='av-inner-masonry-content site-background'><div class='av-inner-masonry-content-pos'><div class='av-inner-masonry-content-pos-content'><div class='avia-arrow'><\/div><h3 class='av-masonry-entry-title entry-title '  itemprop=\"headline\" >Jogo da Mem\u00f3ria Passeio P\u00fablico<\/h3><span class='av-masonry-date meta-color updated'>7 de outubro de 2024<\/span><span class=\"av-masonry-text-sep text-sep-author\">\/<\/span><span class='av-masonry-author meta-color author'><span class='fn'>por Antonio Manente Neto<\/span><\/span><\/div><\/div><\/figcaption><\/figure><\/a><!--end av-masonry entry--><a href=\"https:\/\/sebraepr.com.br\/soucuritiba\/ima-destinos\/\"  id='av-masonry-1-item-5137' data-av-masonry-item='5137' class='av-masonry-entry isotope-item post-5137 post type-post status-publish format-standard has-post-thumbnail hentry category-adriana-laurindo-de-oliveira tag-ima  av-masonry-item-with-image' title=\"Im\u00e3 Destinos\"  itemscope=\"itemscope\" itemtype=\"https:\/\/schema.org\/CreativeWork\" ><div class='av-inner-masonry-sizer'><\/div><figure class='av-inner-masonry main_color'><div class=\"av-masonry-outerimage-container\"><div class='av-masonry-image-container' style=\"background-image: url(https:\/\/sebraepr.com.br\/soucuritiba\/wp-content\/uploads\/2025\/09\/Ima-Destinos-705x471.jpg);\"  title=\"Im\u00e3 Destinos\"  ><\/div><\/div><figcaption class='av-inner-masonry-content site-background'><div class='av-inner-masonry-content-pos'><div class='av-inner-masonry-content-pos-content'><div class='avia-arrow'><\/div><h3 class='av-masonry-entry-title entry-title '  itemprop=\"headline\" >Im\u00e3 Destinos<\/h3><span class='av-masonry-date meta-color updated'>17 de setembro de 2025<\/span><span class=\"av-masonry-text-sep text-sep-author\">\/<\/span><span class='av-masonry-author meta-color author'><span class='fn'>por Antonio Manente Neto<\/span><\/span><\/div><\/div><\/figcaption><\/figure><\/a><!--end av-masonry entry--><a href=\"https:\/\/sebraepr.com.br\/soucuritiba\/globos-interativos-outono-e-inverno\/\"  id='av-masonry-1-item-5216' data-av-masonry-item='5216' class='av-masonry-entry isotope-item post-5216 post type-post status-publish format-standard has-post-thumbnail hentry category-debora-jorgensen tag-globo  av-masonry-item-with-image' title=\"Globos Interativos Outono e Inverno2\"  itemscope=\"itemscope\" itemtype=\"https:\/\/schema.org\/CreativeWork\" ><div class='av-inner-masonry-sizer'><\/div><figure class='av-inner-masonry main_color'><div class=\"av-masonry-outerimage-container\"><div class='av-masonry-image-container' style=\"background-image: url(https:\/\/sebraepr.com.br\/soucuritiba\/wp-content\/uploads\/2025\/09\/Globos-Interativos-Outono-e-Inverno2-705x466.jpg);\"  title=\"Globos Interativos Outono e Inverno2\"  ><\/div><\/div><figcaption class='av-inner-masonry-content site-background'><div class='av-inner-masonry-content-pos'><div class='av-inner-masonry-content-pos-content'><div class='avia-arrow'><\/div><h3 class='av-masonry-entry-title entry-title '  itemprop=\"headline\" >Globos Interativos Outono e Inverno<\/h3><span class='av-masonry-date meta-color updated'>17 de setembro de 2025<\/span><span class=\"av-masonry-text-sep text-sep-author\">\/<\/span><span class='av-masonry-author meta-color author'><span class='fn'>por Antonio Manente Neto<\/span><\/span><\/div><\/div><\/figcaption><\/figure><\/a><!--end av-masonry entry--><a href=\"https:\/\/sebraepr.com.br\/soucuritiba\/pringente-em-prata-nuvem\/\"  id='av-masonry-1-item-3759' data-av-masonry-item='3759' class='av-masonry-entry isotope-item post-3759 post type-post status-publish format-standard has-post-thumbnail hentry category-salma-nasser tag-pingente tag-prata  av-masonry-item-with-image' title=\"Pringente em prata nuvem\"  itemscope=\"itemscope\" itemtype=\"https:\/\/schema.org\/CreativeWork\" ><div class='av-inner-masonry-sizer'><\/div><figure class='av-inner-masonry main_color'><div class=\"av-masonry-outerimage-container\"><div class='av-masonry-image-container' style=\"background-image: url(https:\/\/sebraepr.com.br\/soucuritiba\/wp-content\/uploads\/2023\/03\/Pringente-em-prata-nuvem-705x470.jpg);\"  title=\"Pringente em prata nuvem\"  ><\/div><\/div><figcaption class='av-inner-masonry-content site-background'><div class='av-inner-masonry-content-pos'><div class='av-inner-masonry-content-pos-content'><div class='avia-arrow'><\/div><h3 class='av-masonry-entry-title entry-title '  itemprop=\"headline\" >Pringente em Prata Nuvem<\/h3><span class='av-masonry-date meta-color updated'>16 de mar\u00e7o de 2023<\/span><span class=\"av-masonry-text-sep text-sep-author\">\/<\/span><span class='av-masonry-author meta-color author'><span class='fn'>por Antonio Manente Neto<\/span><\/span><\/div><\/div><\/figcaption><\/figure><\/a><!--end av-masonry entry--><a href=\"https:\/\/sebraepr.com.br\/soucuritiba\/chaveiros-reflexos-curitiba\/\"  id='av-masonry-1-item-4382' data-av-masonry-item='4382' class='av-masonry-entry isotope-item post-4382 post type-post status-publish format-standard has-post-thumbnail hentry category-lorena-giostri tag-chaveiro  av-masonry-item-with-image' title=\"Chaveiros Reflexos Curitiba2\"  itemscope=\"itemscope\" itemtype=\"https:\/\/schema.org\/CreativeWork\" ><div class='av-inner-masonry-sizer'><\/div><figure class='av-inner-masonry main_color'><div class=\"av-masonry-outerimage-container\"><div class='av-masonry-image-container' style=\"background-image: url(https:\/\/sebraepr.com.br\/soucuritiba\/wp-content\/uploads\/2024\/10\/Chaveiros-Reflexos-Curitiba2-705x470.jpg);\"  title=\"Chaveiros Reflexos Curitiba2\"  ><\/div><\/div><figcaption class='av-inner-masonry-content site-background'><div class='av-inner-masonry-content-pos'><div class='av-inner-masonry-content-pos-content'><div class='avia-arrow'><\/div><h3 class='av-masonry-entry-title entry-title '  itemprop=\"headline\" >Chaveiros Reflexos Curitiba<\/h3><span class='av-masonry-date meta-color updated'>7 de outubro de 2024<\/span><span class=\"av-masonry-text-sep text-sep-author\">\/<\/span><span class='av-masonry-author meta-color author'><span class='fn'>por Antonio Manente Neto<\/span><\/span><\/div><\/div><\/figcaption><\/figure><\/a><!--end av-masonry entry--><a href=\"https:\/\/sebraepr.com.br\/soucuritiba\/xicara-capi-quentao\/\"  id='av-masonry-1-item-4526' data-av-masonry-item='4526' class='av-masonry-entry isotope-item post-4526 post type-post status-publish format-standard has-post-thumbnail hentry category-taylana-ribeiro-de-souza tag-capivara tag-xicara  av-masonry-item-with-image' title=\"X\u00edcara Capi Quent\u00e3o2\"  itemscope=\"itemscope\" itemtype=\"https:\/\/schema.org\/CreativeWork\" ><div class='av-inner-masonry-sizer'><\/div><figure class='av-inner-masonry main_color'><div class=\"av-masonry-outerimage-container\"><div class='av-masonry-image-container' style=\"background-image: url(https:\/\/sebraepr.com.br\/soucuritiba\/wp-content\/uploads\/2024\/10\/Xicara-Capi-Quentao2.jpg);\"  title=\"X\u00edcara Capi Quent\u00e3o2\"  ><\/div><\/div><figcaption class='av-inner-masonry-content site-background'><div class='av-inner-masonry-content-pos'><div class='av-inner-masonry-content-pos-content'><div class='avia-arrow'><\/div><h3 class='av-masonry-entry-title entry-title '  itemprop=\"headline\" >X\u00edcara Capi Quent\u00e3o<\/h3><span class='av-masonry-date meta-color updated'>10 de outubro de 2024<\/span><span class=\"av-masonry-text-sep text-sep-author\">\/<\/span><span class='av-masonry-author meta-color author'><span class='fn'>por Antonio Manente Neto<\/span><\/span><\/div><\/div><\/figcaption><\/figure><\/a><!--end av-masonry entry--><a href=\"https:\/\/sebraepr.com.br\/soucuritiba\/receituario-ima\/\"  id='av-masonry-1-item-5210' data-av-masonry-item='5210' class='av-masonry-entry isotope-item post-5210 post type-post status-publish format-standard has-post-thumbnail hentry category-bianca-paiola-laurenti tag-ima  av-masonry-item-with-image' title=\"Receitu\u00e1rio &#8211; Im\u00e3\"  itemscope=\"itemscope\" itemtype=\"https:\/\/schema.org\/CreativeWork\" ><div class='av-inner-masonry-sizer'><\/div><figure class='av-inner-masonry main_color'><div class=\"av-masonry-outerimage-container\"><div class='av-masonry-image-container' style=\"background-image: url(https:\/\/sebraepr.com.br\/soucuritiba\/wp-content\/uploads\/2025\/09\/Receituario-Ima-705x470.jpg);\"  title=\"Receitu\u00e1rio &#8211; Im\u00e3\"  ><\/div><\/div><figcaption class='av-inner-masonry-content site-background'><div class='av-inner-masonry-content-pos'><div class='av-inner-masonry-content-pos-content'><div class='avia-arrow'><\/div><h3 class='av-masonry-entry-title entry-title '  itemprop=\"headline\" >Receitu\u00e1rio \u00cdm\u00e3<\/h3><span class='av-masonry-date meta-color updated'>17 de setembro de 2025<\/span><span class=\"av-masonry-text-sep text-sep-author\">\/<\/span><span class='av-masonry-author meta-color author'><span class='fn'>por Antonio Manente Neto<\/span><\/span><\/div><\/div><\/figcaption><\/figure><\/a><!--end av-masonry entry--><a href=\"https:\/\/sebraepr.com.br\/soucuritiba\/colecao-jogos-americanos-curitiba-e-as-4-estacoes\/\"  id='av-masonry-1-item-3663' data-av-masonry-item='3663' class='av-masonry-entry isotope-item post-3663 post type-post status-publish format-standard has-post-thumbnail hentry category-cecilia-e-patricia tag-jogo-americano  av-masonry-item-with-image' title=\"Cole\u00e7\u00e3o Jogos Americanos Curitiba e as 4 esta\u00e7\u00f5es (2)\"  itemscope=\"itemscope\" itemtype=\"https:\/\/schema.org\/CreativeWork\" ><div class='av-inner-masonry-sizer'><\/div><figure class='av-inner-masonry main_color'><div class=\"av-masonry-outerimage-container\"><div class='av-masonry-image-container' style=\"background-image: url(https:\/\/sebraepr.com.br\/soucuritiba\/wp-content\/uploads\/2023\/03\/Colecao-Jogos-Americanos-Curitiba-e-as-4-estacoes-2-705x470.jpg);\"  title=\"Cole\u00e7\u00e3o Jogos Americanos Curitiba e as 4 esta\u00e7\u00f5es (2)\"  ><\/div><\/div><figcaption class='av-inner-masonry-content site-background'><div class='av-inner-masonry-content-pos'><div class='av-inner-masonry-content-pos-content'><div class='avia-arrow'><\/div><h3 class='av-masonry-entry-title entry-title '  itemprop=\"headline\" >Cole\u00e7\u00e3o Jogos Americanos Curitiba e as 4 esta\u00e7\u00f5es<\/h3><span class='av-masonry-date meta-color updated'>15 de mar\u00e7o de 2023<\/span><span class=\"av-masonry-text-sep text-sep-author\">\/<\/span><span class='av-masonry-author meta-color author'><span class='fn'>por Antonio Manente Neto<\/span><\/span><\/div><\/div><\/figcaption><\/figure><\/a><!--end av-masonry entry--><a href=\"https:\/\/sebraepr.com.br\/soucuritiba\/kit-petisco-pinhoes-turin\/\"  id='av-masonry-1-item-3672' data-av-masonry-item='3672' class='av-masonry-entry isotope-item post-3672 post type-post status-publish format-standard has-post-thumbnail hentry category-cecilia-e-patricia tag-petisco tag-pinhao  av-masonry-item-with-image' title=\"Kit Petisco Pinh\u00f5es Turin (2)\"  itemscope=\"itemscope\" itemtype=\"https:\/\/schema.org\/CreativeWork\" ><div class='av-inner-masonry-sizer'><\/div><figure class='av-inner-masonry main_color'><div class=\"av-masonry-outerimage-container\"><div class='av-masonry-image-container' style=\"background-image: url(https:\/\/sebraepr.com.br\/soucuritiba\/wp-content\/uploads\/2023\/03\/Kit-Petisco-Pinhoes-Turin-2-705x470.jpg);\"  title=\"Kit Petisco Pinh\u00f5es Turin (2)\"  ><\/div><\/div><figcaption class='av-inner-masonry-content site-background'><div class='av-inner-masonry-content-pos'><div class='av-inner-masonry-content-pos-content'><div class='avia-arrow'><\/div><h3 class='av-masonry-entry-title entry-title '  itemprop=\"headline\" >Kit Petisco Pinh\u00f5es Turin<\/h3><span class='av-masonry-date meta-color updated'>15 de mar\u00e7o de 2023<\/span><span class=\"av-masonry-text-sep text-sep-author\">\/<\/span><span class='av-masonry-author meta-color author'><span class='fn'>por Antonio Manente Neto<\/span><\/span><\/div><\/div><\/figcaption><\/figure><\/a><!--end av-masonry entry--><a href=\"https:\/\/sebraepr.com.br\/soucuritiba\/bolacha-curitiba-no-pote\/\"  id='av-masonry-1-item-4090' data-av-masonry-item='4090' class='av-masonry-entry isotope-item post-4090 post type-post status-publish format-standard has-post-thumbnail hentry category-hellio-e-claudia-broday tag-bolacha  av-masonry-item-with-image' title=\"Bolacha no pode 3\"  itemscope=\"itemscope\" itemtype=\"https:\/\/schema.org\/CreativeWork\" ><div class='av-inner-masonry-sizer'><\/div><figure class='av-inner-masonry main_color'><div class=\"av-masonry-outerimage-container\"><div class='av-masonry-image-container' style=\"background-image: url(https:\/\/sebraepr.com.br\/soucuritiba\/wp-content\/uploads\/2024\/09\/Bolacha-no-pode-3-705x470.jpg);\"  title=\"Bolacha no pode 3\"  ><\/div><\/div><figcaption class='av-inner-masonry-content site-background'><div class='av-inner-masonry-content-pos'><div class='av-inner-masonry-content-pos-content'><div class='avia-arrow'><\/div><h3 class='av-masonry-entry-title entry-title '  itemprop=\"headline\" >Bolacha Curitiba no Pote<\/h3><span class='av-masonry-date meta-color updated'>12 de setembro de 2024<\/span><span class=\"av-masonry-text-sep text-sep-author\">\/<\/span><span class='av-masonry-author meta-color author'><span class='fn'>por Antonio Manente Neto<\/span><\/span><\/div><\/div><\/figcaption><\/figure><\/a><!--end av-masonry entry--><a href=\"https:\/\/sebraepr.com.br\/soucuritiba\/ima-de-geladeira-calcadas-curitibanas\/\"  id='av-masonry-1-item-4357' data-av-masonry-item='4357' class='av-masonry-entry isotope-item post-4357 post type-post status-publish format-standard has-post-thumbnail hentry category-kesia-talisin tag-ima-de-geladeira  av-masonry-item-with-image' title=\"Im\u00e3 de Geladeira Cal\u00e7adas Curitibanas\"  itemscope=\"itemscope\" itemtype=\"https:\/\/schema.org\/CreativeWork\" ><div class='av-inner-masonry-sizer'><\/div><figure class='av-inner-masonry main_color'><div class=\"av-masonry-outerimage-container\"><div class='av-masonry-image-container' style=\"background-image: url(https:\/\/sebraepr.com.br\/soucuritiba\/wp-content\/uploads\/2024\/10\/Ima-de-Geladeira-Calcadas-Curitibanas-705x470.jpg);\"  title=\"Im\u00e3 de Geladeira Cal\u00e7adas Curitibanas\"  ><\/div><\/div><figcaption class='av-inner-masonry-content site-background'><div class='av-inner-masonry-content-pos'><div class='av-inner-masonry-content-pos-content'><div class='avia-arrow'><\/div><h3 class='av-masonry-entry-title entry-title '  itemprop=\"headline\" >Im\u00e3 de Geladeira Cal\u00e7adas Curitibanas<\/h3><span class='av-masonry-date meta-color updated'>7 de outubro de 2024<\/span><span class=\"av-masonry-text-sep text-sep-author\">\/<\/span><span class='av-masonry-author meta-color author'><span class='fn'>por Antonio Manente Neto<\/span><\/span><\/div><\/div><\/figcaption><\/figure><\/a><!--end av-masonry entry--><a href=\"https:\/\/sebraepr.com.br\/soucuritiba\/sua-capivara-4-estacoes-no-mesmo-dia\/\"  id='av-masonry-1-item-4238' data-av-masonry-item='4238' class='av-masonry-entry isotope-item post-4238 post type-post status-publish format-standard has-post-thumbnail hentry category-debora-jorgensen tag-capivara  av-masonry-item-with-image' title=\"Sua Capivara 4 esta\u00e7\u00f5es no mesmo dia\"  itemscope=\"itemscope\" itemtype=\"https:\/\/schema.org\/CreativeWork\" ><div class='av-inner-masonry-sizer'><\/div><figure class='av-inner-masonry main_color'><div class=\"av-masonry-outerimage-container\"><div class='av-masonry-image-container' style=\"background-image: url(https:\/\/sebraepr.com.br\/soucuritiba\/wp-content\/uploads\/2024\/09\/Sua-Capivara-4-estacoes-no-mesmo-dia-705x470.jpg);\"  title=\"Sua Capivara 4 esta\u00e7\u00f5es no mesmo dia\"  ><\/div><\/div><figcaption class='av-inner-masonry-content site-background'><div class='av-inner-masonry-content-pos'><div class='av-inner-masonry-content-pos-content'><div class='avia-arrow'><\/div><h3 class='av-masonry-entry-title entry-title '  itemprop=\"headline\" >Sua Capivara \u2013 4 esta\u00e7\u00f5es no mesmo dia<\/h3><span class='av-masonry-date meta-color updated'>18 de setembro de 2024<\/span><span class=\"av-masonry-text-sep text-sep-author\">\/<\/span><span class='av-masonry-author meta-color author'><span class='fn'>por Antonio Manente Neto<\/span><\/span><\/div><\/div><\/figcaption><\/figure><\/a><!--end av-masonry entry--><a href=\"https:\/\/sebraepr.com.br\/soucuritiba\/chaveiros-selos-cwb\/\"  id='av-masonry-1-item-4221' data-av-masonry-item='4221' class='av-masonry-entry isotope-item post-4221 post type-post status-publish format-standard has-post-thumbnail hentry category-carolina-reader-rempto tag-chaveiro  av-masonry-item-with-image' title=\"Chaveiros Selos CWB\"  itemscope=\"itemscope\" itemtype=\"https:\/\/schema.org\/CreativeWork\" ><div class='av-inner-masonry-sizer'><\/div><figure class='av-inner-masonry main_color'><div class=\"av-masonry-outerimage-container\"><div class='av-masonry-image-container' style=\"background-image: url(https:\/\/sebraepr.com.br\/soucuritiba\/wp-content\/uploads\/2024\/09\/Chaveiros-Selos-CWB-705x470.jpg);\"  title=\"Chaveiros Selos CWB\"  ><\/div><\/div><figcaption class='av-inner-masonry-content site-background'><div class='av-inner-masonry-content-pos'><div class='av-inner-masonry-content-pos-content'><div class='avia-arrow'><\/div><h3 class='av-masonry-entry-title entry-title '  itemprop=\"headline\" >Chaveiros Selos CWB<\/h3><span class='av-masonry-date meta-color updated'>18 de setembro de 2024<\/span><span class=\"av-masonry-text-sep text-sep-author\">\/<\/span><span class='av-masonry-author meta-color author'><span class='fn'>por Antonio Manente Neto<\/span><\/span><\/div><\/div><\/figcaption><\/figure><\/a><!--end av-masonry entry--><a href=\"https:\/\/sebraepr.com.br\/soucuritiba\/porta-recados-fotos-curitiba-em-neve\/\"  id='av-masonry-1-item-4345' data-av-masonry-item='4345' class='av-masonry-entry isotope-item post-4345 post type-post status-publish format-standard has-post-thumbnail hentry category-jamille-figueiredo-e-ricardo-chiapetti tag-porta-recados  av-masonry-item-with-image' title=\"Porta Recado Fotos Curitiba em Neve\"  itemscope=\"itemscope\" itemtype=\"https:\/\/schema.org\/CreativeWork\" ><div class='av-inner-masonry-sizer'><\/div><figure class='av-inner-masonry main_color'><div class=\"av-masonry-outerimage-container\"><div class='av-masonry-image-container' style=\"background-image: url(https:\/\/sebraepr.com.br\/soucuritiba\/wp-content\/uploads\/2024\/10\/Porta-Recado-Fotos-Curitiba-em-Neve-705x470.jpg);\"  title=\"Porta Recado Fotos Curitiba em Neve\"  ><\/div><\/div><figcaption class='av-inner-masonry-content site-background'><div class='av-inner-masonry-content-pos'><div class='av-inner-masonry-content-pos-content'><div class='avia-arrow'><\/div><h3 class='av-masonry-entry-title entry-title '  itemprop=\"headline\" >Porta Recados \/ Fotos Curitiba em Neve<\/h3><span class='av-masonry-date meta-color updated'>7 de outubro de 2024<\/span><span class=\"av-masonry-text-sep text-sep-author\">\/<\/span><span class='av-masonry-author meta-color author'><span class='fn'>por Antonio Manente Neto<\/span><\/span><\/div><\/div><\/figcaption><\/figure><\/a><!--end av-masonry entry--><a href=\"https:\/\/sebraepr.com.br\/soucuritiba\/petit-pinhao-e-petit-opera\/\"  id='av-masonry-1-item-3583' data-av-masonry-item='3583' class='av-masonry-entry isotope-item post-3583 post type-post status-publish format-standard has-post-thumbnail hentry category-diego-bachmann tag-opera-de-arame tag-pinhao  av-masonry-item-with-image' title=\"Petit Pinh\u00e3o e Petit Opera\"  itemscope=\"itemscope\" itemtype=\"https:\/\/schema.org\/CreativeWork\" ><div class='av-inner-masonry-sizer'><\/div><figure class='av-inner-masonry main_color'><div class=\"av-masonry-outerimage-container\"><div class='av-masonry-image-container' style=\"background-image: url(https:\/\/sebraepr.com.br\/soucuritiba\/wp-content\/uploads\/2023\/03\/Petit-Pinhao-e-Petit-Opera-705x470.jpg);\"  title=\"Petit Pinh\u00e3o e Petit Opera\"  ><\/div><\/div><figcaption class='av-inner-masonry-content site-background'><div class='av-inner-masonry-content-pos'><div class='av-inner-masonry-content-pos-content'><div class='avia-arrow'><\/div><h3 class='av-masonry-entry-title entry-title '  itemprop=\"headline\" >Petit Pinh\u00e3o e Petit \u00d3pera<\/h3><span class='av-masonry-date meta-color updated'>14 de mar\u00e7o de 2023<\/span><span class=\"av-masonry-text-sep text-sep-author\">\/<\/span><span class='av-masonry-author meta-color author'><span class='fn'>por Antonio Manente Neto<\/span><\/span><\/div><\/div><\/figcaption><\/figure><\/a><!--end av-masonry entry--><a href=\"https:\/\/sebraepr.com.br\/soucuritiba\/azulejo-estacao-e-ponte-preta-pequeno\/\"  id='av-masonry-1-item-4286' data-av-masonry-item='4286' class='av-masonry-entry isotope-item post-4286 post type-post status-publish format-standard has-post-thumbnail hentry category-giovanna-thais-m-alves tag-azulejos  av-masonry-item-with-image' title=\"Azulejo Esta\u00e7\u00e3o e Ponte Preta Pequeno2\"  itemscope=\"itemscope\" itemtype=\"https:\/\/schema.org\/CreativeWork\" ><div class='av-inner-masonry-sizer'><\/div><figure class='av-inner-masonry main_color'><div class=\"av-masonry-outerimage-container\"><div class='av-masonry-image-container' style=\"background-image: url(https:\/\/sebraepr.com.br\/soucuritiba\/wp-content\/uploads\/2024\/10\/Azulejo-Estacao-e-Ponte-Preta-Pequeno2-705x470.jpg);\"  title=\"Azulejo Esta\u00e7\u00e3o e Ponte Preta Pequeno2\"  ><\/div><\/div><figcaption class='av-inner-masonry-content site-background'><div class='av-inner-masonry-content-pos'><div class='av-inner-masonry-content-pos-content'><div class='avia-arrow'><\/div><h3 class='av-masonry-entry-title entry-title '  itemprop=\"headline\" >Azulejo Esta\u00e7\u00e3o e Ponte Preta Pequeno<\/h3><span class='av-masonry-date meta-color updated'>7 de outubro de 2024<\/span><span class=\"av-masonry-text-sep text-sep-author\">\/<\/span><span class='av-masonry-author meta-color author'><span class='fn'>por Antonio Manente Neto<\/span><\/span><\/div><\/div><\/figcaption><\/figure><\/a><!--end av-masonry entry--><a href=\"https:\/\/sebraepr.com.br\/soucuritiba\/torre-de-hanoi-capivara-no-mundo\/\"  id='av-masonry-1-item-4549' data-av-masonry-item='4549' class='av-masonry-entry isotope-item post-4549 post type-post status-publish format-standard has-post-thumbnail hentry category-valeska-catani-produto tag-brinquedo tag-torre  av-masonry-item-with-image' title=\"Torre de Hanoi Capivara no Mundo\"  itemscope=\"itemscope\" itemtype=\"https:\/\/schema.org\/CreativeWork\" ><div class='av-inner-masonry-sizer'><\/div><figure class='av-inner-masonry main_color'><div class=\"av-masonry-outerimage-container\"><div class='av-masonry-image-container' style=\"background-image: url(https:\/\/sebraepr.com.br\/soucuritiba\/wp-content\/uploads\/2024\/10\/Torre-de-Hanoi-Capivara-no-Mundo-705x470.jpg);\"  title=\"Torre de Hanoi Capivara no Mundo\"  ><\/div><\/div><figcaption class='av-inner-masonry-content site-background'><div class='av-inner-masonry-content-pos'><div class='av-inner-masonry-content-pos-content'><div class='avia-arrow'><\/div><h3 class='av-masonry-entry-title entry-title '  itemprop=\"headline\" >Torre de Hanoi Capivara no Mundo<\/h3><span class='av-masonry-date meta-color updated'>15 de outubro de 2024<\/span><span class=\"av-masonry-text-sep text-sep-author\">\/<\/span><span class='av-masonry-author meta-color author'><span class='fn'>por Antonio Manente Neto<\/span><\/span><\/div><\/div><\/figcaption><\/figure><\/a><!--end av-masonry entry--><a href=\"https:\/\/sebraepr.com.br\/soucuritiba\/gingerbread-cappy-pacote\/\"  id='av-masonry-1-item-4581' data-av-masonry-item='4581' class='av-masonry-entry isotope-item post-4581 post type-post status-publish format-standard has-post-thumbnail hentry category-yuka-nakaba-waki tag-biscoitos tag-capivara  av-masonry-item-with-image' title=\"Inove -248\"  itemscope=\"itemscope\" itemtype=\"https:\/\/schema.org\/CreativeWork\" ><div class='av-inner-masonry-sizer'><\/div><figure class='av-inner-masonry main_color'><div class=\"av-masonry-outerimage-container\"><div class='av-masonry-image-container' style=\"background-image: url(https:\/\/sebraepr.com.br\/soucuritiba\/wp-content\/uploads\/2024\/10\/Inove-248-705x470.jpg);\"  title=\"Inove -248\"  ><\/div><\/div><figcaption class='av-inner-masonry-content site-background'><div class='av-inner-masonry-content-pos'><div class='av-inner-masonry-content-pos-content'><div class='avia-arrow'><\/div><h3 class='av-masonry-entry-title entry-title '  itemprop=\"headline\" >Gingerbread Cappy Pacote<\/h3><span class='av-masonry-date meta-color updated'>15 de outubro de 2024<\/span><span class=\"av-masonry-text-sep text-sep-author\">\/<\/span><span class='av-masonry-author meta-color author'><span class='fn'>por Antonio Manente Neto<\/span><\/span><\/div><\/div><\/figcaption><\/figure><\/a><!--end av-masonry entry--><a href=\"https:\/\/sebraepr.com.br\/soucuritiba\/miniatura-mon\/\"  id='av-masonry-1-item-4265' data-av-masonry-item='4265' class='av-masonry-entry isotope-item post-4265 post type-post status-publish format-standard has-post-thumbnail hentry category-felix-proenca-trindade tag-miniatura  av-masonry-item-with-image' title=\"Miniatura MON\"  itemscope=\"itemscope\" itemtype=\"https:\/\/schema.org\/CreativeWork\" ><div class='av-inner-masonry-sizer'><\/div><figure class='av-inner-masonry main_color'><div class=\"av-masonry-outerimage-container\"><div class='av-masonry-image-container' style=\"background-image: url(https:\/\/sebraepr.com.br\/soucuritiba\/wp-content\/uploads\/2024\/10\/Miniatura-MON-705x470.jpg);\"  title=\"Miniatura MON\"  ><\/div><\/div><figcaption class='av-inner-masonry-content site-background'><div class='av-inner-masonry-content-pos'><div class='av-inner-masonry-content-pos-content'><div class='avia-arrow'><\/div><h3 class='av-masonry-entry-title entry-title '  itemprop=\"headline\" >Miniatura MON<\/h3><span class='av-masonry-date meta-color updated'>7 de outubro de 2024<\/span><span class=\"av-masonry-text-sep text-sep-author\">\/<\/span><span class='av-masonry-author meta-color author'><span class='fn'>por Antonio Manente Neto<\/span><\/span><\/div><\/div><\/figcaption><\/figure><\/a><!--end av-masonry entry--><a href=\"https:\/\/sebraepr.com.br\/soucuritiba\/canecas-curitibanas\/\"  id='av-masonry-1-item-4324' data-av-masonry-item='4324' class='av-masonry-entry isotope-item post-4324 post type-post status-publish format-standard has-post-thumbnail hentry category-heloise-mara-joekel tag-caneca  av-masonry-item-with-image' title=\"Canecas Curitibanas3\"  itemscope=\"itemscope\" itemtype=\"https:\/\/schema.org\/CreativeWork\" ><div class='av-inner-masonry-sizer'><\/div><figure class='av-inner-masonry main_color'><div class=\"av-masonry-outerimage-container\"><div class='av-masonry-image-container' style=\"background-image: url(https:\/\/sebraepr.com.br\/soucuritiba\/wp-content\/uploads\/2024\/10\/Canecas-Curitibanas3-705x470.jpg);\"  title=\"Canecas Curitibanas3\"  ><\/div><\/div><figcaption class='av-inner-masonry-content site-background'><div class='av-inner-masonry-content-pos'><div class='av-inner-masonry-content-pos-content'><div class='avia-arrow'><\/div><h3 class='av-masonry-entry-title entry-title '  itemprop=\"headline\" >Canecas Curitibanas<\/h3><span class='av-masonry-date meta-color updated'>7 de outubro de 2024<\/span><span class=\"av-masonry-text-sep text-sep-author\">\/<\/span><span class='av-masonry-author meta-color author'><span class='fn'>por Antonio Manente Neto<\/span><\/span><\/div><\/div><\/figcaption><\/figure><\/a><!--end av-masonry entry--><a href=\"https:\/\/sebraepr.com.br\/soucuritiba\/kit-mandalas\/\"  id='av-masonry-1-item-3557' data-av-masonry-item='3557' class='av-masonry-entry isotope-item post-3557 post type-post status-publish format-standard has-post-thumbnail hentry category-luciana-claassen tag-mandala  av-masonry-item-with-image' title=\"Kit Mandalas (1)\"  itemscope=\"itemscope\" itemtype=\"https:\/\/schema.org\/CreativeWork\" ><div class='av-inner-masonry-sizer'><\/div><figure class='av-inner-masonry main_color'><div class=\"av-masonry-outerimage-container\"><div class='av-masonry-image-container' style=\"background-image: url(https:\/\/sebraepr.com.br\/soucuritiba\/wp-content\/uploads\/2023\/03\/Kit-Mandalas-1-705x470.jpg);\"  title=\"Kit Mandalas (1)\"  ><\/div><\/div><figcaption class='av-inner-masonry-content site-background'><div class='av-inner-masonry-content-pos'><div class='av-inner-masonry-content-pos-content'><div class='avia-arrow'><\/div><h3 class='av-masonry-entry-title entry-title '  itemprop=\"headline\" >Kit Mandalas<\/h3><span class='av-masonry-date meta-color updated'>14 de mar\u00e7o de 2023<\/span><span class=\"av-masonry-text-sep text-sep-author\">\/<\/span><span class='av-masonry-author meta-color author'><span class='fn'>por Antonio Manente Neto<\/span><\/span><\/div><\/div><\/figcaption><\/figure><\/a><!--end av-masonry entry--><a href=\"https:\/\/sebraepr.com.br\/soucuritiba\/4130-2\/\"  id='av-masonry-1-item-4130' data-av-masonry-item='4130' class='av-masonry-entry isotope-item post-4130 post type-post status-publish format-standard has-post-thumbnail hentry category-alessandra-gebur-kuster tag-cha  av-masonry-item-with-image' title=\"Frio Curitibano Tea\"  itemscope=\"itemscope\" itemtype=\"https:\/\/schema.org\/CreativeWork\" ><div class='av-inner-masonry-sizer'><\/div><figure class='av-inner-masonry main_color'><div class=\"av-masonry-outerimage-container\"><div class='av-masonry-image-container' style=\"background-image: url(https:\/\/sebraepr.com.br\/soucuritiba\/wp-content\/uploads\/2024\/09\/Frio-Curitibano-Tea-470x705.jpg);\"  title=\"Frio Curitibano Tea\"  ><\/div><\/div><figcaption class='av-inner-masonry-content site-background'><div class='av-inner-masonry-content-pos'><div class='av-inner-masonry-content-pos-content'><div class='avia-arrow'><\/div><h3 class='av-masonry-entry-title entry-title '  itemprop=\"headline\" >Frio Curitibano Tea<\/h3><span class='av-masonry-date meta-color updated'>17 de setembro de 2024<\/span><span class=\"av-masonry-text-sep text-sep-author\">\/<\/span><span class='av-masonry-author meta-color author'><span class='fn'>por Antonio Manente Neto<\/span><\/span><\/div><\/div><\/figcaption><\/figure><\/a><!--end av-masonry entry--><a href=\"https:\/\/sebraepr.com.br\/soucuritiba\/mandala-petit-pave\/\"  id='av-masonry-1-item-3568' data-av-masonry-item='3568' class='av-masonry-entry isotope-item post-3568 post type-post status-publish format-standard has-post-thumbnail hentry category-luciana-claassen tag-mandala  av-masonry-item-with-image' title=\"Mandala Petit Pave (2)\"  itemscope=\"itemscope\" itemtype=\"https:\/\/schema.org\/CreativeWork\" ><div class='av-inner-masonry-sizer'><\/div><figure class='av-inner-masonry main_color'><div class=\"av-masonry-outerimage-container\"><div class='av-masonry-image-container' style=\"background-image: url(https:\/\/sebraepr.com.br\/soucuritiba\/wp-content\/uploads\/2023\/03\/Mandala-Petit-Pave-2-705x470.jpg);\"  title=\"Mandala Petit Pave (2)\"  ><\/div><\/div><figcaption class='av-inner-masonry-content site-background'><div class='av-inner-masonry-content-pos'><div class='av-inner-masonry-content-pos-content'><div class='avia-arrow'><\/div><h3 class='av-masonry-entry-title entry-title '  itemprop=\"headline\" >Mandala Petit Pave<\/h3><span class='av-masonry-date meta-color updated'>14 de mar\u00e7o de 2023<\/span><span class=\"av-masonry-text-sep text-sep-author\">\/<\/span><span class='av-masonry-author meta-color author'><span class='fn'>por Antonio Manente Neto<\/span><\/span><\/div><\/div><\/figcaption><\/figure><\/a><!--end av-masonry entry--><a href=\"https:\/\/sebraepr.com.br\/soucuritiba\/miniatura-jardim-botanico\/\"  id='av-masonry-1-item-4254' data-av-masonry-item='4254' class='av-masonry-entry isotope-item post-4254 post type-post status-publish format-standard has-post-thumbnail hentry category-felix-proenca-trindade tag-jardim-botanico tag-miniatura  av-masonry-item-with-image' title=\"Miniatura Jardim Bot\u00e2nico\"  itemscope=\"itemscope\" itemtype=\"https:\/\/schema.org\/CreativeWork\" ><div class='av-inner-masonry-sizer'><\/div><figure class='av-inner-masonry main_color'><div class=\"av-masonry-outerimage-container\"><div class='av-masonry-image-container' style=\"background-image: url(https:\/\/sebraepr.com.br\/soucuritiba\/wp-content\/uploads\/2024\/10\/Miniatura-Jardim-Botanico-705x470.jpg);\"  title=\"Miniatura Jardim Bot\u00e2nico\"  ><\/div><\/div><figcaption class='av-inner-masonry-content site-background'><div class='av-inner-masonry-content-pos'><div class='av-inner-masonry-content-pos-content'><div class='avia-arrow'><\/div><h3 class='av-masonry-entry-title entry-title '  itemprop=\"headline\" >Miniatura Jardim Bot\u00e2nico<\/h3><span class='av-masonry-date meta-color updated'>7 de outubro de 2024<\/span><span class=\"av-masonry-text-sep text-sep-author\">\/<\/span><span class='av-masonry-author meta-color author'><span class='fn'>por Antonio Manente Neto<\/span><\/span><\/div><\/div><\/figcaption><\/figure><\/a><!--end av-masonry entry--><a href=\"https:\/\/sebraepr.com.br\/soucuritiba\/azulejo-fosco-moldura-ou-bandeja\/\"  id='av-masonry-1-item-3691' data-av-masonry-item='3691' class='av-masonry-entry isotope-item post-3691 post type-post status-publish format-standard has-post-thumbnail hentry category-georgiana-vidal tag-azulejos  av-masonry-item-with-image' title=\"Azulejo fosco moldura ou bandeja (2)\"  itemscope=\"itemscope\" itemtype=\"https:\/\/schema.org\/CreativeWork\" ><div class='av-inner-masonry-sizer'><\/div><figure class='av-inner-masonry main_color'><div class=\"av-masonry-outerimage-container\"><div class='av-masonry-image-container' style=\"background-image: url(https:\/\/sebraepr.com.br\/soucuritiba\/wp-content\/uploads\/2023\/03\/Azulejo-fosco-moldura-ou-bandeja-2-705x470.jpg);\"  title=\"Azulejo fosco moldura ou bandeja (2)\"  ><\/div><\/div><figcaption class='av-inner-masonry-content site-background'><div class='av-inner-masonry-content-pos'><div class='av-inner-masonry-content-pos-content'><div class='avia-arrow'><\/div><h3 class='av-masonry-entry-title entry-title '  itemprop=\"headline\" >Azulejo Fosco Moldura ou Bandeja<\/h3><span class='av-masonry-date meta-color updated'>15 de mar\u00e7o de 2023<\/span><span class=\"av-masonry-text-sep text-sep-author\">\/<\/span><span class='av-masonry-author meta-color author'><span class='fn'>por Antonio Manente Neto<\/span><\/span><\/div><\/div><\/figcaption><\/figure><\/a><!--end av-masonry entry--><a href=\"https:\/\/sebraepr.com.br\/soucuritiba\/marcador-de-paginas-calcadas-curitibanas\/\"  id='av-masonry-1-item-4350' data-av-masonry-item='4350' class='av-masonry-entry isotope-item post-4350 post type-post status-publish format-standard has-post-thumbnail hentry category-kesia-talisin tag-marca-pagina  av-masonry-item-with-image' title=\"Marcador de P\u00e1ginas Cal\u00e7adas Curitibanas\"  itemscope=\"itemscope\" itemtype=\"https:\/\/schema.org\/CreativeWork\" ><div class='av-inner-masonry-sizer'><\/div><figure class='av-inner-masonry main_color'><div class=\"av-masonry-outerimage-container\"><div class='av-masonry-image-container' style=\"background-image: url(https:\/\/sebraepr.com.br\/soucuritiba\/wp-content\/uploads\/2024\/10\/Marcador-de-Paginas-Calcadas-Curitibanas-705x470.jpg);\"  title=\"Marcador de P\u00e1ginas Cal\u00e7adas Curitibanas\"  ><\/div><\/div><figcaption class='av-inner-masonry-content site-background'><div class='av-inner-masonry-content-pos'><div class='av-inner-masonry-content-pos-content'><div class='avia-arrow'><\/div><h3 class='av-masonry-entry-title entry-title '  itemprop=\"headline\" >Marcador de P\u00e1ginas Cal\u00e7adas Curitibanas<\/h3><span class='av-masonry-date meta-color updated'>7 de outubro de 2024<\/span><span class=\"av-masonry-text-sep text-sep-author\">\/<\/span><span class='av-masonry-author meta-color author'><span class='fn'>por Antonio Manente Neto<\/span><\/span><\/div><\/div><\/figcaption><\/figure><\/a><!--end av-masonry entry--><a href=\"https:\/\/sebraepr.com.br\/soucuritiba\/macrame-pixel-capyvara\/\"  id='av-masonry-1-item-4568' data-av-masonry-item='4568' class='av-masonry-entry isotope-item post-4568 post type-post status-publish format-standard has-post-thumbnail hentry category-vanessa-luhasievz tag-capivara tag-macrame  av-masonry-item-with-image' title=\"Macram\u00ea Pixel Capyvara\"  itemscope=\"itemscope\" itemtype=\"https:\/\/schema.org\/CreativeWork\" ><div class='av-inner-masonry-sizer'><\/div><figure class='av-inner-masonry main_color'><div class=\"av-masonry-outerimage-container\"><div class='av-masonry-image-container' style=\"background-image: url(https:\/\/sebraepr.com.br\/soucuritiba\/wp-content\/uploads\/2024\/10\/Macrame-Pixel-Capyvara-470x705.jpg);\"  title=\"Macram\u00ea Pixel Capyvara\"  ><\/div><\/div><figcaption class='av-inner-masonry-content site-background'><div class='av-inner-masonry-content-pos'><div class='av-inner-masonry-content-pos-content'><div class='avia-arrow'><\/div><h3 class='av-masonry-entry-title entry-title '  itemprop=\"headline\" >Macram\u00ea Pixel Capyvara<\/h3><span class='av-masonry-date meta-color updated'>15 de outubro de 2024<\/span><span class=\"av-masonry-text-sep text-sep-author\">\/<\/span><span class='av-masonry-author meta-color author'><span class='fn'>por Antonio Manente Neto<\/span><\/span><\/div><\/div><\/figcaption><\/figure><\/a><!--end av-masonry entry--><a href=\"https:\/\/sebraepr.com.br\/soucuritiba\/ca-com-meus-botoes-curitiba\/\"  id='av-masonry-1-item-4300' data-av-masonry-item='4300' class='av-masonry-entry isotope-item post-4300 post type-post status-publish format-standard has-post-thumbnail hentry category-gleyce-cruz-da-silva-gomes tag-boton  av-masonry-item-with-image' title=\"C\u00e1 com meus bot\u00f5es Curitiba\"  itemscope=\"itemscope\" itemtype=\"https:\/\/schema.org\/CreativeWork\" ><div class='av-inner-masonry-sizer'><\/div><figure class='av-inner-masonry main_color'><div class=\"av-masonry-outerimage-container\"><div class='av-masonry-image-container' style=\"background-image: url(https:\/\/sebraepr.com.br\/soucuritiba\/wp-content\/uploads\/2024\/10\/Ca-com-meus-botoes-Curitiba-470x705.jpg);\"  title=\"C\u00e1 com meus bot\u00f5es Curitiba\"  ><\/div><\/div><figcaption class='av-inner-masonry-content site-background'><div class='av-inner-masonry-content-pos'><div class='av-inner-masonry-content-pos-content'><div class='avia-arrow'><\/div><h3 class='av-masonry-entry-title entry-title '  itemprop=\"headline\" >C\u00e1 com meus bot\u00f5es Curitiba<\/h3><span class='av-masonry-date meta-color updated'>7 de outubro de 2024<\/span><span class=\"av-masonry-text-sep text-sep-author\">\/<\/span><span class='av-masonry-author meta-color author'><span class='fn'>por Antonio Manente Neto<\/span><\/span><\/div><\/div><\/figcaption><\/figure><\/a><!--end av-masonry entry--><a href=\"https:\/\/sebraepr.com.br\/soucuritiba\/memo-curitiba\/\"  id='av-masonry-1-item-3530' data-av-masonry-item='3530' class='av-masonry-entry isotope-item post-3530 post type-post status-publish format-standard has-post-thumbnail hentry category-maria-teresa-romano tag-memo  av-masonry-item-with-image' title=\"Memo (2)\"  itemscope=\"itemscope\" itemtype=\"https:\/\/schema.org\/CreativeWork\" ><div class='av-inner-masonry-sizer'><\/div><figure class='av-inner-masonry main_color'><div class=\"av-masonry-outerimage-container\"><div class='av-masonry-image-container' style=\"background-image: url(https:\/\/sebraepr.com.br\/soucuritiba\/wp-content\/uploads\/2023\/03\/Memo-2-705x470.jpg);\"  title=\"Memo (2)\"  ><\/div><\/div><figcaption class='av-inner-masonry-content site-background'><div class='av-inner-masonry-content-pos'><div class='av-inner-masonry-content-pos-content'><div class='avia-arrow'><\/div><h3 class='av-masonry-entry-title entry-title '  itemprop=\"headline\" >Memo Curitiba<\/h3><span class='av-masonry-date meta-color updated'>14 de mar\u00e7o de 2023<\/span><span class=\"av-masonry-text-sep text-sep-author\">\/<\/span><span class='av-masonry-author meta-color author'><span class='fn'>por Antonio Manente Neto<\/span><\/span><\/div><\/div><\/figcaption><\/figure><\/a><!--end av-masonry entry--><a href=\"https:\/\/sebraepr.com.br\/soucuritiba\/bandeira-capivara\/\"  id='av-masonry-1-item-4478' data-av-masonry-item='4478' class='av-masonry-entry isotope-item post-4478 post type-post status-publish format-standard has-post-thumbnail hentry category-patricia-malenski-matosita tag-bandeira tag-capivara  av-masonry-item-with-image' title=\"Bandeira Capivara\"  itemscope=\"itemscope\" itemtype=\"https:\/\/schema.org\/CreativeWork\" ><div class='av-inner-masonry-sizer'><\/div><figure class='av-inner-masonry main_color'><div class=\"av-masonry-outerimage-container\"><div class='av-masonry-image-container' style=\"background-image: url(https:\/\/sebraepr.com.br\/soucuritiba\/wp-content\/uploads\/2024\/10\/Bandeira-Capivara.jpg);\"  title=\"Bandeira Capivara\"  ><\/div><\/div><figcaption class='av-inner-masonry-content site-background'><div class='av-inner-masonry-content-pos'><div class='av-inner-masonry-content-pos-content'><div class='avia-arrow'><\/div><h3 class='av-masonry-entry-title entry-title '  itemprop=\"headline\" >Bandeira Capivara<\/h3><span class='av-masonry-date meta-color updated'>10 de outubro de 2024<\/span><span class=\"av-masonry-text-sep text-sep-author\">\/<\/span><span class='av-masonry-author meta-color author'><span class='fn'>por Antonio Manente Neto<\/span><\/span><\/div><\/div><\/figcaption><\/figure><\/a><!--end av-masonry entry--><a href=\"https:\/\/sebraepr.com.br\/soucuritiba\/pastilhas-aromaticas\/\"  id='av-masonry-1-item-5321' data-av-masonry-item='5321' class='av-masonry-entry isotope-item post-5321 post type-post status-publish format-standard has-post-thumbnail hentry category-tathiana-ziemmer tag-pastilhas  av-masonry-item-with-image' title=\"Pastilhas Arom\u00e1ticas Pontos Tur\u00edsticos\"  itemscope=\"itemscope\" itemtype=\"https:\/\/schema.org\/CreativeWork\" ><div class='av-inner-masonry-sizer'><\/div><figure class='av-inner-masonry main_color'><div class=\"av-masonry-outerimage-container\"><div class='av-masonry-image-container' style=\"background-image: url(https:\/\/sebraepr.com.br\/soucuritiba\/wp-content\/uploads\/2025\/09\/Pastilhas-Aromaticas-Pontos-Turisticos-705x458.jpg);\"  title=\"Pastilhas Arom\u00e1ticas Pontos Tur\u00edsticos\"  ><\/div><\/div><figcaption class='av-inner-masonry-content site-background'><div class='av-inner-masonry-content-pos'><div class='av-inner-masonry-content-pos-content'><div class='avia-arrow'><\/div><h3 class='av-masonry-entry-title entry-title '  itemprop=\"headline\" >Pastilhas Arom\u00e1ticas<\/h3><span class='av-masonry-date meta-color updated'>17 de setembro de 2025<\/span><span class=\"av-masonry-text-sep text-sep-author\">\/<\/span><span class='av-masonry-author meta-color author'><span class='fn'>por Antonio Manente Neto<\/span><\/span><\/div><\/div><\/figcaption><\/figure><\/a><!--end av-masonry entry--><a href=\"https:\/\/sebraepr.com.br\/soucuritiba\/ima-rosacea-de-ceramica\/\"  id='av-masonry-1-item-5271' data-av-masonry-item='5271' class='av-masonry-entry isotope-item post-5271 post type-post status-publish format-standard has-post-thumbnail hentry category-maria-rosana-ceccon tag-ceramica  av-masonry-item-with-image' title=\"Im\u00e3 &#8211; Ros\u00e1cea de Cer\u00e2mica\"  itemscope=\"itemscope\" itemtype=\"https:\/\/schema.org\/CreativeWork\" ><div class='av-inner-masonry-sizer'><\/div><figure class='av-inner-masonry main_color'><div class=\"av-masonry-outerimage-container\"><div class='av-masonry-image-container' style=\"background-image: url(https:\/\/sebraepr.com.br\/soucuritiba\/wp-content\/uploads\/2025\/09\/Ima-Rosacea-de-Ceramica-705x473.jpg);\"  title=\"Im\u00e3 &#8211; Ros\u00e1cea de Cer\u00e2mica\"  ><\/div><\/div><figcaption class='av-inner-masonry-content site-background'><div class='av-inner-masonry-content-pos'><div class='av-inner-masonry-content-pos-content'><div class='avia-arrow'><\/div><h3 class='av-masonry-entry-title entry-title '  itemprop=\"headline\" >\u00cdm\u00e3 Ros\u00e1cea de Cer\u00e2mica<\/h3><span class='av-masonry-date meta-color updated'>17 de setembro de 2025<\/span><span class=\"av-masonry-text-sep text-sep-author\">\/<\/span><span class='av-masonry-author meta-color author'><span class='fn'>por Antonio Manente Neto<\/span><\/span><\/div><\/div><\/figcaption><\/figure><\/a><!--end av-masonry entry--><a href=\"https:\/\/sebraepr.com.br\/soucuritiba\/shots-points-de-curitiba\/\"  id='av-masonry-1-item-5287' data-av-masonry-item='5287' class='av-masonry-entry isotope-item post-5287 post type-post status-publish format-standard has-post-thumbnail hentry category-naotake-fukushima tag-copo  av-masonry-item-with-image' title=\"Shots Points de Curitiba\"  itemscope=\"itemscope\" itemtype=\"https:\/\/schema.org\/CreativeWork\" ><div class='av-inner-masonry-sizer'><\/div><figure class='av-inner-masonry main_color'><div class=\"av-masonry-outerimage-container\"><div class='av-masonry-image-container' style=\"background-image: url(https:\/\/sebraepr.com.br\/soucuritiba\/wp-content\/uploads\/2025\/09\/Shots-Points-de-Curitiba-705x481.jpg);\"  title=\"Shots Points de Curitiba\"  ><\/div><\/div><figcaption class='av-inner-masonry-content site-background'><div class='av-inner-masonry-content-pos'><div class='av-inner-masonry-content-pos-content'><div class='avia-arrow'><\/div><h3 class='av-masonry-entry-title entry-title '  itemprop=\"headline\" >Shots Points de Curitiba<\/h3><span class='av-masonry-date meta-color updated'>17 de setembro de 2025<\/span><span class=\"av-masonry-text-sep text-sep-author\">\/<\/span><span class='av-masonry-author meta-color author'><span class='fn'>por Antonio Manente Neto<\/span><\/span><\/div><\/div><\/figcaption><\/figure><\/a><!--end av-masonry entry--><a href=\"https:\/\/sebraepr.com.br\/soucuritiba\/copo-e-garrafa-termica\/\"  id='av-masonry-1-item-5198' data-av-masonry-item='5198' class='av-masonry-entry isotope-item post-5198 post type-post status-publish format-standard has-post-thumbnail hentry category-artur-barrera-e-gabriel-estevinho tag-copo tag-garrafa  av-masonry-item-with-image' title=\"Copo e Garrafa Termica\"  itemscope=\"itemscope\" itemtype=\"https:\/\/schema.org\/CreativeWork\" ><div class='av-inner-masonry-sizer'><\/div><figure class='av-inner-masonry main_color'><div class=\"av-masonry-outerimage-container\"><div class='av-masonry-image-container' style=\"background-image: url(https:\/\/sebraepr.com.br\/soucuritiba\/wp-content\/uploads\/2025\/09\/Copo-e-Garrafa-Termica-705x458.jpg);\"  title=\"Copo e Garrafa Termica\"  ><\/div><\/div><figcaption class='av-inner-masonry-content site-background'><div class='av-inner-masonry-content-pos'><div class='av-inner-masonry-content-pos-content'><div class='avia-arrow'><\/div><h3 class='av-masonry-entry-title entry-title '  itemprop=\"headline\" >Copo e Garrafa T\u00e9rmica<\/h3><span class='av-masonry-date meta-color updated'>17 de setembro de 2025<\/span><span class=\"av-masonry-text-sep text-sep-author\">\/<\/span><span class='av-masonry-author meta-color author'><span class='fn'>por Antonio Manente Neto<\/span><\/span><\/div><\/div><\/figcaption><\/figure><\/a><!--end av-masonry entry--><a href=\"https:\/\/sebraepr.com.br\/soucuritiba\/enfeites-de-cuia-para-chimarrao\/\"  id='av-masonry-1-item-3745' data-av-masonry-item='3745' class='av-masonry-entry isotope-item post-3745 post type-post status-publish format-standard has-post-thumbnail hentry category-maristela-dias-antoniacomi tag-chimarrao tag-enfeites  av-masonry-item-with-image' title=\"Enfeites de Cuia para Chimarr\u00e3o 2\"  itemscope=\"itemscope\" itemtype=\"https:\/\/schema.org\/CreativeWork\" ><div class='av-inner-masonry-sizer'><\/div><figure class='av-inner-masonry main_color'><div class=\"av-masonry-outerimage-container\"><div class='av-masonry-image-container' style=\"background-image: url(https:\/\/sebraepr.com.br\/soucuritiba\/wp-content\/uploads\/2023\/03\/Enfeites-de-Cuia-para-Chimarrao-2-705x470.jpg);\"  title=\"Enfeites de Cuia para Chimarr\u00e3o 2\"  ><\/div><\/div><figcaption class='av-inner-masonry-content site-background'><div class='av-inner-masonry-content-pos'><div class='av-inner-masonry-content-pos-content'><div class='avia-arrow'><\/div><h3 class='av-masonry-entry-title entry-title '  itemprop=\"headline\" >Enfeites de Cuia para Chimarr\u00e3o<\/h3><span class='av-masonry-date meta-color updated'>16 de mar\u00e7o de 2023<\/span><span class=\"av-masonry-text-sep text-sep-author\">\/<\/span><span class='av-masonry-author meta-color author'><span class='fn'>por Antonio Manente Neto<\/span><\/span><\/div><\/div><\/figcaption><\/figure><\/a><!--end av-masonry entry--><a href=\"https:\/\/sebraepr.com.br\/soucuritiba\/cobogo-rosacea\/\"  id='av-masonry-1-item-4347' data-av-masonry-item='4347' class='av-masonry-entry isotope-item post-4347 post type-post status-publish format-standard has-post-thumbnail hentry category-jamille-figueiredo-e-ricardo-chiapetti tag-cobogo  av-masonry-item-with-image' title=\"Cobog\u00f3 Ros\u00e1cea\"  itemscope=\"itemscope\" itemtype=\"https:\/\/schema.org\/CreativeWork\" ><div class='av-inner-masonry-sizer'><\/div><figure class='av-inner-masonry main_color'><div class=\"av-masonry-outerimage-container\"><div class='av-masonry-image-container' style=\"background-image: url(https:\/\/sebraepr.com.br\/soucuritiba\/wp-content\/uploads\/2024\/10\/Cobogo-Rosacea-705x470.jpg);\"  title=\"Cobog\u00f3 Ros\u00e1cea\"  ><\/div><\/div><figcaption class='av-inner-masonry-content site-background'><div class='av-inner-masonry-content-pos'><div class='av-inner-masonry-content-pos-content'><div class='avia-arrow'><\/div><h3 class='av-masonry-entry-title entry-title '  itemprop=\"headline\" >Cobog\u00f3 Ros\u00e1cea<\/h3><span class='av-masonry-date meta-color updated'>7 de outubro de 2024<\/span><span class=\"av-masonry-text-sep text-sep-author\">\/<\/span><span class='av-masonry-author meta-color author'><span class='fn'>por Antonio Manente Neto<\/span><\/span><\/div><\/div><\/figcaption><\/figure><\/a><!--end av-masonry entry--><a href=\"https:\/\/sebraepr.com.br\/soucuritiba\/chaveiro-petit-pave\/\"  id='av-masonry-1-item-4305' data-av-masonry-item='4305' class='av-masonry-entry isotope-item post-4305 post type-post status-publish format-standard has-post-thumbnail hentry category-gleyce-cruz-da-silva-gomes tag-chaveiro  av-masonry-item-with-image' title=\"Chaveiro Petit Pav\u00ea\"  itemscope=\"itemscope\" itemtype=\"https:\/\/schema.org\/CreativeWork\" ><div class='av-inner-masonry-sizer'><\/div><figure class='av-inner-masonry main_color'><div class=\"av-masonry-outerimage-container\"><div class='av-masonry-image-container' style=\"background-image: url(https:\/\/sebraepr.com.br\/soucuritiba\/wp-content\/uploads\/2024\/10\/Chaveiro-Petit-Pave-470x705.jpg);\"  title=\"Chaveiro Petit Pav\u00ea\"  ><\/div><\/div><figcaption class='av-inner-masonry-content site-background'><div class='av-inner-masonry-content-pos'><div class='av-inner-masonry-content-pos-content'><div class='avia-arrow'><\/div><h3 class='av-masonry-entry-title entry-title '  itemprop=\"headline\" >Chaveiro Petit Pav\u00ea<\/h3><span class='av-masonry-date meta-color updated'>7 de outubro de 2024<\/span><span class=\"av-masonry-text-sep text-sep-author\">\/<\/span><span class='av-masonry-author meta-color author'><span class='fn'>por Antonio Manente Neto<\/span><\/span><\/div><\/div><\/figcaption><\/figure><\/a><!--end av-masonry entry--><a href=\"https:\/\/sebraepr.com.br\/soucuritiba\/flor-de-cerejeira\/\"  id='av-masonry-1-item-3686' data-av-masonry-item='3686' class='av-masonry-entry isotope-item post-3686 post type-post status-publish format-standard has-post-thumbnail hentry category-debora-e-tereza tag-flor  av-masonry-item-with-image' title=\"Flor de cerejeira (3)\"  itemscope=\"itemscope\" itemtype=\"https:\/\/schema.org\/CreativeWork\" ><div class='av-inner-masonry-sizer'><\/div><figure class='av-inner-masonry main_color'><div class=\"av-masonry-outerimage-container\"><div class='av-masonry-image-container' style=\"background-image: url(https:\/\/sebraepr.com.br\/soucuritiba\/wp-content\/uploads\/2023\/03\/Flor-de-cerejeira-3-705x470.jpg);\"  title=\"Flor de cerejeira (3)\"  ><\/div><\/div><figcaption class='av-inner-masonry-content site-background'><div class='av-inner-masonry-content-pos'><div class='av-inner-masonry-content-pos-content'><div class='avia-arrow'><\/div><h3 class='av-masonry-entry-title entry-title '  itemprop=\"headline\" >Flor de Cerejeira<\/h3><span class='av-masonry-date meta-color updated'>15 de mar\u00e7o de 2023<\/span><span class=\"av-masonry-text-sep text-sep-author\">\/<\/span><span class='av-masonry-author meta-color author'><span class='fn'>por Antonio Manente Neto<\/span><\/span><\/div><\/div><\/figcaption><\/figure><\/a><!--end av-masonry entry--><a href=\"https:\/\/sebraepr.com.br\/soucuritiba\/perfume-de-ambientes-sinta-curitiba\/\"  id='av-masonry-1-item-5243' data-av-masonry-item='5243' class='av-masonry-entry isotope-item post-5243 post type-post status-publish format-standard has-post-thumbnail hentry category-gisele-rita-vieira tag-aromatizador-de-ambientes tag-perfume  av-masonry-item-with-image' title=\"Perfume de Ambientes Sinta Curitiba\"  itemscope=\"itemscope\" itemtype=\"https:\/\/schema.org\/CreativeWork\" ><div class='av-inner-masonry-sizer'><\/div><figure class='av-inner-masonry main_color'><div class=\"av-masonry-outerimage-container\"><div class='av-masonry-image-container' style=\"background-image: url(https:\/\/sebraepr.com.br\/soucuritiba\/wp-content\/uploads\/2025\/09\/Perfume-de-Ambientes-Sinta-Curitiba-677x705.jpg);\"  title=\"Perfume de Ambientes Sinta Curitiba\"  ><\/div><\/div><figcaption class='av-inner-masonry-content site-background'><div class='av-inner-masonry-content-pos'><div class='av-inner-masonry-content-pos-content'><div class='avia-arrow'><\/div><h3 class='av-masonry-entry-title entry-title '  itemprop=\"headline\" >Perfume de Ambientes Sinta Curitiba<\/h3><span class='av-masonry-date meta-color updated'>17 de setembro de 2025<\/span><span class=\"av-masonry-text-sep text-sep-author\">\/<\/span><span class='av-masonry-author meta-color author'><span class='fn'>por Antonio Manente Neto<\/span><\/span><\/div><\/div><\/figcaption><\/figure><\/a><!--end av-masonry entry--><a href=\"https:\/\/sebraepr.com.br\/soucuritiba\/kit-velas-aromaticas-sinta-curitiba\/\"  id='av-masonry-1-item-5248' data-av-masonry-item='5248' class='av-masonry-entry isotope-item post-5248 post type-post status-publish format-standard has-post-thumbnail hentry category-gisele-rita-vieira tag-velas  av-masonry-item-with-image' title=\"Kit Velas Arom\u00e1ticas Sinta Curitiba\"  itemscope=\"itemscope\" itemtype=\"https:\/\/schema.org\/CreativeWork\" ><div class='av-inner-masonry-sizer'><\/div><figure class='av-inner-masonry main_color'><div class=\"av-masonry-outerimage-container\"><div class='av-masonry-image-container' style=\"background-image: url(https:\/\/sebraepr.com.br\/soucuritiba\/wp-content\/uploads\/2025\/09\/Kit-Velas-Aromaticas-Sinta-Curitiba-584x705.jpg);\"  title=\"Kit Velas Arom\u00e1ticas Sinta Curitiba\"  ><\/div><\/div><figcaption class='av-inner-masonry-content site-background'><div class='av-inner-masonry-content-pos'><div class='av-inner-masonry-content-pos-content'><div class='avia-arrow'><\/div><h3 class='av-masonry-entry-title entry-title '  itemprop=\"headline\" >Kit Velas Arom\u00e1ticas Sinta Curitiba<\/h3><span class='av-masonry-date meta-color updated'>17 de setembro de 2025<\/span><span class=\"av-masonry-text-sep text-sep-author\">\/<\/span><span class='av-masonry-author meta-color author'><span class='fn'>por Antonio Manente Neto<\/span><\/span><\/div><\/div><\/figcaption><\/figure><\/a><!--end av-masonry entry--><a href=\"https:\/\/sebraepr.com.br\/soucuritiba\/mandala-curitibana\/\"  id='av-masonry-1-item-4104' data-av-masonry-item='4104' class='av-masonry-entry isotope-item post-4104 post type-post status-publish format-standard has-post-thumbnail hentry category-ariana-metzger tag-mandala  av-masonry-item-with-image' title=\"Mandala Curitibana\"  itemscope=\"itemscope\" itemtype=\"https:\/\/schema.org\/CreativeWork\" ><div class='av-inner-masonry-sizer'><\/div><figure class='av-inner-masonry main_color'><div class=\"av-masonry-outerimage-container\"><div class='av-masonry-image-container' style=\"background-image: url(https:\/\/sebraepr.com.br\/soucuritiba\/wp-content\/uploads\/2024\/09\/Mandala-Curitibana-1-705x470.jpg);\"  title=\"Mandala Curitibana\"  ><\/div><\/div><figcaption class='av-inner-masonry-content site-background'><div class='av-inner-masonry-content-pos'><div class='av-inner-masonry-content-pos-content'><div class='avia-arrow'><\/div><h3 class='av-masonry-entry-title entry-title '  itemprop=\"headline\" >Mandala Curitibana<\/h3><span class='av-masonry-date meta-color updated'>12 de setembro de 2024<\/span><span class=\"av-masonry-text-sep text-sep-author\">\/<\/span><span class='av-masonry-author meta-color author'><span class='fn'>por Antonio Manente Neto<\/span><\/span><\/div><\/div><\/figcaption><\/figure><\/a><!--end av-masonry entry--><a href=\"https:\/\/sebraepr.com.br\/soucuritiba\/jogo-americano-calcadas-curitibanas\/\"  id='av-masonry-1-item-5259' data-av-masonry-item='5259' class='av-masonry-entry isotope-item post-5259 post type-post status-publish format-standard has-post-thumbnail hentry category-kesia-talisin tag-jogo-americano  av-masonry-item-with-image' title=\"Jogo Cal\u00e7adas Curitibanas\"  itemscope=\"itemscope\" itemtype=\"https:\/\/schema.org\/CreativeWork\" ><div class='av-inner-masonry-sizer'><\/div><figure class='av-inner-masonry main_color'><div class=\"av-masonry-outerimage-container\"><div class='av-masonry-image-container' style=\"background-image: url(https:\/\/sebraepr.com.br\/soucuritiba\/wp-content\/uploads\/2025\/09\/Jogo-Calcadas-Curitibanas-705x469.jpg);\"  title=\"Jogo Cal\u00e7adas Curitibanas\"  ><\/div><\/div><figcaption class='av-inner-masonry-content site-background'><div class='av-inner-masonry-content-pos'><div class='av-inner-masonry-content-pos-content'><div class='avia-arrow'><\/div><h3 class='av-masonry-entry-title entry-title '  itemprop=\"headline\" >Jogo Americano Cal\u00e7adas Curitibanas<\/h3><span class='av-masonry-date meta-color updated'>17 de setembro de 2025<\/span><span class=\"av-masonry-text-sep text-sep-author\">\/<\/span><span class='av-masonry-author meta-color author'><span class='fn'>por Antonio Manente Neto<\/span><\/span><\/div><\/div><\/figcaption><\/figure><\/a><!--end av-masonry entry--><a href=\"https:\/\/sebraepr.com.br\/soucuritiba\/4244-2\/\"  id='av-masonry-1-item-4244' data-av-masonry-item='4244' class='av-masonry-entry isotope-item post-4244 post type-post status-publish format-standard has-post-thumbnail hentry category-edilene-guzzoni tag-pratinho  av-masonry-item-with-image' title=\"Prato pintado \u00e0 m\u00e3o\"  itemscope=\"itemscope\" itemtype=\"https:\/\/schema.org\/CreativeWork\" ><div class='av-inner-masonry-sizer'><\/div><figure class='av-inner-masonry main_color'><div class=\"av-masonry-outerimage-container\"><div class='av-masonry-image-container' style=\"background-image: url(https:\/\/sebraepr.com.br\/soucuritiba\/wp-content\/uploads\/2024\/10\/Prato-pintado-a-mao-705x470.jpg);\"  title=\"Prato pintado \u00e0 m\u00e3o\"  ><\/div><\/div><figcaption class='av-inner-masonry-content site-background'><div class='av-inner-masonry-content-pos'><div class='av-inner-masonry-content-pos-content'><div class='avia-arrow'><\/div><h3 class='av-masonry-entry-title entry-title '  itemprop=\"headline\" >Prato pintado \u00e0 m\u00e3o<\/h3><span class='av-masonry-date meta-color updated'>7 de outubro de 2024<\/span><span class=\"av-masonry-text-sep text-sep-author\">\/<\/span><span class='av-masonry-author meta-color author'><span class='fn'>por Antonio Manente Neto<\/span><\/span><\/div><\/div><\/figcaption><\/figure><\/a><!--end av-masonry entry--><a href=\"https:\/\/sebraepr.com.br\/soucuritiba\/caquinhas-de-capivara\/\"  id='av-masonry-1-item-4473' data-av-masonry-item='4473' class='av-masonry-entry isotope-item post-4473 post type-post status-publish format-standard has-post-thumbnail hentry category-nicelma-ratim tag-capivara tag-chocolate  av-masonry-item-with-image' title=\"Caquinhas de Capivara\"  itemscope=\"itemscope\" itemtype=\"https:\/\/schema.org\/CreativeWork\" ><div class='av-inner-masonry-sizer'><\/div><figure class='av-inner-masonry main_color'><div class=\"av-masonry-outerimage-container\"><div class='av-masonry-image-container' style=\"background-image: url(https:\/\/sebraepr.com.br\/soucuritiba\/wp-content\/uploads\/2024\/10\/Caquinhas-de-Capivara-705x470.jpg);\"  title=\"Caquinhas de Capivara\"  ><\/div><\/div><figcaption class='av-inner-masonry-content site-background'><div class='av-inner-masonry-content-pos'><div class='av-inner-masonry-content-pos-content'><div class='avia-arrow'><\/div><h3 class='av-masonry-entry-title entry-title '  itemprop=\"headline\" >Caquinhas de Capivara<\/h3><span class='av-masonry-date meta-color updated'>10 de outubro de 2024<\/span><span class=\"av-masonry-text-sep text-sep-author\">\/<\/span><span class='av-masonry-author meta-color author'><span class='fn'>por Antonio Manente Neto<\/span><\/span><\/div><\/div><\/figcaption><\/figure><\/a><!--end av-masonry entry--><a href=\"https:\/\/sebraepr.com.br\/soucuritiba\/chaveiro-amigurumi-araucaria-e-pinhao\/\"  id='av-masonry-1-item-3751' data-av-masonry-item='3751' class='av-masonry-entry isotope-item post-3751 post type-post status-publish format-standard has-post-thumbnail hentry category-roseli-pahl-tarbine tag-araucaria tag-chaveiro  av-masonry-item-with-image' title=\"Chaveiro Amigurumi Arauc\u00e1ria e Pinh\u00e3o 1\"  itemscope=\"itemscope\" itemtype=\"https:\/\/schema.org\/CreativeWork\" ><div class='av-inner-masonry-sizer'><\/div><figure class='av-inner-masonry main_color'><div class=\"av-masonry-outerimage-container\"><div class='av-masonry-image-container' style=\"background-image: url(https:\/\/sebraepr.com.br\/soucuritiba\/wp-content\/uploads\/2023\/03\/Chaveiro-Amigurumi-Araucaria-e-Pinhao-1-705x470.jpg);\"  title=\"Chaveiro Amigurumi Arauc\u00e1ria e Pinh\u00e3o 1\"  ><\/div><\/div><figcaption class='av-inner-masonry-content site-background'><div class='av-inner-masonry-content-pos'><div class='av-inner-masonry-content-pos-content'><div class='avia-arrow'><\/div><h3 class='av-masonry-entry-title entry-title '  itemprop=\"headline\" >Chaveiro Amigurumi Arauc\u00e1ria e Pinh\u00e3o<\/h3><span class='av-masonry-date meta-color updated'>16 de mar\u00e7o de 2023<\/span><span class=\"av-masonry-text-sep text-sep-author\">\/<\/span><span class='av-masonry-author meta-color author'><span class='fn'>por Antonio Manente Neto<\/span><\/span><\/div><\/div><\/figcaption><\/figure><\/a><!--end av-masonry entry--><a href=\"https:\/\/sebraepr.com.br\/soucuritiba\/jogo-curitibano\/\"  id='av-masonry-1-item-3464' data-av-masonry-item='3464' class='av-masonry-entry isotope-item post-3464 post type-post status-publish format-standard has-post-thumbnail hentry category-maria-teresa-romano tag-jogo  av-masonry-item-with-image' title=\"Jogo Curitibano (1)\"  itemscope=\"itemscope\" itemtype=\"https:\/\/schema.org\/CreativeWork\" ><div class='av-inner-masonry-sizer'><\/div><figure class='av-inner-masonry main_color'><div class=\"av-masonry-outerimage-container\"><div class='av-masonry-image-container' style=\"background-image: url(https:\/\/sebraepr.com.br\/soucuritiba\/wp-content\/uploads\/2023\/03\/Jogo-Curitibano-1-705x470.jpg);\"  title=\"Jogo Curitibano (1)\"  ><\/div><\/div><figcaption class='av-inner-masonry-content site-background'><div class='av-inner-masonry-content-pos'><div class='av-inner-masonry-content-pos-content'><div class='avia-arrow'><\/div><h3 class='av-masonry-entry-title entry-title '  itemprop=\"headline\" >Jogo Curitibano<\/h3><span class='av-masonry-date meta-color updated'>14 de mar\u00e7o de 2023<\/span><span class=\"av-masonry-text-sep text-sep-author\">\/<\/span><span class='av-masonry-author meta-color author'><span class='fn'>por Antonio Manente Neto<\/span><\/span><\/div><\/div><\/figcaption><\/figure><\/a><!--end av-masonry entry--><a href=\"https:\/\/sebraepr.com.br\/soucuritiba\/bone-curitiba-postal\/\"  id='av-masonry-1-item-4228' data-av-masonry-item='4228' class='av-masonry-entry isotope-item post-4228 post type-post status-publish format-standard has-post-thumbnail hentry category-carolina-reader-rempto tag-bone  av-masonry-item-with-image' title=\"Bon\u00e9 Curitiba Postal\"  itemscope=\"itemscope\" itemtype=\"https:\/\/schema.org\/CreativeWork\" ><div class='av-inner-masonry-sizer'><\/div><figure class='av-inner-masonry main_color'><div class=\"av-masonry-outerimage-container\"><div class='av-masonry-image-container' style=\"background-image: url(https:\/\/sebraepr.com.br\/soucuritiba\/wp-content\/uploads\/2024\/09\/Bone-Curitiba-Postal-705x470.jpg);\"  title=\"Bon\u00e9 Curitiba Postal\"  ><\/div><\/div><figcaption class='av-inner-masonry-content site-background'><div class='av-inner-masonry-content-pos'><div class='av-inner-masonry-content-pos-content'><div class='avia-arrow'><\/div><h3 class='av-masonry-entry-title entry-title '  itemprop=\"headline\" >Bon\u00e9 Curitiba Postal<\/h3><span class='av-masonry-date meta-color updated'>18 de setembro de 2024<\/span><span class=\"av-masonry-text-sep text-sep-author\">\/<\/span><span class='av-masonry-author meta-color author'><span class='fn'>por Antonio Manente Neto<\/span><\/span><\/div><\/div><\/figcaption><\/figure><\/a><!--end av-masonry entry--><a href=\"https:\/\/sebraepr.com.br\/soucuritiba\/encaixe-curitiba\/\"  id='av-masonry-1-item-4498' data-av-masonry-item='4498' class='av-masonry-entry isotope-item post-4498 post type-post status-publish format-standard has-post-thumbnail hentry category-rafaela-dlugokenski tag-brinquedo tag-encaixe  av-masonry-item-with-image' title=\"Encaixe Curitiba\"  itemscope=\"itemscope\" itemtype=\"https:\/\/schema.org\/CreativeWork\" ><div class='av-inner-masonry-sizer'><\/div><figure class='av-inner-masonry main_color'><div class=\"av-masonry-outerimage-container\"><div class='av-masonry-image-container' style=\"background-image: url(https:\/\/sebraepr.com.br\/soucuritiba\/wp-content\/uploads\/2024\/10\/Encaixe-Curitiba-470x705.jpg);\"  title=\"Encaixe Curitiba\"  ><\/div><\/div><figcaption class='av-inner-masonry-content site-background'><div class='av-inner-masonry-content-pos'><div class='av-inner-masonry-content-pos-content'><div class='avia-arrow'><\/div><h3 class='av-masonry-entry-title entry-title '  itemprop=\"headline\" >Encaixe Curitiba<\/h3><span class='av-masonry-date meta-color updated'>10 de outubro de 2024<\/span><span class=\"av-masonry-text-sep text-sep-author\">\/<\/span><span class='av-masonry-author meta-color author'><span class='fn'>por Antonio Manente Neto<\/span><\/span><\/div><\/div><\/figcaption><\/figure><\/a><!--end av-masonry entry--><a href=\"https:\/\/sebraepr.com.br\/soucuritiba\/brincos-fofos\/\"  id='av-masonry-1-item-4370' data-av-masonry-item='4370' class='av-masonry-entry isotope-item post-4370 post type-post status-publish format-standard has-post-thumbnail hentry category-larissa-luz tag-brincos  av-masonry-item-with-image' title=\"Brincos Fofos\"  itemscope=\"itemscope\" itemtype=\"https:\/\/schema.org\/CreativeWork\" ><div class='av-inner-masonry-sizer'><\/div><figure class='av-inner-masonry main_color'><div class=\"av-masonry-outerimage-container\"><div class='av-masonry-image-container' style=\"background-image: url(https:\/\/sebraepr.com.br\/soucuritiba\/wp-content\/uploads\/2024\/10\/Brincos-Fofos-470x705.jpg);\"  title=\"Brincos Fofos\"  ><\/div><\/div><figcaption class='av-inner-masonry-content site-background'><div class='av-inner-masonry-content-pos'><div class='av-inner-masonry-content-pos-content'><div class='avia-arrow'><\/div><h3 class='av-masonry-entry-title entry-title '  itemprop=\"headline\" >Brincos Fofos<\/h3><span class='av-masonry-date meta-color updated'>7 de outubro de 2024<\/span><span class=\"av-masonry-text-sep text-sep-author\">\/<\/span><span class='av-masonry-author meta-color author'><span class='fn'>por Antonio Manente Neto<\/span><\/span><\/div><\/div><\/figcaption><\/figure><\/a><!--end av-masonry entry--><a href=\"https:\/\/sebraepr.com.br\/soucuritiba\/ecobag-curitibana\/\"  id='av-masonry-1-item-4536' data-av-masonry-item='4536' class='av-masonry-entry isotope-item post-4536 post type-post status-publish format-standard has-post-thumbnail hentry category-tiago-cardoso-e-gabriela-pereira tag-capivara tag-ecobag  av-masonry-item-with-image' title=\"Ecobag Curitibana\"  itemscope=\"itemscope\" itemtype=\"https:\/\/schema.org\/CreativeWork\" ><div class='av-inner-masonry-sizer'><\/div><figure class='av-inner-masonry main_color'><div class=\"av-masonry-outerimage-container\"><div class='av-masonry-image-container' style=\"background-image: url(https:\/\/sebraepr.com.br\/soucuritiba\/wp-content\/uploads\/2024\/10\/Ecobag-Curitibana-705x470.jpg);\"  title=\"Ecobag Curitibana\"  ><\/div><\/div><figcaption class='av-inner-masonry-content site-background'><div class='av-inner-masonry-content-pos'><div class='av-inner-masonry-content-pos-content'><div class='avia-arrow'><\/div><h3 class='av-masonry-entry-title entry-title '  itemprop=\"headline\" >Ecobag Curitibana<\/h3><span class='av-masonry-date meta-color updated'>10 de outubro de 2024<\/span><span class=\"av-masonry-text-sep text-sep-author\">\/<\/span><span class='av-masonry-author meta-color author'><span class='fn'>por Antonio Manente Neto<\/span><\/span><\/div><\/div><\/figcaption><\/figure><\/a><!--end av-masonry entry--><a href=\"https:\/\/sebraepr.com.br\/soucuritiba\/prato-giratorio\/\"  id='av-masonry-1-item-4114' data-av-masonry-item='4114' class='av-masonry-entry isotope-item post-4114 post type-post status-publish format-standard has-post-thumbnail hentry category-ariana-metzger tag-prato  av-masonry-item-with-image' title=\"Prato Curitibano\"  itemscope=\"itemscope\" itemtype=\"https:\/\/schema.org\/CreativeWork\" ><div class='av-inner-masonry-sizer'><\/div><figure class='av-inner-masonry main_color'><div class=\"av-masonry-outerimage-container\"><div class='av-masonry-image-container' style=\"background-image: url(https:\/\/sebraepr.com.br\/soucuritiba\/wp-content\/uploads\/2024\/09\/Prato-Curitibano-705x470.jpg);\"  title=\"Prato Curitibano\"  ><\/div><\/div><figcaption class='av-inner-masonry-content site-background'><div class='av-inner-masonry-content-pos'><div class='av-inner-masonry-content-pos-content'><div class='avia-arrow'><\/div><h3 class='av-masonry-entry-title entry-title '  itemprop=\"headline\" >Prato Girat\u00f3rio<\/h3><span class='av-masonry-date meta-color updated'>12 de setembro de 2024<\/span><span class=\"av-masonry-text-sep text-sep-author\">\/<\/span><span class='av-masonry-author meta-color author'><span class='fn'>por Antonio Manente Neto<\/span><\/span><\/div><\/div><\/figcaption><\/figure><\/a><!--end av-masonry entry--><a href=\"https:\/\/sebraepr.com.br\/soucuritiba\/conhecer-curitiba-harmonizando-com-chocolate\/\"  id='av-masonry-1-item-5305' data-av-masonry-item='5305' class='av-masonry-entry isotope-item post-5305 post type-post status-publish format-standard has-post-thumbnail hentry category-ricardo-machuca-cavalcante tag-chocolate  av-masonry-item-with-image' title=\"Chocolate Curitiba Um Doce Lugar\"  itemscope=\"itemscope\" itemtype=\"https:\/\/schema.org\/CreativeWork\" ><div class='av-inner-masonry-sizer'><\/div><figure class='av-inner-masonry main_color'><div class=\"av-masonry-outerimage-container\"><div class='av-masonry-image-container' style=\"background-image: url(https:\/\/sebraepr.com.br\/soucuritiba\/wp-content\/uploads\/2025\/09\/Chocolate-Curitiba-Um-Doce-Lugar-705x472.jpg);\"  title=\"Chocolate Curitiba Um Doce Lugar\"  ><\/div><\/div><figcaption class='av-inner-masonry-content site-background'><div class='av-inner-masonry-content-pos'><div class='av-inner-masonry-content-pos-content'><div class='avia-arrow'><\/div><h3 class='av-masonry-entry-title entry-title '  itemprop=\"headline\" >Conhecer Curitiba harmonizando com chocolate<\/h3><span class='av-masonry-date meta-color updated'>17 de setembro de 2025<\/span><span class=\"av-masonry-text-sep text-sep-author\">\/<\/span><span class='av-masonry-author meta-color author'><span class='fn'>por Antonio Manente Neto<\/span><\/span><\/div><\/div><\/figcaption><\/figure><\/a><!--end av-masonry entry--><a href=\"https:\/\/sebraepr.com.br\/soucuritiba\/kit-aromas-pontos-turisticos\/\"  id='av-masonry-1-item-5319' data-av-masonry-item='5319' class='av-masonry-entry isotope-item post-5319 post type-post status-publish format-standard has-post-thumbnail hentry category-tathiana-ziemmer tag-kit  av-masonry-item-with-image' title=\"Kit Pontos Tur\u00edsticos\"  itemscope=\"itemscope\" itemtype=\"https:\/\/schema.org\/CreativeWork\" ><div class='av-inner-masonry-sizer'><\/div><figure class='av-inner-masonry main_color'><div class=\"av-masonry-outerimage-container\"><div class='av-masonry-image-container' style=\"background-image: url(https:\/\/sebraepr.com.br\/soucuritiba\/wp-content\/uploads\/2025\/09\/Kit-Pontos-Turisticos-705x468.jpg);\"  title=\"Kit Pontos Tur\u00edsticos\"  ><\/div><\/div><figcaption class='av-inner-masonry-content site-background'><div class='av-inner-masonry-content-pos'><div class='av-inner-masonry-content-pos-content'><div class='avia-arrow'><\/div><h3 class='av-masonry-entry-title entry-title '  itemprop=\"headline\" >Kit Aromas Pontos Tur\u00edsticos<\/h3><span class='av-masonry-date meta-color updated'>17 de setembro de 2025<\/span><span class=\"av-masonry-text-sep text-sep-author\">\/<\/span><span class='av-masonry-author meta-color author'><span class='fn'>por Antonio Manente Neto<\/span><\/span><\/div><\/div><\/figcaption><\/figure><\/a><!--end av-masonry entry--><a href=\"https:\/\/sebraepr.com.br\/soucuritiba\/luminaria-do-mon\/\"  id='av-masonry-1-item-3778' data-av-masonry-item='3778' class='av-masonry-entry isotope-item post-3778 post type-post status-publish format-standard has-post-thumbnail hentry category-vinicius-miranda-patitucci tag-luminaria tag-mon  av-masonry-item-with-image' title=\"Lumin\u00e1ria do MON 3\"  itemscope=\"itemscope\" itemtype=\"https:\/\/schema.org\/CreativeWork\" ><div class='av-inner-masonry-sizer'><\/div><figure class='av-inner-masonry main_color'><div class=\"av-masonry-outerimage-container\"><div class='av-masonry-image-container' style=\"background-image: url(https:\/\/sebraepr.com.br\/soucuritiba\/wp-content\/uploads\/2023\/03\/Luminaria-do-MON-3-705x470.jpg);\"  title=\"Lumin\u00e1ria do MON 3\"  ><\/div><\/div><figcaption class='av-inner-masonry-content site-background'><div class='av-inner-masonry-content-pos'><div class='av-inner-masonry-content-pos-content'><div class='avia-arrow'><\/div><h3 class='av-masonry-entry-title entry-title '  itemprop=\"headline\" >Lumin\u00e1ria do MON<\/h3><span class='av-masonry-date meta-color updated'>16 de mar\u00e7o de 2023<\/span><span class=\"av-masonry-text-sep text-sep-author\">\/<\/span><span class='av-masonry-author meta-color author'><span class='fn'>por Antonio Manente Neto<\/span><\/span><\/div><\/div><\/figcaption><\/figure><\/a><!--end av-masonry entry--><a href=\"https:\/\/sebraepr.com.br\/soucuritiba\/caderneta-fotos-curitiba-antiga\/\"  id='av-masonry-1-item-4405' data-av-masonry-item='4405' class='av-masonry-entry isotope-item post-4405 post type-post status-publish format-standard has-post-thumbnail hentry category-marcia-zelak-agottani tag-caderneta  av-masonry-item-with-image' title=\"Caderneta Fotos Curitiba Antiga\"  itemscope=\"itemscope\" itemtype=\"https:\/\/schema.org\/CreativeWork\" ><div class='av-inner-masonry-sizer'><\/div><figure class='av-inner-masonry main_color'><div class=\"av-masonry-outerimage-container\"><div class='av-masonry-image-container' style=\"background-image: url(https:\/\/sebraepr.com.br\/soucuritiba\/wp-content\/uploads\/2024\/10\/Caderneta-Fotos-Curitiba-Antiga-705x475.jpg);\"  title=\"Caderneta Fotos Curitiba Antiga\"  ><\/div><\/div><figcaption class='av-inner-masonry-content site-background'><div class='av-inner-masonry-content-pos'><div class='av-inner-masonry-content-pos-content'><div class='avia-arrow'><\/div><h3 class='av-masonry-entry-title entry-title '  itemprop=\"headline\" >Caderneta Fotos Curitiba Antiga<\/h3><span class='av-masonry-date meta-color updated'>7 de outubro de 2024<\/span><span class=\"av-masonry-text-sep text-sep-author\">\/<\/span><span class='av-masonry-author meta-color author'><span class='fn'>por Antonio Manente Neto<\/span><\/span><\/div><\/div><\/figcaption><\/figure><\/a><!--end av-masonry entry--><a href=\"https:\/\/sebraepr.com.br\/soucuritiba\/jogo-caneca-com-prato-do-patrimonio\/\"  id='av-masonry-1-item-5237' data-av-masonry-item='5237' class='av-masonry-entry isotope-item post-5237 post type-post status-publish format-standard has-post-thumbnail hentry category-giovanna-thais-m-alves tag-caneca tag-patrimonio tag-prato  av-masonry-item-with-image' title=\"Jogo Caneca com Prato\"  itemscope=\"itemscope\" itemtype=\"https:\/\/schema.org\/CreativeWork\" ><div class='av-inner-masonry-sizer'><\/div><figure class='av-inner-masonry main_color'><div class=\"av-masonry-outerimage-container\"><div class='av-masonry-image-container' style=\"background-image: url(https:\/\/sebraepr.com.br\/soucuritiba\/wp-content\/uploads\/2025\/09\/Jogo-Caneca-com-Prato-705x472.jpg);\"  title=\"Jogo Caneca com Prato\"  ><\/div><\/div><figcaption class='av-inner-masonry-content site-background'><div class='av-inner-masonry-content-pos'><div class='av-inner-masonry-content-pos-content'><div class='avia-arrow'><\/div><h3 class='av-masonry-entry-title entry-title '  itemprop=\"headline\" >Jogo Caneca com Prato do Patrim\u00f4nio<\/h3><span class='av-masonry-date meta-color updated'>17 de setembro de 2025<\/span><span class=\"av-masonry-text-sep text-sep-author\">\/<\/span><span class='av-masonry-author meta-color author'><span class='fn'>por Antonio Manente Neto<\/span><\/span><\/div><\/div><\/figcaption><\/figure><\/a><!--end av-masonry entry--><a href=\"https:\/\/sebraepr.com.br\/soucuritiba\/porta-copos-magnetico\/\"  id='av-masonry-1-item-3540' data-av-masonry-item='3540' class='av-masonry-entry isotope-item post-3540 post type-post status-publish format-standard has-post-thumbnail hentry category-maria-teresa-romano tag-porta-copos  av-masonry-item-with-image' title=\"Porta Copos Magn\u00e9tico (2)\"  itemscope=\"itemscope\" itemtype=\"https:\/\/schema.org\/CreativeWork\" ><div class='av-inner-masonry-sizer'><\/div><figure class='av-inner-masonry main_color'><div class=\"av-masonry-outerimage-container\"><div class='av-masonry-image-container' style=\"background-image: url(https:\/\/sebraepr.com.br\/soucuritiba\/wp-content\/uploads\/2023\/03\/Porta-Copos-Magnetico-2-705x470.jpg);\"  title=\"Porta Copos Magn\u00e9tico (2)\"  ><\/div><\/div><figcaption class='av-inner-masonry-content site-background'><div class='av-inner-masonry-content-pos'><div class='av-inner-masonry-content-pos-content'><div class='avia-arrow'><\/div><h3 class='av-masonry-entry-title entry-title '  itemprop=\"headline\" >Porta Copos Magn\u00e9tico<\/h3><span class='av-masonry-date meta-color updated'>14 de mar\u00e7o de 2023<\/span><span class=\"av-masonry-text-sep text-sep-author\">\/<\/span><span class='av-masonry-author meta-color author'><span class='fn'>por Antonio Manente Neto<\/span><\/span><\/div><\/div><\/figcaption><\/figure><\/a><!--end av-masonry entry--><a href=\"https:\/\/sebraepr.com.br\/soucuritiba\/suporte-de-panelas\/\"  id='av-masonry-1-item-3772' data-av-masonry-item='3772' class='av-masonry-entry isotope-item post-3772 post type-post status-publish format-standard has-post-thumbnail hentry category-vinicius-grosso tag-suporte-de-panelas  av-masonry-item-with-image' title=\"Suporte de panelas (1)\"  itemscope=\"itemscope\" itemtype=\"https:\/\/schema.org\/CreativeWork\" ><div class='av-inner-masonry-sizer'><\/div><figure class='av-inner-masonry main_color'><div class=\"av-masonry-outerimage-container\"><div class='av-masonry-image-container' style=\"background-image: url(https:\/\/sebraepr.com.br\/soucuritiba\/wp-content\/uploads\/2023\/03\/Suporte-de-panelas-1-705x470.jpg);\"  title=\"Suporte de panelas (1)\"  ><\/div><\/div><figcaption class='av-inner-masonry-content site-background'><div class='av-inner-masonry-content-pos'><div class='av-inner-masonry-content-pos-content'><div class='avia-arrow'><\/div><h3 class='av-masonry-entry-title entry-title '  itemprop=\"headline\" >Suporte de Panelas<\/h3><span class='av-masonry-date meta-color updated'>16 de mar\u00e7o de 2023<\/span><span class=\"av-masonry-text-sep text-sep-author\">\/<\/span><span class='av-masonry-author meta-color author'><span class='fn'>por Antonio Manente Neto<\/span><\/span><\/div><\/div><\/figcaption><\/figure><\/a><!--end av-masonry entry--><a href=\"https:\/\/sebraepr.com.br\/soucuritiba\/gingerbread-cappy-unidade\/\"  id='av-masonry-1-item-4585' data-av-masonry-item='4585' class='av-masonry-entry isotope-item post-4585 post type-post status-publish format-standard has-post-thumbnail hentry category-yuka-nakaba-waki tag-biscoitos tag-capivara  av-masonry-item-with-image' title=\"Inove -249\"  itemscope=\"itemscope\" itemtype=\"https:\/\/schema.org\/CreativeWork\" ><div class='av-inner-masonry-sizer'><\/div><figure class='av-inner-masonry main_color'><div class=\"av-masonry-outerimage-container\"><div class='av-masonry-image-container' style=\"background-image: url(https:\/\/sebraepr.com.br\/soucuritiba\/wp-content\/uploads\/2024\/10\/Inove-249-1-470x705.jpg);\"  title=\"Inove -249\"  ><\/div><\/div><figcaption class='av-inner-masonry-content site-background'><div class='av-inner-masonry-content-pos'><div class='av-inner-masonry-content-pos-content'><div class='avia-arrow'><\/div><h3 class='av-masonry-entry-title entry-title '  itemprop=\"headline\" >Gingerbread Cappy Unidade<\/h3><span class='av-masonry-date meta-color updated'>15 de outubro de 2024<\/span><span class=\"av-masonry-text-sep text-sep-author\">\/<\/span><span class='av-masonry-author meta-color author'><span class='fn'>por Antonio Manente Neto<\/span><\/span><\/div><\/div><\/figcaption><\/figure><\/a><!--end av-masonry entry--><a href=\"https:\/\/sebraepr.com.br\/soucuritiba\/colecao-necessaire-cwb-trends\/\"  id='av-masonry-1-item-4448' data-av-masonry-item='4448' class='av-masonry-entry isotope-item post-4448 post type-post status-publish format-standard has-post-thumbnail hentry category-marilene-da-s-b-oliveira tag-necessaire  av-masonry-item-with-image' title=\"Cole\u00e7\u00e3o Necessaire CWB Trends\"  itemscope=\"itemscope\" itemtype=\"https:\/\/schema.org\/CreativeWork\" ><div class='av-inner-masonry-sizer'><\/div><figure class='av-inner-masonry main_color'><div class=\"av-masonry-outerimage-container\"><div class='av-masonry-image-container' style=\"background-image: url(https:\/\/sebraepr.com.br\/soucuritiba\/wp-content\/uploads\/2024\/10\/Colecao-Necessaire-CWB-Trends-705x470.jpg);\"  title=\"Cole\u00e7\u00e3o Necessaire CWB Trends\"  ><\/div><\/div><figcaption class='av-inner-masonry-content site-background'><div class='av-inner-masonry-content-pos'><div class='av-inner-masonry-content-pos-content'><div class='avia-arrow'><\/div><h3 class='av-masonry-entry-title entry-title '  itemprop=\"headline\" >Cole\u00e7\u00e3o Necessaire: CWB Trends<\/h3><span class='av-masonry-date meta-color updated'>10 de outubro de 2024<\/span><span class=\"av-masonry-text-sep text-sep-author\">\/<\/span><span class='av-masonry-author meta-color author'><span class='fn'>por Antonio Manente Neto<\/span><\/span><\/div><\/div><\/figcaption><\/figure><\/a><!--end av-masonry entry--><a href=\"https:\/\/sebraepr.com.br\/soucuritiba\/suporte-utensilios-quentes-pinhao\/\"  id='av-masonry-1-item-4361' data-av-masonry-item='4361' class='av-masonry-entry isotope-item post-4361 post type-post status-publish format-standard has-post-thumbnail hentry category-lara-drynko tag-pinhao  av-masonry-item-with-image' title=\"Suporte Utens\u00edlios Quentes Pinh\u00e3o\"  itemscope=\"itemscope\" itemtype=\"https:\/\/schema.org\/CreativeWork\" ><div class='av-inner-masonry-sizer'><\/div><figure class='av-inner-masonry main_color'><div class=\"av-masonry-outerimage-container\"><div class='av-masonry-image-container' style=\"background-image: url(https:\/\/sebraepr.com.br\/soucuritiba\/wp-content\/uploads\/2024\/10\/Suporte-Utensilios-Quentes-Pinhao-705x470.jpg);\"  title=\"Suporte Utens\u00edlios Quentes Pinh\u00e3o\"  ><\/div><\/div><figcaption class='av-inner-masonry-content site-background'><div class='av-inner-masonry-content-pos'><div class='av-inner-masonry-content-pos-content'><div class='avia-arrow'><\/div><h3 class='av-masonry-entry-title entry-title '  itemprop=\"headline\" >Suporte Utens\u00edlios Quentes \u2013 Pinh\u00e3o<\/h3><span class='av-masonry-date meta-color updated'>7 de outubro de 2024<\/span><span class=\"av-masonry-text-sep text-sep-author\">\/<\/span><span class='av-masonry-author meta-color author'><span class='fn'>por Antonio Manente Neto<\/span><\/span><\/div><\/div><\/figcaption><\/figure><\/a><!--end av-masonry entry--><a href=\"https:\/\/sebraepr.com.br\/soucuritiba\/macrame-pixel-capyvara-cwb\/\"  id='av-masonry-1-item-4571' data-av-masonry-item='4571' class='av-masonry-entry isotope-item post-4571 post type-post status-publish format-standard has-post-thumbnail hentry category-vanessa-luhasievz tag-capivara tag-macrame  av-masonry-item-with-image' title=\"Macram\u00ea Pixel Capyvara CWB\"  itemscope=\"itemscope\" itemtype=\"https:\/\/schema.org\/CreativeWork\" ><div class='av-inner-masonry-sizer'><\/div><figure class='av-inner-masonry main_color'><div class=\"av-masonry-outerimage-container\"><div class='av-masonry-image-container' style=\"background-image: url(https:\/\/sebraepr.com.br\/soucuritiba\/wp-content\/uploads\/2024\/10\/Macrame-Pixel-Capyvara-CWB-470x705.jpg);\"  title=\"Macram\u00ea Pixel Capyvara CWB\"  ><\/div><\/div><figcaption class='av-inner-masonry-content site-background'><div class='av-inner-masonry-content-pos'><div class='av-inner-masonry-content-pos-content'><div class='avia-arrow'><\/div><h3 class='av-masonry-entry-title entry-title '  itemprop=\"headline\" >Macram\u00ea Pixel Capyvara CWB<\/h3><span class='av-masonry-date meta-color updated'>15 de outubro de 2024<\/span><span class=\"av-masonry-text-sep text-sep-author\">\/<\/span><span class='av-masonry-author meta-color author'><span class='fn'>por Antonio Manente Neto<\/span><\/span><\/div><\/div><\/figcaption><\/figure><\/a><!--end av-masonry entry--><a href=\"https:\/\/sebraepr.com.br\/soucuritiba\/sousplat-rosacea-de-pinhao\/\"  id='av-masonry-1-item-5169' data-av-masonry-item='5169' class='av-masonry-entry isotope-item post-5169 post type-post status-publish format-standard has-post-thumbnail hentry category-ana-daniela-de-oliveira-chruscielski tag-pinhao tag-sousplat  av-masonry-item-with-image' title=\"Sousplat Ros\u00e1cea de Pinh\u00e3o\"  itemscope=\"itemscope\" itemtype=\"https:\/\/schema.org\/CreativeWork\" ><div class='av-inner-masonry-sizer'><\/div><figure class='av-inner-masonry main_color'><div class=\"av-masonry-outerimage-container\"><div class='av-masonry-image-container' style=\"background-image: url(https:\/\/sebraepr.com.br\/soucuritiba\/wp-content\/uploads\/2025\/09\/Sousplat-Rosacea-de-Pinhao-705x469.jpg);\"  title=\"Sousplat Ros\u00e1cea de Pinh\u00e3o\"  ><\/div><\/div><figcaption class='av-inner-masonry-content site-background'><div class='av-inner-masonry-content-pos'><div class='av-inner-masonry-content-pos-content'><div class='avia-arrow'><\/div><h3 class='av-masonry-entry-title entry-title '  itemprop=\"headline\" >Sousplat Ros\u00e1cea de Pinh\u00e3o<\/h3><span class='av-masonry-date meta-color updated'>17 de setembro de 2025<\/span><span class=\"av-masonry-text-sep text-sep-author\">\/<\/span><span class='av-masonry-author meta-color author'><span class='fn'>por Antonio Manente Neto<\/span><\/span><\/div><\/div><\/figcaption><\/figure><\/a><!--end av-masonry entry--><a href=\"https:\/\/sebraepr.com.br\/soucuritiba\/cenario-curitiba\/\"  id='av-masonry-1-item-4503' data-av-masonry-item='4503' class='av-masonry-entry isotope-item post-4503 post type-post status-publish format-standard has-post-thumbnail hentry category-rafaela-dlugokenski tag-curitiba  av-masonry-item-with-image' title=\"Cen\u00e1rio Curitiba\"  itemscope=\"itemscope\" itemtype=\"https:\/\/schema.org\/CreativeWork\" ><div class='av-inner-masonry-sizer'><\/div><figure class='av-inner-masonry main_color'><div class=\"av-masonry-outerimage-container\"><div class='av-masonry-image-container' style=\"background-image: url(https:\/\/sebraepr.com.br\/soucuritiba\/wp-content\/uploads\/2024\/10\/Cenario-Curitiba.jpg);\"  title=\"Cen\u00e1rio Curitiba\"  ><\/div><\/div><figcaption class='av-inner-masonry-content site-background'><div class='av-inner-masonry-content-pos'><div class='av-inner-masonry-content-pos-content'><div class='avia-arrow'><\/div><h3 class='av-masonry-entry-title entry-title '  itemprop=\"headline\" >Cen\u00e1rio Curitiba<\/h3><span class='av-masonry-date meta-color updated'>10 de outubro de 2024<\/span><span class=\"av-masonry-text-sep text-sep-author\">\/<\/span><span class='av-masonry-author meta-color author'><span class='fn'>por Antonio Manente Neto<\/span><\/span><\/div><\/div><\/figcaption><\/figure><\/a><!--end av-masonry entry--><a href=\"https:\/\/sebraepr.com.br\/soucuritiba\/curitipanos\/\"  id='av-masonry-1-item-3701' data-av-masonry-item='3701' class='av-masonry-entry isotope-item post-3701 post type-post status-publish format-standard has-post-thumbnail hentry category-heloise-mileine tag-panos  av-masonry-item-with-image' title=\"Curitipanos (2)\"  itemscope=\"itemscope\" itemtype=\"https:\/\/schema.org\/CreativeWork\" ><div class='av-inner-masonry-sizer'><\/div><figure class='av-inner-masonry main_color'><div class=\"av-masonry-outerimage-container\"><div class='av-masonry-image-container' style=\"background-image: url(https:\/\/sebraepr.com.br\/soucuritiba\/wp-content\/uploads\/2023\/03\/Curitipanos-2-705x470.jpg);\"  title=\"Curitipanos (2)\"  ><\/div><\/div><figcaption class='av-inner-masonry-content site-background'><div class='av-inner-masonry-content-pos'><div class='av-inner-masonry-content-pos-content'><div class='avia-arrow'><\/div><h3 class='av-masonry-entry-title entry-title '  itemprop=\"headline\" >CuritiPanos<\/h3><span class='av-masonry-date meta-color updated'>16 de mar\u00e7o de 2023<\/span><span class=\"av-masonry-text-sep text-sep-author\">\/<\/span><span class='av-masonry-author meta-color author'><span class='fn'>por Antonio Manente Neto<\/span><\/span><\/div><\/div><\/figcaption><\/figure><\/a><!--end av-masonry entry--><a href=\"https:\/\/sebraepr.com.br\/soucuritiba\/amigo-e-amiga-da-onca\/\"  id='av-masonry-1-item-3678' data-av-masonry-item='3678' class='av-masonry-entry isotope-item post-3678 post type-post status-publish format-standard has-post-thumbnail hentry category-debora-e-tereza tag-sabonete  av-masonry-item-with-image' title=\"Amigo e Amiga da On\u00e7a (3)\"  itemscope=\"itemscope\" itemtype=\"https:\/\/schema.org\/CreativeWork\" ><div class='av-inner-masonry-sizer'><\/div><figure class='av-inner-masonry main_color'><div class=\"av-masonry-outerimage-container\"><div class='av-masonry-image-container' style=\"background-image: url(https:\/\/sebraepr.com.br\/soucuritiba\/wp-content\/uploads\/2023\/03\/Amigo-e-Amiga-da-Onca-3-705x470.jpg);\"  title=\"Amigo e Amiga da On\u00e7a (3)\"  ><\/div><\/div><figcaption class='av-inner-masonry-content site-background'><div class='av-inner-masonry-content-pos'><div class='av-inner-masonry-content-pos-content'><div class='avia-arrow'><\/div><h3 class='av-masonry-entry-title entry-title '  itemprop=\"headline\" >Amigo e Amiga da On\u00e7a<\/h3><span class='av-masonry-date meta-color updated'>15 de mar\u00e7o de 2023<\/span><span class=\"av-masonry-text-sep text-sep-author\">\/<\/span><span class='av-masonry-author meta-color author'><span class='fn'>por Antonio Manente Neto<\/span><\/span><\/div><\/div><\/figcaption><\/figure><\/a><!--end av-masonry entry--><a href=\"https:\/\/sebraepr.com.br\/soucuritiba\/touca-capivara\/\"  id='av-masonry-1-item-4274' data-av-masonry-item='4274' class='av-masonry-entry isotope-item post-4274 post type-post status-publish format-standard has-post-thumbnail hentry category-flavia-orso-e-derik-gabardo tag-touca  av-masonry-item-with-image' title=\"Touca Capivara\"  itemscope=\"itemscope\" itemtype=\"https:\/\/schema.org\/CreativeWork\" ><div class='av-inner-masonry-sizer'><\/div><figure class='av-inner-masonry main_color'><div class=\"av-masonry-outerimage-container\"><div class='av-masonry-image-container' style=\"background-image: url(https:\/\/sebraepr.com.br\/soucuritiba\/wp-content\/uploads\/2024\/10\/Touca-Capivara-705x470.jpg);\"  title=\"Touca Capivara\"  ><\/div><\/div><figcaption class='av-inner-masonry-content site-background'><div class='av-inner-masonry-content-pos'><div class='av-inner-masonry-content-pos-content'><div class='avia-arrow'><\/div><h3 class='av-masonry-entry-title entry-title '  itemprop=\"headline\" >Touca Capivara<\/h3><span class='av-masonry-date meta-color updated'>7 de outubro de 2024<\/span><span class=\"av-masonry-text-sep text-sep-author\">\/<\/span><span class='av-masonry-author meta-color author'><span class='fn'>por Antonio Manente Neto<\/span><\/span><\/div><\/div><\/figcaption><\/figure><\/a><!--end av-masonry entry--><a href=\"https:\/\/sebraepr.com.br\/soucuritiba\/estojo-necessaire-paco-da-liberdade\/\"  id='av-masonry-1-item-4414' data-av-masonry-item='4414' class='av-masonry-entry isotope-item post-4414 post type-post status-publish format-standard has-post-thumbnail hentry category-maria-emilia-m-jayme tag-estojo tag-necessaire  av-masonry-item-with-image' title=\"Estojo Necessaire Pa\u00e7o da Liberdade\"  itemscope=\"itemscope\" itemtype=\"https:\/\/schema.org\/CreativeWork\" ><div class='av-inner-masonry-sizer'><\/div><figure class='av-inner-masonry main_color'><div class=\"av-masonry-outerimage-container\"><div class='av-masonry-image-container' style=\"background-image: url(https:\/\/sebraepr.com.br\/soucuritiba\/wp-content\/uploads\/2024\/10\/Estojo-Necessaire-Paco-da-Liberdade-705x470.jpg);\"  title=\"Estojo Necessaire Pa\u00e7o da Liberdade\"  ><\/div><\/div><figcaption class='av-inner-masonry-content site-background'><div class='av-inner-masonry-content-pos'><div class='av-inner-masonry-content-pos-content'><div class='avia-arrow'><\/div><h3 class='av-masonry-entry-title entry-title '  itemprop=\"headline\" >Estojo Necessaire \u2013 Pa\u00e7o da Liberdade<\/h3><span class='av-masonry-date meta-color updated'>7 de outubro de 2024<\/span><span class=\"av-masonry-text-sep text-sep-author\">\/<\/span><span class='av-masonry-author meta-color author'><span class='fn'>por Antonio Manente Neto<\/span><\/span><\/div><\/div><\/figcaption><\/figure><\/a><!--end av-masonry entry--><a href=\"https:\/\/sebraepr.com.br\/soucuritiba\/porta-copos-colecionaveis-curitipisos\/\"  id='av-masonry-1-item-3714' data-av-masonry-item='3714' class='av-masonry-entry isotope-item post-3714 post type-post status-publish format-standard has-post-thumbnail hentry category-joseane-pesuschi tag-curitipisos tag-porta-copos  av-masonry-item-with-image' title=\"Porta-copos colecion\u00e1veis #Curitipisos (2)\"  itemscope=\"itemscope\" itemtype=\"https:\/\/schema.org\/CreativeWork\" ><div class='av-inner-masonry-sizer'><\/div><figure class='av-inner-masonry main_color'><div class=\"av-masonry-outerimage-container\"><div class='av-masonry-image-container' style=\"background-image: url(https:\/\/sebraepr.com.br\/soucuritiba\/wp-content\/uploads\/2023\/03\/Porta-copos-colecionaveis-Curitipisos-2-705x470.jpg);\"  title=\"Porta-copos colecion\u00e1veis #Curitipisos (2)\"  ><\/div><\/div><figcaption class='av-inner-masonry-content site-background'><div class='av-inner-masonry-content-pos'><div class='av-inner-masonry-content-pos-content'><div class='avia-arrow'><\/div><h3 class='av-masonry-entry-title entry-title '  itemprop=\"headline\" >Porta-copos colecion\u00e1veis Curitipisos<\/h3><span class='av-masonry-date meta-color updated'>16 de mar\u00e7o de 2023<\/span><span class=\"av-masonry-text-sep text-sep-author\">\/<\/span><span class='av-masonry-author meta-color author'><span class='fn'>por Antonio Manente Neto<\/span><\/span><\/div><\/div><\/figcaption><\/figure><\/a><!--end av-masonry entry--><a href=\"https:\/\/sebraepr.com.br\/soucuritiba\/placas-decorativas-de-ceramica\/\"  id='av-masonry-1-item-5265' data-av-masonry-item='5265' class='av-masonry-entry isotope-item post-5265 post type-post status-publish format-standard has-post-thumbnail hentry category-maria-rosana-ceccon tag-ceramica  av-masonry-item-with-image' title=\"Placas Decorativas de Cer\u00e2mica\"  itemscope=\"itemscope\" itemtype=\"https:\/\/schema.org\/CreativeWork\" ><div class='av-inner-masonry-sizer'><\/div><figure class='av-inner-masonry main_color'><div class=\"av-masonry-outerimage-container\"><div class='av-masonry-image-container' style=\"background-image: url(https:\/\/sebraepr.com.br\/soucuritiba\/wp-content\/uploads\/2025\/09\/Placas-Decorativas-de-Ceramica-705x471.jpg);\"  title=\"Placas Decorativas de Cer\u00e2mica\"  ><\/div><\/div><figcaption class='av-inner-masonry-content site-background'><div class='av-inner-masonry-content-pos'><div class='av-inner-masonry-content-pos-content'><div class='avia-arrow'><\/div><h3 class='av-masonry-entry-title entry-title '  itemprop=\"headline\" >Placas Decorativas de Cer\u00e2mica<\/h3><span class='av-masonry-date meta-color updated'>17 de setembro de 2025<\/span><span class=\"av-masonry-text-sep text-sep-author\">\/<\/span><span class='av-masonry-author meta-color author'><span class='fn'>por Antonio Manente Neto<\/span><\/span><\/div><\/div><\/figcaption><\/figure><\/a><!--end av-masonry entry--><a href=\"https:\/\/sebraepr.com.br\/soucuritiba\/ecobag-rosacea\/\"  id='av-masonry-1-item-4354' data-av-masonry-item='4354' class='av-masonry-entry isotope-item post-4354 post type-post status-publish format-standard has-post-thumbnail hentry category-kesia-talisin tag-ecobag  av-masonry-item-with-image' title=\"Ecobag Ros\u00e1cea\"  itemscope=\"itemscope\" itemtype=\"https:\/\/schema.org\/CreativeWork\" ><div class='av-inner-masonry-sizer'><\/div><figure class='av-inner-masonry main_color'><div class=\"av-masonry-outerimage-container\"><div class='av-masonry-image-container' style=\"background-image: url(https:\/\/sebraepr.com.br\/soucuritiba\/wp-content\/uploads\/2024\/10\/Ecobag-Rosacea-470x705.jpg);\"  title=\"Ecobag Ros\u00e1cea\"  ><\/div><\/div><figcaption class='av-inner-masonry-content site-background'><div class='av-inner-masonry-content-pos'><div class='av-inner-masonry-content-pos-content'><div class='avia-arrow'><\/div><h3 class='av-masonry-entry-title entry-title '  itemprop=\"headline\" >Ecobag Ros\u00e1cea<\/h3><span class='av-masonry-date meta-color updated'>7 de outubro de 2024<\/span><span class=\"av-masonry-text-sep text-sep-author\">\/<\/span><span class='av-masonry-author meta-color author'><span class='fn'>por Antonio Manente Neto<\/span><\/span><\/div><\/div><\/figcaption><\/figure><\/a><!--end av-masonry entry--><a href=\"https:\/\/sebraepr.com.br\/soucuritiba\/miniatura-opera-de-arame\/\"  id='av-masonry-1-item-4261' data-av-masonry-item='4261' class='av-masonry-entry isotope-item post-4261 post type-post status-publish format-standard has-post-thumbnail hentry category-felix-proenca-trindade tag-miniatura tag-opera-de-arame  av-masonry-item-with-image' title=\"Miniatura \u00d3pera de Arame\"  itemscope=\"itemscope\" itemtype=\"https:\/\/schema.org\/CreativeWork\" ><div class='av-inner-masonry-sizer'><\/div><figure class='av-inner-masonry main_color'><div class=\"av-masonry-outerimage-container\"><div class='av-masonry-image-container' style=\"background-image: url(https:\/\/sebraepr.com.br\/soucuritiba\/wp-content\/uploads\/2024\/10\/Miniatura-Opera-de-Arame-705x470.jpg);\"  title=\"Miniatura \u00d3pera de Arame\"  ><\/div><\/div><figcaption class='av-inner-masonry-content site-background'><div class='av-inner-masonry-content-pos'><div class='av-inner-masonry-content-pos-content'><div class='avia-arrow'><\/div><h3 class='av-masonry-entry-title entry-title '  itemprop=\"headline\" >Miniatura \u00d3pera de Arame<\/h3><span class='av-masonry-date meta-color updated'>7 de outubro de 2024<\/span><span class=\"av-masonry-text-sep text-sep-author\">\/<\/span><span class='av-masonry-author meta-color author'><span class='fn'>por Antonio Manente Neto<\/span><\/span><\/div><\/div><\/figcaption><\/figure><\/a><!--end av-masonry entry--><a href=\"https:\/\/sebraepr.com.br\/soucuritiba\/ima-mini-quadro-curitiba\/\"  id='av-masonry-1-item-4483' data-av-masonry-item='4483' class='av-masonry-entry isotope-item post-4483 post type-post status-publish format-standard has-post-thumbnail hentry category-pedro-fernando-czarneski tag-mini-quadros  av-masonry-item-with-image' title=\"Im\u00e3 Mini Quadro Curitiba\"  itemscope=\"itemscope\" itemtype=\"https:\/\/schema.org\/CreativeWork\" ><div class='av-inner-masonry-sizer'><\/div><figure class='av-inner-masonry main_color'><div class=\"av-masonry-outerimage-container\"><div class='av-masonry-image-container' style=\"background-image: url(https:\/\/sebraepr.com.br\/soucuritiba\/wp-content\/uploads\/2024\/10\/Ima-Mini-Quadro-Curitiba-705x470.jpg);\"  title=\"Im\u00e3 Mini Quadro Curitiba\"  ><\/div><\/div><figcaption class='av-inner-masonry-content site-background'><div class='av-inner-masonry-content-pos'><div class='av-inner-masonry-content-pos-content'><div class='avia-arrow'><\/div><h3 class='av-masonry-entry-title entry-title '  itemprop=\"headline\" >Im\u00e3 Mini Quadro Curitiba<\/h3><span class='av-masonry-date meta-color updated'>14 de abril de 2025<\/span><span class=\"av-masonry-text-sep text-sep-author\">\/<\/span><span class='av-masonry-author meta-color author'><span class='fn'>por Antonio Manente Neto<\/span><\/span><\/div><\/div><\/figcaption><\/figure><\/a><!--end av-masonry entry--><a href=\"https:\/\/sebraepr.com.br\/soucuritiba\/biscoito-capivara\/\"  id='av-masonry-1-item-4088' data-av-masonry-item='4088' class='av-masonry-entry isotope-item post-4088 post type-post status-publish format-standard has-post-thumbnail hentry category-hellio-e-claudia-broday tag-biscoitos tag-capivara  av-masonry-item-with-image' title=\"Biscoito Capivara\"  itemscope=\"itemscope\" itemtype=\"https:\/\/schema.org\/CreativeWork\" ><div class='av-inner-masonry-sizer'><\/div><figure class='av-inner-masonry main_color'><div class=\"av-masonry-outerimage-container\"><div class='av-masonry-image-container' style=\"background-image: url(https:\/\/sebraepr.com.br\/soucuritiba\/wp-content\/uploads\/2024\/09\/Biscoito-Capivara-705x470.jpg);\"  title=\"Biscoito Capivara\"  ><\/div><\/div><figcaption class='av-inner-masonry-content site-background'><div class='av-inner-masonry-content-pos'><div class='av-inner-masonry-content-pos-content'><div class='avia-arrow'><\/div><h3 class='av-masonry-entry-title entry-title '  itemprop=\"headline\" >Biscoito Capivara<\/h3><span class='av-masonry-date meta-color updated'>12 de setembro de 2024<\/span><span class=\"av-masonry-text-sep text-sep-author\">\/<\/span><span class='av-masonry-author meta-color author'><span class='fn'>por Antonio Manente Neto<\/span><\/span><\/div><\/div><\/figcaption><\/figure><\/a><!--end av-masonry entry--><a href=\"https:\/\/sebraepr.com.br\/soucuritiba\/tag-de-bagagem-selos-cwb\/\"  id='av-masonry-1-item-4214' data-av-masonry-item='4214' class='av-masonry-entry isotope-item post-4214 post type-post status-publish format-standard has-post-thumbnail hentry category-carolina-reader-rempto tag-tag-de-mala  av-masonry-item-with-image' title=\"Tag de Bagagem Selos CWB2\"  itemscope=\"itemscope\" itemtype=\"https:\/\/schema.org\/CreativeWork\" ><div class='av-inner-masonry-sizer'><\/div><figure class='av-inner-masonry main_color'><div class=\"av-masonry-outerimage-container\"><div class='av-masonry-image-container' style=\"background-image: url(https:\/\/sebraepr.com.br\/soucuritiba\/wp-content\/uploads\/2024\/09\/Tag-de-Bagagem-Selos-CWB2-705x470.jpg);\"  title=\"Tag de Bagagem Selos CWB2\"  ><\/div><\/div><figcaption class='av-inner-masonry-content site-background'><div class='av-inner-masonry-content-pos'><div class='av-inner-masonry-content-pos-content'><div class='avia-arrow'><\/div><h3 class='av-masonry-entry-title entry-title '  itemprop=\"headline\" >Tag de Bagagem Selos CWB<\/h3><span class='av-masonry-date meta-color updated'>18 de setembro de 2024<\/span><span class=\"av-masonry-text-sep text-sep-author\">\/<\/span><span class='av-masonry-author meta-color author'><span class='fn'>por Antonio Manente Neto<\/span><\/span><\/div><\/div><\/figcaption><\/figure><\/a><!--end av-masonry entry--><a href=\"https:\/\/sebraepr.com.br\/soucuritiba\/prendedor-de-papel-de-porcelana\/\"  id='av-masonry-1-item-5194' data-av-masonry-item='5194' class='av-masonry-entry isotope-item post-5194 post type-post status-publish format-standard has-post-thumbnail hentry category-aparecida-fatima-de-oliveira tag-porcelana  av-masonry-item-with-image' title=\"Prendedor de Papel de Porcelana\"  itemscope=\"itemscope\" itemtype=\"https:\/\/schema.org\/CreativeWork\" ><div class='av-inner-masonry-sizer'><\/div><figure class='av-inner-masonry main_color'><div class=\"av-masonry-outerimage-container\"><div class='av-masonry-image-container' style=\"background-image: url(https:\/\/sebraepr.com.br\/soucuritiba\/wp-content\/uploads\/2025\/09\/Prendedor-de-Papel-de-Porcelana-705x470.jpg);\"  title=\"Prendedor de Papel de Porcelana\"  ><\/div><\/div><figcaption class='av-inner-masonry-content site-background'><div class='av-inner-masonry-content-pos'><div class='av-inner-masonry-content-pos-content'><div class='avia-arrow'><\/div><h3 class='av-masonry-entry-title entry-title '  itemprop=\"headline\" >Prendedor de Papel de Porcelana<\/h3><span class='av-masonry-date meta-color updated'>17 de setembro de 2025<\/span><span class=\"av-masonry-text-sep text-sep-author\">\/<\/span><span class='av-masonry-author meta-color author'><span class='fn'>por Antonio Manente Neto<\/span><\/span><\/div><\/div><\/figcaption><\/figure><\/a><!--end av-masonry entry--><a href=\"https:\/\/sebraepr.com.br\/soucuritiba\/necessaire-luxo\/\"  id='av-masonry-1-item-5140' data-av-masonry-item='5140' class='av-masonry-entry isotope-item post-5140 post type-post status-publish format-standard has-post-thumbnail hentry category-adriana-laurindo-de-oliveira tag-necessaire  av-masonry-item-with-image' title=\"Necessaire Luxo\"  itemscope=\"itemscope\" itemtype=\"https:\/\/schema.org\/CreativeWork\" ><div class='av-inner-masonry-sizer'><\/div><figure class='av-inner-masonry main_color'><div class=\"av-masonry-outerimage-container\"><div class='av-masonry-image-container' style=\"background-image: url(https:\/\/sebraepr.com.br\/soucuritiba\/wp-content\/uploads\/2025\/09\/Necessaire-Luxo-705x466.jpg);\"  title=\"Necessaire Luxo\"  ><\/div><\/div><figcaption class='av-inner-masonry-content site-background'><div class='av-inner-masonry-content-pos'><div class='av-inner-masonry-content-pos-content'><div class='avia-arrow'><\/div><h3 class='av-masonry-entry-title entry-title '  itemprop=\"headline\" >Necessaire Luxo<\/h3><span class='av-masonry-date meta-color updated'>17 de setembro de 2025<\/span><span class=\"av-masonry-text-sep text-sep-author\">\/<\/span><span class='av-masonry-author meta-color author'><span class='fn'>por Antonio Manente Neto<\/span><\/span><\/div><\/div><\/figcaption><\/figure><\/a><!--end av-masonry entry--><a href=\"https:\/\/sebraepr.com.br\/soucuritiba\/clocki-feicho-para-bolsa\/\"  id='av-masonry-1-item-4174' data-av-masonry-item='4174' class='av-masonry-entry isotope-item post-4174 post type-post status-publish format-standard has-post-thumbnail hentry category-aloisio-selhorst tag-bolsa tag-bolsas tag-feicho  av-masonry-item-with-image' title=\"Clocki feicho para Bolsa\"  itemscope=\"itemscope\" itemtype=\"https:\/\/schema.org\/CreativeWork\" ><div class='av-inner-masonry-sizer'><\/div><figure class='av-inner-masonry main_color'><div class=\"av-masonry-outerimage-container\"><div class='av-masonry-image-container' style=\"background-image: url(https:\/\/sebraepr.com.br\/soucuritiba\/wp-content\/uploads\/2024\/09\/Clocki-feicho-para-Bolsa-470x705.jpg);\"  title=\"Clocki feicho para Bolsa\"  ><\/div><\/div><figcaption class='av-inner-masonry-content site-background'><div class='av-inner-masonry-content-pos'><div class='av-inner-masonry-content-pos-content'><div class='avia-arrow'><\/div><h3 class='av-masonry-entry-title entry-title '  itemprop=\"headline\" >Clocki \u2013 Feicho para Bolsa<\/h3><span class='av-masonry-date meta-color updated'>17 de setembro de 2024<\/span><span class=\"av-masonry-text-sep text-sep-author\">\/<\/span><span class='av-masonry-author meta-color author'><span class='fn'>por Antonio Manente Neto<\/span><\/span><\/div><\/div><\/figcaption><\/figure><\/a><!--end av-masonry entry--><a href=\"https:\/\/sebraepr.com.br\/soucuritiba\/adesivos-cwb\/\"  id='av-masonry-1-item-4191' data-av-masonry-item='4191' class='av-masonry-entry isotope-item post-4191 post type-post status-publish format-standard has-post-thumbnail hentry category-bruno-yamada-zambenedetti tag-adesivos  av-masonry-item-with-image' title=\"Adesivos CWB\"  itemscope=\"itemscope\" itemtype=\"https:\/\/schema.org\/CreativeWork\" ><div class='av-inner-masonry-sizer'><\/div><figure class='av-inner-masonry main_color'><div class=\"av-masonry-outerimage-container\"><div class='av-masonry-image-container' style=\"background-image: url(https:\/\/sebraepr.com.br\/soucuritiba\/wp-content\/uploads\/2024\/09\/Adesivos-CWB-705x470.jpg);\"  title=\"Adesivos CWB\"  ><\/div><\/div><figcaption class='av-inner-masonry-content site-background'><div class='av-inner-masonry-content-pos'><div class='av-inner-masonry-content-pos-content'><div class='avia-arrow'><\/div><h3 class='av-masonry-entry-title entry-title '  itemprop=\"headline\" >Adesivos CWB<\/h3><span class='av-masonry-date meta-color updated'>17 de setembro de 2024<\/span><span class=\"av-masonry-text-sep text-sep-author\">\/<\/span><span class='av-masonry-author meta-color author'><span class='fn'>por Antonio Manente Neto<\/span><\/span><\/div><\/div><\/figcaption><\/figure><\/a><!--end av-masonry entry--><a href=\"https:\/\/sebraepr.com.br\/soucuritiba\/kit-curitiba-em-nuvens\/\"  id='av-masonry-1-item-4340' data-av-masonry-item='4340' class='av-masonry-entry isotope-item post-4340 post type-post status-publish format-standard has-post-thumbnail hentry category-jamille-figueiredo-e-ricardo-chiapetti tag-kit  av-masonry-item-with-image' title=\"Kit Curitiba em Nuvens\"  itemscope=\"itemscope\" itemtype=\"https:\/\/schema.org\/CreativeWork\" ><div class='av-inner-masonry-sizer'><\/div><figure class='av-inner-masonry main_color'><div class=\"av-masonry-outerimage-container\"><div class='av-masonry-image-container' style=\"background-image: url(https:\/\/sebraepr.com.br\/soucuritiba\/wp-content\/uploads\/2024\/10\/Kit-Curitiba-em-Nuvens-705x462.jpg);\"  title=\"Kit Curitiba em Nuvens\"  ><\/div><\/div><figcaption class='av-inner-masonry-content site-background'><div class='av-inner-masonry-content-pos'><div class='av-inner-masonry-content-pos-content'><div class='avia-arrow'><\/div><h3 class='av-masonry-entry-title entry-title '  itemprop=\"headline\" >Kit Curitiba em Nuvens<\/h3><span class='av-masonry-date meta-color updated'>7 de outubro de 2024<\/span><span class=\"av-masonry-text-sep text-sep-author\">\/<\/span><span class='av-masonry-author meta-color author'><span class='fn'>por Antonio Manente Neto<\/span><\/span><\/div><\/div><\/figcaption><\/figure><\/a><!--end av-masonry entry--><a href=\"https:\/\/sebraepr.com.br\/soucuritiba\/lixocar-de-capivara\/\"  id='av-masonry-1-item-4270' data-av-masonry-item='4270' class='av-masonry-entry isotope-item post-4270 post type-post status-publish format-standard has-post-thumbnail hentry category-flavia-orso-e-derik-gabardo tag-lixocar  av-masonry-item-with-image' title=\"Lixocar de Capivara\"  itemscope=\"itemscope\" itemtype=\"https:\/\/schema.org\/CreativeWork\" ><div class='av-inner-masonry-sizer'><\/div><figure class='av-inner-masonry main_color'><div class=\"av-masonry-outerimage-container\"><div class='av-masonry-image-container' style=\"background-image: url(https:\/\/sebraepr.com.br\/soucuritiba\/wp-content\/uploads\/2024\/10\/Lixocar-de-Capivara-470x705.jpg);\"  title=\"Lixocar de Capivara\"  ><\/div><\/div><figcaption class='av-inner-masonry-content site-background'><div class='av-inner-masonry-content-pos'><div class='av-inner-masonry-content-pos-content'><div class='avia-arrow'><\/div><h3 class='av-masonry-entry-title entry-title '  itemprop=\"headline\" >Lixocar de Capivara<\/h3><span class='av-masonry-date meta-color updated'>7 de outubro de 2024<\/span><span class=\"av-masonry-text-sep text-sep-author\">\/<\/span><span class='av-masonry-author meta-color author'><span class='fn'>por Antonio Manente Neto<\/span><\/span><\/div><\/div><\/figcaption><\/figure><\/a><!--end av-masonry entry--><a href=\"https:\/\/sebraepr.com.br\/soucuritiba\/escapulario-petit\/\"  id='av-masonry-1-item-4199' data-av-masonry-item='4199' class='av-masonry-entry isotope-item post-4199 post type-post status-publish format-standard has-post-thumbnail hentry category-carolina-pereira-bastos tag-escapulario  av-masonry-item-with-image' title=\"Escapul\u00e1rio Petit\"  itemscope=\"itemscope\" itemtype=\"https:\/\/schema.org\/CreativeWork\" ><div class='av-inner-masonry-sizer'><\/div><figure class='av-inner-masonry main_color'><div class=\"av-masonry-outerimage-container\"><div class='av-masonry-image-container' style=\"background-image: url(https:\/\/sebraepr.com.br\/soucuritiba\/wp-content\/uploads\/2024\/09\/Escapulario-Petit-470x705.jpg);\"  title=\"Escapul\u00e1rio Petit\"  ><\/div><\/div><figcaption class='av-inner-masonry-content site-background'><div class='av-inner-masonry-content-pos'><div class='av-inner-masonry-content-pos-content'><div class='avia-arrow'><\/div><h3 class='av-masonry-entry-title entry-title '  itemprop=\"headline\" >Escapul\u00e1rio Petit<\/h3><span class='av-masonry-date meta-color updated'>18 de setembro de 2024<\/span><span class=\"av-masonry-text-sep text-sep-author\">\/<\/span><span class='av-masonry-author meta-color author'><span class='fn'>por Antonio Manente Neto<\/span><\/span><\/div><\/div><\/figcaption><\/figure><\/a><!--end av-masonry entry--><a href=\"https:\/\/sebraepr.com.br\/soucuritiba\/lenco-feminino-paco-da-liberdade\/\"  id='av-masonry-1-item-4458' data-av-masonry-item='4458' class='av-masonry-entry isotope-item post-4458 post type-post status-publish format-standard has-post-thumbnail hentry category-maria-emilia-m-jayme tag-lenco  av-masonry-item-with-image' title=\"Len\u00e7o Feminino Pa\u00e7o da Liberdade\"  itemscope=\"itemscope\" itemtype=\"https:\/\/schema.org\/CreativeWork\" ><div class='av-inner-masonry-sizer'><\/div><figure class='av-inner-masonry main_color'><div class=\"av-masonry-outerimage-container\"><div class='av-masonry-image-container' style=\"background-image: url(https:\/\/sebraepr.com.br\/soucuritiba\/wp-content\/uploads\/2024\/10\/Lenco-Feminino-Paco-da-Liberdade-705x470.jpg);\"  title=\"Len\u00e7o Feminino Pa\u00e7o da Liberdade\"  ><\/div><\/div><figcaption class='av-inner-masonry-content site-background'><div class='av-inner-masonry-content-pos'><div class='av-inner-masonry-content-pos-content'><div class='avia-arrow'><\/div><h3 class='av-masonry-entry-title entry-title '  itemprop=\"headline\" >Len\u00e7o Feminino \u2013 Pa\u00e7o da Liberdade<\/h3><span class='av-masonry-date meta-color updated'>10 de outubro de 2024<\/span><span class=\"av-masonry-text-sep text-sep-author\">\/<\/span><span class='av-masonry-author meta-color author'><span class='fn'>por Antonio Manente Neto<\/span><\/span><\/div><\/div><\/figcaption><\/figure><\/a><!--end av-masonry entry--><a href=\"https:\/\/sebraepr.com.br\/soucuritiba\/ecobag-capitiba\/\"  id='av-masonry-1-item-4506' data-av-masonry-item='4506' class='av-masonry-entry isotope-item post-4506 post type-post status-publish format-standard has-post-thumbnail hentry category-rosi-mari-durigan-luz tag-capivara tag-ecobag  av-masonry-item-with-image' title=\"Ecobag Capitiba\"  itemscope=\"itemscope\" itemtype=\"https:\/\/schema.org\/CreativeWork\" ><div class='av-inner-masonry-sizer'><\/div><figure class='av-inner-masonry main_color'><div class=\"av-masonry-outerimage-container\"><div class='av-masonry-image-container' style=\"background-image: url(https:\/\/sebraepr.com.br\/soucuritiba\/wp-content\/uploads\/2024\/10\/Ecobag-Capitiba-470x705.jpg);\"  title=\"Ecobag Capitiba\"  ><\/div><\/div><figcaption class='av-inner-masonry-content site-background'><div class='av-inner-masonry-content-pos'><div class='av-inner-masonry-content-pos-content'><div class='avia-arrow'><\/div><h3 class='av-masonry-entry-title entry-title '  itemprop=\"headline\" >Ecobag Capitiba<\/h3><span class='av-masonry-date meta-color updated'>10 de outubro de 2024<\/span><span class=\"av-masonry-text-sep text-sep-author\">\/<\/span><span class='av-masonry-author meta-color author'><span class='fn'>por Antonio Manente Neto<\/span><\/span><\/div><\/div><\/figcaption><\/figure><\/a><!--end av-masonry entry--><a href=\"https:\/\/sebraepr.com.br\/soucuritiba\/memorias-curitibana\/\"  id='av-masonry-1-item-3653' data-av-masonry-item='3653' class='av-masonry-entry isotope-item post-3653 post type-post status-publish format-standard has-post-thumbnail hentry category-camila-e-madeleine tag-jogo tag-memorias  av-masonry-item-with-image' title=\"Mem\u00f3rias Curitibana (1)\"  itemscope=\"itemscope\" itemtype=\"https:\/\/schema.org\/CreativeWork\" ><div class='av-inner-masonry-sizer'><\/div><figure class='av-inner-masonry main_color'><div class=\"av-masonry-outerimage-container\"><div class='av-masonry-image-container' style=\"background-image: url(https:\/\/sebraepr.com.br\/soucuritiba\/wp-content\/uploads\/2023\/03\/Memorias-Curitibana-1-705x470.jpg);\"  title=\"Mem\u00f3rias Curitibana (1)\"  ><\/div><\/div><figcaption class='av-inner-masonry-content site-background'><div class='av-inner-masonry-content-pos'><div class='av-inner-masonry-content-pos-content'><div class='avia-arrow'><\/div><h3 class='av-masonry-entry-title entry-title '  itemprop=\"headline\" >Mem\u00f3rias Curitibana<\/h3><span class='av-masonry-date meta-color updated'>15 de mar\u00e7o de 2023<\/span><span class=\"av-masonry-text-sep text-sep-author\">\/<\/span><span class='av-masonry-author meta-color author'><span class='fn'>por Antonio Manente Neto<\/span><\/span><\/div><\/div><\/figcaption><\/figure><\/a><!--end av-masonry entry--><a href=\"https:\/\/sebraepr.com.br\/soucuritiba\/caneca-curitibana-com-colher-e-tampa\/\"  id='av-masonry-1-item-4330' data-av-masonry-item='4330' class='av-masonry-entry isotope-item post-4330 post type-post status-publish format-standard has-post-thumbnail hentry category-heloise-mara-joekel tag-caneca  av-masonry-item-with-image' title=\"Caneca Curitibana com Colher e Tampa\"  itemscope=\"itemscope\" itemtype=\"https:\/\/schema.org\/CreativeWork\" ><div class='av-inner-masonry-sizer'><\/div><figure class='av-inner-masonry main_color'><div class=\"av-masonry-outerimage-container\"><div class='av-masonry-image-container' style=\"background-image: url(https:\/\/sebraepr.com.br\/soucuritiba\/wp-content\/uploads\/2024\/10\/Caneca-Curitibana-com-Colher-e-Tampa-705x469.jpg);\"  title=\"Caneca Curitibana com Colher e Tampa\"  ><\/div><\/div><figcaption class='av-inner-masonry-content site-background'><div class='av-inner-masonry-content-pos'><div class='av-inner-masonry-content-pos-content'><div class='avia-arrow'><\/div><h3 class='av-masonry-entry-title entry-title '  itemprop=\"headline\" >Caneca Curitibana com Colher e Tampa<\/h3><span class='av-masonry-date meta-color updated'>7 de outubro de 2024<\/span><span class=\"av-masonry-text-sep text-sep-author\">\/<\/span><span class='av-masonry-author meta-color author'><span class='fn'>por Antonio Manente Neto<\/span><\/span><\/div><\/div><\/figcaption><\/figure><\/a><!--end av-masonry entry--><a href=\"https:\/\/sebraepr.com.br\/soucuritiba\/estojo-ligeirao-curitibichos\/\"  id='av-masonry-1-item-4443' data-av-masonry-item='4443' class='av-masonry-entry isotope-item post-4443 post type-post status-publish format-standard has-post-thumbnail hentry category-marilene-da-s-b-oliveira tag-estojo  av-masonry-item-with-image' title=\"Estojo Ligeir\u00e3o Curitibichos\"  itemscope=\"itemscope\" itemtype=\"https:\/\/schema.org\/CreativeWork\" ><div class='av-inner-masonry-sizer'><\/div><figure class='av-inner-masonry main_color'><div class=\"av-masonry-outerimage-container\"><div class='av-masonry-image-container' style=\"background-image: url(https:\/\/sebraepr.com.br\/soucuritiba\/wp-content\/uploads\/2024\/10\/Estojo-Ligeirao-Curitibichos-705x470.jpg);\"  title=\"Estojo Ligeir\u00e3o Curitibichos\"  ><\/div><\/div><figcaption class='av-inner-masonry-content site-background'><div class='av-inner-masonry-content-pos'><div class='av-inner-masonry-content-pos-content'><div class='avia-arrow'><\/div><h3 class='av-masonry-entry-title entry-title '  itemprop=\"headline\" >Estojo Ligeir\u00e3o Curitibichos<\/h3><span class='av-masonry-date meta-color updated'>10 de outubro de 2024<\/span><span class=\"av-masonry-text-sep text-sep-author\">\/<\/span><span class='av-masonry-author meta-color author'><span class='fn'>por Antonio Manente Neto<\/span><\/span><\/div><\/div><\/figcaption><\/figure><\/a><!--end av-masonry entry--><a href=\"https:\/\/sebraepr.com.br\/soucuritiba\/cores-de-curitiba-giz-de-cera-3d\/\"  id='av-masonry-1-item-4232' data-av-masonry-item='4232' class='av-masonry-entry isotope-item post-4232 post type-post status-publish format-standard has-post-thumbnail hentry category-debora-jorgensen tag-giz-de-cera  av-masonry-item-with-image' title=\"Cores de Curitiba Giz de Cera 3D\"  itemscope=\"itemscope\" itemtype=\"https:\/\/schema.org\/CreativeWork\" ><div class='av-inner-masonry-sizer'><\/div><figure class='av-inner-masonry main_color'><div class=\"av-masonry-outerimage-container\"><div class='av-masonry-image-container' style=\"background-image: url(https:\/\/sebraepr.com.br\/soucuritiba\/wp-content\/uploads\/2024\/09\/Cores-de-Curitiba-Giz-de-Cera-3D-705x470.jpg);\"  title=\"Cores de Curitiba Giz de Cera 3D\"  ><\/div><\/div><figcaption class='av-inner-masonry-content site-background'><div class='av-inner-masonry-content-pos'><div class='av-inner-masonry-content-pos-content'><div class='avia-arrow'><\/div><h3 class='av-masonry-entry-title entry-title '  itemprop=\"headline\" >Cores de Curitiba \u2013 Giz de Cera 3D<\/h3><span class='av-masonry-date meta-color updated'>18 de setembro de 2024<\/span><span class=\"av-masonry-text-sep text-sep-author\">\/<\/span><span class='av-masonry-author meta-color author'><span class='fn'>por Antonio Manente Neto<\/span><\/span><\/div><\/div><\/figcaption><\/figure><\/a><!--end av-masonry entry--><a href=\"https:\/\/sebraepr.com.br\/soucuritiba\/vasinho-pintado-a-mao\/\"  id='av-masonry-1-item-4249' data-av-masonry-item='4249' class='av-masonry-entry isotope-item post-4249 post type-post status-publish format-standard has-post-thumbnail hentry category-edilene-guzzoni tag-vaso  av-masonry-item-with-image' title=\"Vasinho pintado \u00e0 m\u00e3o\"  itemscope=\"itemscope\" itemtype=\"https:\/\/schema.org\/CreativeWork\" ><div class='av-inner-masonry-sizer'><\/div><figure class='av-inner-masonry main_color'><div class=\"av-masonry-outerimage-container\"><div class='av-masonry-image-container' style=\"background-image: url(https:\/\/sebraepr.com.br\/soucuritiba\/wp-content\/uploads\/2024\/10\/Vasinho-pintado-a-mao-705x470.jpg);\"  title=\"Vasinho pintado \u00e0 m\u00e3o\"  ><\/div><\/div><figcaption class='av-inner-masonry-content site-background'><div class='av-inner-masonry-content-pos'><div class='av-inner-masonry-content-pos-content'><div class='avia-arrow'><\/div><h3 class='av-masonry-entry-title entry-title '  itemprop=\"headline\" >Vasinho pintado \u00e0 m\u00e3o<\/h3><span class='av-masonry-date meta-color updated'>7 de outubro de 2024<\/span><span class=\"av-masonry-text-sep text-sep-author\">\/<\/span><span class='av-masonry-author meta-color author'><span class='fn'>por Antonio Manente Neto<\/span><\/span><\/div><\/div><\/figcaption><\/figure><\/a><!--end av-masonry entry--><a href=\"https:\/\/sebraepr.com.br\/soucuritiba\/ima-memorias\/\"  id='av-masonry-1-item-5206' data-av-masonry-item='5206' class='av-masonry-entry isotope-item post-5206 post type-post status-publish format-standard has-post-thumbnail hentry category-artur-barrera-e-gabriel-estevinho tag-ima  av-masonry-item-with-image' title=\"Ima Memorias\"  itemscope=\"itemscope\" itemtype=\"https:\/\/schema.org\/CreativeWork\" ><div class='av-inner-masonry-sizer'><\/div><figure class='av-inner-masonry main_color'><div class=\"av-masonry-outerimage-container\"><div class='av-masonry-image-container' style=\"background-image: url(https:\/\/sebraepr.com.br\/soucuritiba\/wp-content\/uploads\/2025\/09\/Ima-Memorias-685x705.jpg);\"  title=\"Ima Memorias\"  ><\/div><\/div><figcaption class='av-inner-masonry-content site-background'><div class='av-inner-masonry-content-pos'><div class='av-inner-masonry-content-pos-content'><div class='avia-arrow'><\/div><h3 class='av-masonry-entry-title entry-title '  itemprop=\"headline\" >Im\u00e3 Memorias<\/h3><span class='av-masonry-date meta-color updated'>17 de setembro de 2025<\/span><span class=\"av-masonry-text-sep text-sep-author\">\/<\/span><span class='av-masonry-author meta-color author'><span class='fn'>por Antonio Manente Neto<\/span><\/span><\/div><\/div><\/figcaption><\/figure><\/a><!--end av-masonry entry--><a href=\"https:\/\/sebraepr.com.br\/soucuritiba\/camiseta-curitiba-sustentavel\/\"  id='av-masonry-1-item-5151' data-av-masonry-item='5151' class='av-masonry-entry isotope-item post-5151 post type-post status-publish format-standard has-post-thumbnail hentry category-aluisio-de-paula tag-camiseta  av-masonry-item-with-image' title=\"Camiseta Curitiba Sustentavel\"  itemscope=\"itemscope\" itemtype=\"https:\/\/schema.org\/CreativeWork\" ><div class='av-inner-masonry-sizer'><\/div><figure class='av-inner-masonry main_color'><div class=\"av-masonry-outerimage-container\"><div class='av-masonry-image-container' style=\"background-image: url(https:\/\/sebraepr.com.br\/soucuritiba\/wp-content\/uploads\/2025\/09\/Camiseta-Curitiba-Sustentavel-471x705.jpg);\"  title=\"Camiseta Curitiba Sustentavel\"  ><\/div><\/div><figcaption class='av-inner-masonry-content site-background'><div class='av-inner-masonry-content-pos'><div class='av-inner-masonry-content-pos-content'><div class='avia-arrow'><\/div><h3 class='av-masonry-entry-title entry-title '  itemprop=\"headline\" >Camiseta Curitiba Sustent\u00e1vel<\/h3><span class='av-masonry-date meta-color updated'>17 de setembro de 2025<\/span><span class=\"av-masonry-text-sep text-sep-author\">\/<\/span><span class='av-masonry-author meta-color author'><span class='fn'>por Antonio Manente Neto<\/span><\/span><\/div><\/div><\/figcaption><\/figure><\/a><!--end av-masonry entry--><a href=\"https:\/\/sebraepr.com.br\/soucuritiba\/tote-bag\/\"  id='av-masonry-1-item-4333' data-av-masonry-item='4333' class='av-masonry-entry isotope-item post-4333 post type-post status-publish format-standard has-post-thumbnail hentry category-jair-jarek tag-ecobag  av-masonry-item-with-image' title=\"Tote Bag\"  itemscope=\"itemscope\" itemtype=\"https:\/\/schema.org\/CreativeWork\" ><div class='av-inner-masonry-sizer'><\/div><figure class='av-inner-masonry main_color'><div class=\"av-masonry-outerimage-container\"><div class='av-masonry-image-container' style=\"background-image: url(https:\/\/sebraepr.com.br\/soucuritiba\/wp-content\/uploads\/2024\/10\/Tote-Bag-470x705.jpg);\"  title=\"Tote Bag\"  ><\/div><\/div><figcaption class='av-inner-masonry-content site-background'><div class='av-inner-masonry-content-pos'><div class='av-inner-masonry-content-pos-content'><div class='avia-arrow'><\/div><h3 class='av-masonry-entry-title entry-title '  itemprop=\"headline\" >Tote Bag<\/h3><span class='av-masonry-date meta-color updated'>7 de outubro de 2024<\/span><span class=\"av-masonry-text-sep text-sep-author\">\/<\/span><span class='av-masonry-author meta-color author'><span class='fn'>por Antonio Manente Neto<\/span><\/span><\/div><\/div><\/figcaption><\/figure><\/a><!--end av-masonry entry--><a href=\"https:\/\/sebraepr.com.br\/soucuritiba\/panos-de-prato\/\"  id='av-masonry-1-item-4374' data-av-masonry-item='4374' class='av-masonry-entry isotope-item post-4374 post type-post status-publish format-standard has-post-thumbnail hentry category-larissa-m-b-vasconcelos tag-panos  av-masonry-item-with-image' title=\"Panos de Prato\"  itemscope=\"itemscope\" itemtype=\"https:\/\/schema.org\/CreativeWork\" ><div class='av-inner-masonry-sizer'><\/div><figure class='av-inner-masonry main_color'><div class=\"av-masonry-outerimage-container\"><div class='av-masonry-image-container' style=\"background-image: url(https:\/\/sebraepr.com.br\/soucuritiba\/wp-content\/uploads\/2024\/10\/Panos-de-Prato-470x705.jpg);\"  title=\"Panos de Prato\"  ><\/div><\/div><figcaption class='av-inner-masonry-content site-background'><div class='av-inner-masonry-content-pos'><div class='av-inner-masonry-content-pos-content'><div class='avia-arrow'><\/div><h3 class='av-masonry-entry-title entry-title '  itemprop=\"headline\" >Panos de Prato<\/h3><span class='av-masonry-date meta-color updated'>7 de outubro de 2024<\/span><span class=\"av-masonry-text-sep text-sep-author\">\/<\/span><span class='av-masonry-author meta-color author'><span class='fn'>por Antonio Manente Neto<\/span><\/span><\/div><\/div><\/figcaption><\/figure><\/a><!--end av-masonry entry--><a href=\"https:\/\/sebraepr.com.br\/soucuritiba\/porta-copos-estacao\/\"  id='av-masonry-1-item-4292' data-av-masonry-item='4292' class='av-masonry-entry isotope-item post-4292 post type-post status-publish format-standard has-post-thumbnail hentry category-giovanna-thais-m-alves tag-porta-copos  av-masonry-item-with-image' title=\"Porta Copos Esta\u00e7\u00e3o\"  itemscope=\"itemscope\" itemtype=\"https:\/\/schema.org\/CreativeWork\" ><div class='av-inner-masonry-sizer'><\/div><figure class='av-inner-masonry main_color'><div class=\"av-masonry-outerimage-container\"><div class='av-masonry-image-container' style=\"background-image: url(https:\/\/sebraepr.com.br\/soucuritiba\/wp-content\/uploads\/2024\/10\/Porta-Copos-Estacao-705x470.jpg);\"  title=\"Porta Copos Esta\u00e7\u00e3o\"  ><\/div><\/div><figcaption class='av-inner-masonry-content site-background'><div class='av-inner-masonry-content-pos'><div class='av-inner-masonry-content-pos-content'><div class='avia-arrow'><\/div><h3 class='av-masonry-entry-title entry-title '  itemprop=\"headline\" >Porta Copos Esta\u00e7\u00e3o<\/h3><span class='av-masonry-date meta-color updated'>7 de outubro de 2024<\/span><span class=\"av-masonry-text-sep text-sep-author\">\/<\/span><span class='av-masonry-author meta-color author'><span class='fn'>por Antonio Manente Neto<\/span><\/span><\/div><\/div><\/figcaption><\/figure><\/a><!--end av-masonry entry--><a href=\"https:\/\/sebraepr.com.br\/soucuritiba\/caneca-pinhaozinho-de-curitiba\/\"  id='av-masonry-1-item-4157' data-av-masonry-item='4157' class='av-masonry-entry isotope-item post-4157 post type-post status-publish format-standard has-post-thumbnail hentry category-alexandra-giovanna-camarosk tag-caneca  av-masonry-item-with-image' title=\"Caneca Pinh\u00e3ozinho de Curitiba\"  itemscope=\"itemscope\" itemtype=\"https:\/\/schema.org\/CreativeWork\" ><div class='av-inner-masonry-sizer'><\/div><figure class='av-inner-masonry main_color'><div class=\"av-masonry-outerimage-container\"><div class='av-masonry-image-container' style=\"background-image: url(https:\/\/sebraepr.com.br\/soucuritiba\/wp-content\/uploads\/2024\/09\/Caneca-Pinhaozinho-de-Curitiba-705x469.jpg);\"  title=\"Caneca Pinh\u00e3ozinho de Curitiba\"  ><\/div><\/div><figcaption class='av-inner-masonry-content site-background'><div class='av-inner-masonry-content-pos'><div class='av-inner-masonry-content-pos-content'><div class='avia-arrow'><\/div><h3 class='av-masonry-entry-title entry-title '  itemprop=\"headline\" >Caneca Pinh\u00e3ozinho de Curitiba<\/h3><span class='av-masonry-date meta-color updated'>17 de setembro de 2024<\/span><span class=\"av-masonry-text-sep text-sep-author\">\/<\/span><span class='av-masonry-author meta-color author'><span class='fn'>por Antonio Manente Neto<\/span><\/span><\/div><\/div><\/figcaption><\/figure><\/a><!--end av-masonry entry--><a href=\"https:\/\/sebraepr.com.br\/soucuritiba\/diario-de-bordo-do-pirata-zulmiro\/\"  id='av-masonry-1-item-3709' data-av-masonry-item='3709' class='av-masonry-entry isotope-item post-3709 post type-post status-publish format-standard has-post-thumbnail hentry category-joseane-pesuschi tag-diario-de-bordo  av-masonry-item-with-image' title=\"Di\u00e1rio de bordo do Pirata Zulmiro (2)\"  itemscope=\"itemscope\" itemtype=\"https:\/\/schema.org\/CreativeWork\" ><div class='av-inner-masonry-sizer'><\/div><figure class='av-inner-masonry main_color'><div class=\"av-masonry-outerimage-container\"><div class='av-masonry-image-container' style=\"background-image: url(https:\/\/sebraepr.com.br\/soucuritiba\/wp-content\/uploads\/2023\/03\/Diario-de-bordo-do-Pirata-Zulmiro-2-705x470.jpg);\"  title=\"Di\u00e1rio de bordo do Pirata Zulmiro (2)\"  ><\/div><\/div><figcaption class='av-inner-masonry-content site-background'><div class='av-inner-masonry-content-pos'><div class='av-inner-masonry-content-pos-content'><div class='avia-arrow'><\/div><h3 class='av-masonry-entry-title entry-title '  itemprop=\"headline\" >Di\u00e1rio de bordo do Pirata Zulmiro<\/h3><span class='av-masonry-date meta-color updated'>16 de mar\u00e7o de 2023<\/span><span class=\"av-masonry-text-sep text-sep-author\">\/<\/span><span class='av-masonry-author meta-color author'><span class='fn'>por Antonio Manente Neto<\/span><\/span><\/div><\/div><\/figcaption><\/figure><\/a><!--end av-masonry entry--><a href=\"https:\/\/sebraepr.com.br\/soucuritiba\/canivete-noka\/\"  id='av-masonry-1-item-4171' data-av-masonry-item='4171' class='av-masonry-entry isotope-item post-4171 post type-post status-publish format-standard has-post-thumbnail hentry category-aloisio-selhorst tag-canivete  av-masonry-item-with-image' title=\"Canivete Noka3\"  itemscope=\"itemscope\" itemtype=\"https:\/\/schema.org\/CreativeWork\" ><div class='av-inner-masonry-sizer'><\/div><figure class='av-inner-masonry main_color'><div class=\"av-masonry-outerimage-container\"><div class='av-masonry-image-container' style=\"background-image: url(https:\/\/sebraepr.com.br\/soucuritiba\/wp-content\/uploads\/2024\/09\/Canivete-Noka3-705x470.jpg);\"  title=\"Canivete Noka3\"  ><\/div><\/div><figcaption class='av-inner-masonry-content site-background'><div class='av-inner-masonry-content-pos'><div class='av-inner-masonry-content-pos-content'><div class='avia-arrow'><\/div><h3 class='av-masonry-entry-title entry-title '  itemprop=\"headline\" >Canivete Noka<\/h3><span class='av-masonry-date meta-color updated'>17 de setembro de 2024<\/span><span class=\"av-masonry-text-sep text-sep-author\">\/<\/span><span class='av-masonry-author meta-color author'><span class='fn'>por Antonio Manente Neto<\/span><\/span><\/div><\/div><\/figcaption><\/figure><\/a><!--end av-masonry entry--><a href=\"https:\/\/sebraepr.com.br\/soucuritiba\/postais-curitibanos\/\"  id='av-masonry-1-item-3554' data-av-masonry-item='3554' class='av-masonry-entry isotope-item post-3554 post type-post status-publish format-standard has-post-thumbnail hentry category-maria-teresa-romano tag-postais  av-masonry-item-with-image' title=\"Postais Curitibanos (3)\"  itemscope=\"itemscope\" itemtype=\"https:\/\/schema.org\/CreativeWork\" ><div class='av-inner-masonry-sizer'><\/div><figure class='av-inner-masonry main_color'><div class=\"av-masonry-outerimage-container\"><div class='av-masonry-image-container' style=\"background-image: url(https:\/\/sebraepr.com.br\/soucuritiba\/wp-content\/uploads\/2023\/03\/Postais-Curitibanos-3-705x470.jpg);\"  title=\"Postais Curitibanos (3)\"  ><\/div><\/div><figcaption class='av-inner-masonry-content site-background'><div class='av-inner-masonry-content-pos'><div class='av-inner-masonry-content-pos-content'><div class='avia-arrow'><\/div><h3 class='av-masonry-entry-title entry-title '  itemprop=\"headline\" >Postais Curitibanos<\/h3><span class='av-masonry-date meta-color updated'>14 de mar\u00e7o de 2023<\/span><span class=\"av-masonry-text-sep text-sep-author\">\/<\/span><span class='av-masonry-author meta-color author'><span class='fn'>por Antonio Manente Neto<\/span><\/span><\/div><\/div><\/figcaption><\/figure><\/a><!--end av-masonry entry--><a href=\"https:\/\/sebraepr.com.br\/soucuritiba\/colecao-chas-curitibanos-trilha-das-capivaras\/\"  id='av-masonry-1-item-5145' data-av-masonry-item='5145' class='av-masonry-entry isotope-item post-5145 post type-post status-publish format-standard has-post-thumbnail hentry category-alessandra-gebur-kuster tag-capivara tag-cha  av-masonry-item-with-image' title=\"Ch\u00e1s Trilha das Capivaras2\"  itemscope=\"itemscope\" itemtype=\"https:\/\/schema.org\/CreativeWork\" ><div class='av-inner-masonry-sizer'><\/div><figure class='av-inner-masonry main_color'><div class=\"av-masonry-outerimage-container\"><div class='av-masonry-image-container' style=\"background-image: url(https:\/\/sebraepr.com.br\/soucuritiba\/wp-content\/uploads\/2025\/09\/Chas-Trilha-das-Capivaras2-705x407.jpg);\"  title=\"Ch\u00e1s Trilha das Capivaras2\"  ><\/div><\/div><figcaption class='av-inner-masonry-content site-background'><div class='av-inner-masonry-content-pos'><div class='av-inner-masonry-content-pos-content'><div class='avia-arrow'><\/div><h3 class='av-masonry-entry-title entry-title '  itemprop=\"headline\" >Cole\u00e7\u00e3o Ch\u00e1s Curitibanos Trilha das Capivaras<\/h3><span class='av-masonry-date meta-color updated'>17 de setembro de 2025<\/span><span class=\"av-masonry-text-sep text-sep-author\">\/<\/span><span class='av-masonry-author meta-color author'><span class='fn'>por Antonio Manente Neto<\/span><\/span><\/div><\/div><\/figcaption><\/figure><\/a><!--end av-masonry entry--><a href=\"https:\/\/sebraepr.com.br\/soucuritiba\/camiseta-mandala-curitibana\/\"  id='av-masonry-1-item-4510' data-av-masonry-item='4510' class='av-masonry-entry isotope-item post-4510 post type-post status-publish format-standard has-post-thumbnail hentry category-rosi-mari-durigan-luz tag-camiseta tag-mandala  av-masonry-item-with-image' title=\"Camiseta Mandala Curitibana\"  itemscope=\"itemscope\" itemtype=\"https:\/\/schema.org\/CreativeWork\" ><div class='av-inner-masonry-sizer'><\/div><figure class='av-inner-masonry main_color'><div class=\"av-masonry-outerimage-container\"><div class='av-masonry-image-container' style=\"background-image: url(https:\/\/sebraepr.com.br\/soucuritiba\/wp-content\/uploads\/2024\/10\/Camiseta-Mandala-Curitibana-705x470.jpg);\"  title=\"Camiseta Mandala Curitibana\"  ><\/div><\/div><figcaption class='av-inner-masonry-content site-background'><div class='av-inner-masonry-content-pos'><div class='av-inner-masonry-content-pos-content'><div class='avia-arrow'><\/div><h3 class='av-masonry-entry-title entry-title '  itemprop=\"headline\" >Camiseta Mandala Curitibana<\/h3><span class='av-masonry-date meta-color updated'>10 de outubro de 2024<\/span><span class=\"av-masonry-text-sep text-sep-author\">\/<\/span><span class='av-masonry-author meta-color author'><span class='fn'>por Antonio Manente Neto<\/span><\/span><\/div><\/div><\/figcaption><\/figure><\/a><!--end av-masonry entry--><a href=\"https:\/\/sebraepr.com.br\/soucuritiba\/shot-curitibano\/\"  id='av-masonry-1-item-3648' data-av-masonry-item='3648' class='av-masonry-entry isotope-item post-3648 post type-post status-publish format-standard has-post-thumbnail hentry category-camila-e-madeleine tag-copo tag-shot  av-masonry-item-with-image' title=\"Shot Curitibano (2)\"  itemscope=\"itemscope\" itemtype=\"https:\/\/schema.org\/CreativeWork\" ><div class='av-inner-masonry-sizer'><\/div><figure class='av-inner-masonry main_color'><div class=\"av-masonry-outerimage-container\"><div class='av-masonry-image-container' style=\"background-image: url(https:\/\/sebraepr.com.br\/soucuritiba\/wp-content\/uploads\/2023\/03\/Shot-Curitibano-2-705x470.jpg);\"  title=\"Shot Curitibano (2)\"  ><\/div><\/div><figcaption class='av-inner-masonry-content site-background'><div class='av-inner-masonry-content-pos'><div class='av-inner-masonry-content-pos-content'><div class='avia-arrow'><\/div><h3 class='av-masonry-entry-title entry-title '  itemprop=\"headline\" >Shot Curitibano<\/h3><span class='av-masonry-date meta-color updated'>15 de mar\u00e7o de 2023<\/span><span class=\"av-masonry-text-sep text-sep-author\">\/<\/span><span class='av-masonry-author meta-color author'><span class='fn'>por Antonio Manente Neto<\/span><\/span><\/div><\/div><\/figcaption><\/figure><\/a><!--end av-masonry entry--><a href=\"https:\/\/sebraepr.com.br\/soucuritiba\/pratinho-de-porcelana\/\"  id='av-masonry-1-item-5186' data-av-masonry-item='5186' class='av-masonry-entry isotope-item post-5186 post type-post status-publish format-standard has-post-thumbnail hentry category-aparecida-fatima-de-oliveira tag-porcelana tag-pratinho  av-masonry-item-with-image' title=\"Pratinho de Porcelana\"  itemscope=\"itemscope\" itemtype=\"https:\/\/schema.org\/CreativeWork\" ><div class='av-inner-masonry-sizer'><\/div><figure class='av-inner-masonry main_color'><div class=\"av-masonry-outerimage-container\"><div class='av-masonry-image-container' style=\"background-image: url(https:\/\/sebraepr.com.br\/soucuritiba\/wp-content\/uploads\/2025\/09\/Pratinho-de-Porcelana-698x705.jpg);\"  title=\"Pratinho de Porcelana\"  ><\/div><\/div><figcaption class='av-inner-masonry-content site-background'><div class='av-inner-masonry-content-pos'><div class='av-inner-masonry-content-pos-content'><div class='avia-arrow'><\/div><h3 class='av-masonry-entry-title entry-title '  itemprop=\"headline\" >Pratinho de Porcelana<\/h3><span class='av-masonry-date meta-color updated'>17 de setembro de 2025<\/span><span class=\"av-masonry-text-sep text-sep-author\">\/<\/span><span class='av-masonry-author meta-color author'><span class='fn'>por Antonio Manente Neto<\/span><\/span><\/div><\/div><\/figcaption><\/figure><\/a><!--end av-masonry entry--><a href=\"https:\/\/sebraepr.com.br\/soucuritiba\/chaveiro-capivarando\/\"  id='av-masonry-1-item-4379' data-av-masonry-item='4379' class='av-masonry-entry isotope-item post-4379 post type-post status-publish format-standard has-post-thumbnail hentry category-lorena-giostri tag-chaveiro  av-masonry-item-with-image' title=\"Cheveiro Capivarando\"  itemscope=\"itemscope\" itemtype=\"https:\/\/schema.org\/CreativeWork\" ><div class='av-inner-masonry-sizer'><\/div><figure class='av-inner-masonry main_color'><div class=\"av-masonry-outerimage-container\"><div class='av-masonry-image-container' style=\"background-image: url(https:\/\/sebraepr.com.br\/soucuritiba\/wp-content\/uploads\/2024\/10\/Cheveiro-Capivarando-705x470.jpg);\"  title=\"Cheveiro Capivarando\"  ><\/div><\/div><figcaption class='av-inner-masonry-content site-background'><div class='av-inner-masonry-content-pos'><div class='av-inner-masonry-content-pos-content'><div class='avia-arrow'><\/div><h3 class='av-masonry-entry-title entry-title '  itemprop=\"headline\" >Chaveiro Capivarando<\/h3><span class='av-masonry-date meta-color updated'>7 de outubro de 2024<\/span><span class=\"av-masonry-text-sep text-sep-author\">\/<\/span><span class='av-masonry-author meta-color author'><span class='fn'>por Antonio Manente Neto<\/span><\/span><\/div><\/div><\/figcaption><\/figure><\/a><!--end av-masonry entry--><a href=\"https:\/\/sebraepr.com.br\/soucuritiba\/kit-aromas-kurytyba\/\"  id='av-masonry-1-item-5312' data-av-masonry-item='5312' class='av-masonry-entry isotope-item post-5312 post type-post status-publish format-standard has-post-thumbnail hentry category-tathiana-ziemmer tag-kit  av-masonry-item-with-image' title=\"Kit Aromas Kurytyba\"  itemscope=\"itemscope\" itemtype=\"https:\/\/schema.org\/CreativeWork\" ><div class='av-inner-masonry-sizer'><\/div><figure class='av-inner-masonry main_color'><div class=\"av-masonry-outerimage-container\"><div class='av-masonry-image-container' style=\"background-image: url(https:\/\/sebraepr.com.br\/soucuritiba\/wp-content\/uploads\/2025\/09\/Kit-Aromas-Kurytyba-705x475.jpg);\"  title=\"Kit Aromas Kurytyba\"  ><\/div><\/div><figcaption class='av-inner-masonry-content site-background'><div class='av-inner-masonry-content-pos'><div class='av-inner-masonry-content-pos-content'><div class='avia-arrow'><\/div><h3 class='av-masonry-entry-title entry-title '  itemprop=\"headline\" >Kit Aromas Kurytyba<\/h3><span class='av-masonry-date meta-color updated'>17 de setembro de 2025<\/span><span class=\"av-masonry-text-sep text-sep-author\">\/<\/span><span class='av-masonry-author meta-color author'><span class='fn'>por Antonio Manente Neto<\/span><\/span><\/div><\/div><\/figcaption><\/figure><\/a><!--end av-masonry entry--><a href=\"https:\/\/sebraepr.com.br\/soucuritiba\/camiseta-curitibana\/\"  id='av-masonry-1-item-4529' data-av-masonry-item='4529' class='av-masonry-entry isotope-item post-4529 post type-post status-publish format-standard has-post-thumbnail hentry category-tiago-cardoso-e-gabriela-pereira tag-camiseta tag-capivara  av-masonry-item-with-image' title=\"Camiseta Curitibana\"  itemscope=\"itemscope\" itemtype=\"https:\/\/schema.org\/CreativeWork\" ><div class='av-inner-masonry-sizer'><\/div><figure class='av-inner-masonry main_color'><div class=\"av-masonry-outerimage-container\"><div class='av-masonry-image-container' style=\"background-image: url(https:\/\/sebraepr.com.br\/soucuritiba\/wp-content\/uploads\/2024\/10\/Camiseta-Curitibana-470x705.jpg);\"  title=\"Camiseta Curitibana\"  ><\/div><\/div><figcaption class='av-inner-masonry-content site-background'><div class='av-inner-masonry-content-pos'><div class='av-inner-masonry-content-pos-content'><div class='avia-arrow'><\/div><h3 class='av-masonry-entry-title entry-title '  itemprop=\"headline\" >Camiseta Curitibana<\/h3><span class='av-masonry-date meta-color updated'>10 de outubro de 2024<\/span><span class=\"av-masonry-text-sep text-sep-author\">\/<\/span><span class='av-masonry-author meta-color author'><span class='fn'>por Antonio Manente Neto<\/span><\/span><\/div><\/div><\/figcaption><\/figure><\/a><!--end av-masonry entry--><a href=\"https:\/\/sebraepr.com.br\/soucuritiba\/fofuras-para-lapis\/\"  id='av-masonry-1-item-4365' data-av-masonry-item='4365' class='av-masonry-entry isotope-item post-4365 post type-post status-publish format-standard has-post-thumbnail hentry category-larissa-luz tag-lapis-2  av-masonry-item-with-image' title=\"Fofuras para Lapis2\"  itemscope=\"itemscope\" itemtype=\"https:\/\/schema.org\/CreativeWork\" ><div class='av-inner-masonry-sizer'><\/div><figure class='av-inner-masonry main_color'><div class=\"av-masonry-outerimage-container\"><div class='av-masonry-image-container' style=\"background-image: url(https:\/\/sebraepr.com.br\/soucuritiba\/wp-content\/uploads\/2024\/10\/Fofuras-para-Lapis2-705x470.jpg);\"  title=\"Fofuras para Lapis2\"  ><\/div><\/div><figcaption class='av-inner-masonry-content site-background'><div class='av-inner-masonry-content-pos'><div class='av-inner-masonry-content-pos-content'><div class='avia-arrow'><\/div><h3 class='av-masonry-entry-title entry-title '  itemprop=\"headline\" >Fofuras para L\u00e1pis<\/h3><span class='av-masonry-date meta-color updated'>7 de outubro de 2024<\/span><span class=\"av-masonry-text-sep text-sep-author\">\/<\/span><span class='av-masonry-author meta-color author'><span class='fn'>por Antonio Manente Neto<\/span><\/span><\/div><\/div><\/figcaption><\/figure><\/a><!--end av-masonry entry--><a href=\"https:\/\/sebraepr.com.br\/soucuritiba\/ecobag-arteeco\/\"  id='av-masonry-1-item-5163' data-av-masonry-item='5163' class='av-masonry-entry isotope-item post-5163 post type-post status-publish format-standard has-post-thumbnail hentry category-aluisio-de-paula tag-ecobag  av-masonry-item-with-image' title=\"Ecobag ArteEco2\"  itemscope=\"itemscope\" itemtype=\"https:\/\/schema.org\/CreativeWork\" ><div class='av-inner-masonry-sizer'><\/div><figure class='av-inner-masonry main_color'><div class=\"av-masonry-outerimage-container\"><div class='av-masonry-image-container' style=\"background-image: url(https:\/\/sebraepr.com.br\/soucuritiba\/wp-content\/uploads\/2025\/09\/Ecobag-ArteEco2-705x513.jpg);\"  title=\"Ecobag ArteEco2\"  ><\/div><\/div><figcaption class='av-inner-masonry-content site-background'><div class='av-inner-masonry-content-pos'><div class='av-inner-masonry-content-pos-content'><div class='avia-arrow'><\/div><h3 class='av-masonry-entry-title entry-title '  itemprop=\"headline\" >Ecobag ArteEco<\/h3><span class='av-masonry-date meta-color updated'>17 de setembro de 2025<\/span><span class=\"av-masonry-text-sep text-sep-author\">\/<\/span><span class='av-masonry-author meta-color author'><span class='fn'>por Antonio Manente Neto<\/span><\/span><\/div><\/div><\/figcaption><\/figure><\/a><!--end av-masonry entry--><a href=\"https:\/\/sebraepr.com.br\/soucuritiba\/mandala-pinhoes\/\"  id='av-masonry-1-item-3572' data-av-masonry-item='3572' class='av-masonry-entry isotope-item post-3572 post type-post status-publish format-standard has-post-thumbnail hentry category-luciana-claassen tag-mandala  av-masonry-item-with-image' title=\"Mandala Pinh\u00f5es (2)\"  itemscope=\"itemscope\" itemtype=\"https:\/\/schema.org\/CreativeWork\" ><div class='av-inner-masonry-sizer'><\/div><figure class='av-inner-masonry main_color'><div class=\"av-masonry-outerimage-container\"><div class='av-masonry-image-container' style=\"background-image: url(https:\/\/sebraepr.com.br\/soucuritiba\/wp-content\/uploads\/2023\/03\/Mandala-Pinhoes-2-705x470.jpg);\"  title=\"Mandala Pinh\u00f5es (2)\"  ><\/div><\/div><figcaption class='av-inner-masonry-content site-background'><div class='av-inner-masonry-content-pos'><div class='av-inner-masonry-content-pos-content'><div class='avia-arrow'><\/div><h3 class='av-masonry-entry-title entry-title '  itemprop=\"headline\" >Mandala Pinh\u00f5es<\/h3><span class='av-masonry-date meta-color updated'>14 de mar\u00e7o de 2023<\/span><span class=\"av-masonry-text-sep text-sep-author\">\/<\/span><span class='av-masonry-author meta-color author'><span class='fn'>por Antonio Manente Neto<\/span><\/span><\/div><\/div><\/figcaption><\/figure><\/a><!--end av-masonry entry--><a href=\"https:\/\/sebraepr.com.br\/soucuritiba\/porta-objetos\/\"  id='av-masonry-1-item-3768' data-av-masonry-item='3768' class='av-masonry-entry isotope-item post-3768 post type-post status-publish format-standard has-post-thumbnail hentry category-vinicius-grosso tag-porta-objetos  av-masonry-item-with-image' title=\"Porta Objetos (3)\"  itemscope=\"itemscope\" itemtype=\"https:\/\/schema.org\/CreativeWork\" ><div class='av-inner-masonry-sizer'><\/div><figure class='av-inner-masonry main_color'><div class=\"av-masonry-outerimage-container\"><div class='av-masonry-image-container' style=\"background-image: url(https:\/\/sebraepr.com.br\/soucuritiba\/wp-content\/uploads\/2023\/03\/Porta-Objetos-3-705x470.jpg);\"  title=\"Porta Objetos (3)\"  ><\/div><\/div><figcaption class='av-inner-masonry-content site-background'><div class='av-inner-masonry-content-pos'><div class='av-inner-masonry-content-pos-content'><div class='avia-arrow'><\/div><h3 class='av-masonry-entry-title entry-title '  itemprop=\"headline\" >Porta Objetos<\/h3><span class='av-masonry-date meta-color updated'>16 de mar\u00e7o de 2023<\/span><span class=\"av-masonry-text-sep text-sep-author\">\/<\/span><span class='av-masonry-author meta-color author'><span class='fn'>por Antonio Manente Neto<\/span><\/span><\/div><\/div><\/figcaption><\/figure><\/a><!--end av-masonry entry--><a href=\"https:\/\/sebraepr.com.br\/soucuritiba\/lenco-twilly-paco-da-liberdade\/\"  id='av-masonry-1-item-4410' data-av-masonry-item='4410' class='av-masonry-entry isotope-item post-4410 post type-post status-publish format-standard has-post-thumbnail hentry category-maria-emilia-m-jayme tag-lenco tag-twilly  av-masonry-item-with-image' title=\"Len\u00e7o Twilly Pa\u00e7o da Liberdade\"  itemscope=\"itemscope\" itemtype=\"https:\/\/schema.org\/CreativeWork\" ><div class='av-inner-masonry-sizer'><\/div><figure class='av-inner-masonry main_color'><div class=\"av-masonry-outerimage-container\"><div class='av-masonry-image-container' style=\"background-image: url(https:\/\/sebraepr.com.br\/soucuritiba\/wp-content\/uploads\/2024\/10\/Lenco-Twilly-Paco-da-Liberdade-470x705.jpg);\"  title=\"Len\u00e7o Twilly Pa\u00e7o da Liberdade\"  ><\/div><\/div><figcaption class='av-inner-masonry-content site-background'><div class='av-inner-masonry-content-pos'><div class='av-inner-masonry-content-pos-content'><div class='avia-arrow'><\/div><h3 class='av-masonry-entry-title entry-title '  itemprop=\"headline\" >Len\u00e7o Twilly \u2013 Pa\u00e7o da Liberdade<\/h3><span class='av-masonry-date meta-color updated'>7 de outubro de 2024<\/span><span class=\"av-masonry-text-sep text-sep-author\">\/<\/span><span class='av-masonry-author meta-color author'><span class='fn'>por Antonio Manente Neto<\/span><\/span><\/div><\/div><\/figcaption><\/figure><\/a><!--end av-masonry entry--><a href=\"https:\/\/sebraepr.com.br\/soucuritiba\/sticker-packdo-pinhaozinho-de-curitiba\/\"  id='av-masonry-1-item-4143' data-av-masonry-item='4143' class='av-masonry-entry isotope-item post-4143 post type-post status-publish format-standard has-post-thumbnail hentry category-alexandra-giovanna-camarosk tag-adesivos tag-sticker  av-masonry-item-with-image' title=\"Sticker Packdo Pinh\u00e3ozinho de Curitiba\"  itemscope=\"itemscope\" itemtype=\"https:\/\/schema.org\/CreativeWork\" ><div class='av-inner-masonry-sizer'><\/div><figure class='av-inner-masonry main_color'><div class=\"av-masonry-outerimage-container\"><div class='av-masonry-image-container' style=\"background-image: url(https:\/\/sebraepr.com.br\/soucuritiba\/wp-content\/uploads\/2024\/09\/Sticker-Packdo-Pinhaozinho-de-Curitiba-470x705.jpg);\"  title=\"Sticker Packdo Pinh\u00e3ozinho de Curitiba\"  ><\/div><\/div><figcaption class='av-inner-masonry-content site-background'><div class='av-inner-masonry-content-pos'><div class='av-inner-masonry-content-pos-content'><div class='avia-arrow'><\/div><h3 class='av-masonry-entry-title entry-title '  itemprop=\"headline\" >Sticker Packdo Pinh\u00e3ozinho de Curitiba<\/h3><span class='av-masonry-date meta-color updated'>17 de setembro de 2024<\/span><span class=\"av-masonry-text-sep text-sep-author\">\/<\/span><span class='av-masonry-author meta-color author'><span class='fn'>por Antonio Manente Neto<\/span><\/span><\/div><\/div><\/figcaption><\/figure><\/a><!--end av-masonry entry--><a href=\"https:\/\/sebraepr.com.br\/soucuritiba\/mini-xicara-casal-capi\/\"  id='av-masonry-1-item-4517' data-av-masonry-item='4517' class='av-masonry-entry isotope-item post-4517 post type-post status-publish format-standard has-post-thumbnail hentry category-taylana-ribeiro-de-souza tag-capivara tag-xicara  av-masonry-item-with-image' title=\"Mini X\u00edcara Casal Capi2\"  itemscope=\"itemscope\" itemtype=\"https:\/\/schema.org\/CreativeWork\" ><div class='av-inner-masonry-sizer'><\/div><figure class='av-inner-masonry main_color'><div class=\"av-masonry-outerimage-container\"><div class='av-masonry-image-container' style=\"background-image: url(https:\/\/sebraepr.com.br\/soucuritiba\/wp-content\/uploads\/2024\/10\/Mini-Xicara-Casal-Capi2.jpg);\"  title=\"Mini X\u00edcara Casal Capi2\"  ><\/div><\/div><figcaption class='av-inner-masonry-content site-background'><div class='av-inner-masonry-content-pos'><div class='av-inner-masonry-content-pos-content'><div class='avia-arrow'><\/div><h3 class='av-masonry-entry-title entry-title '  itemprop=\"headline\" >Mini X\u00edcara Casal Capi<\/h3><span class='av-masonry-date meta-color updated'>10 de outubro de 2024<\/span><span class=\"av-masonry-text-sep text-sep-author\">\/<\/span><span class='av-masonry-author meta-color author'><span class='fn'>por Antonio Manente Neto<\/span><\/span><\/div><\/div><\/figcaption><\/figure><\/a><!--end av-masonry entry--><a href=\"https:\/\/sebraepr.com.br\/soucuritiba\/curitibanes-magnetico\/\"  id='av-masonry-1-item-3552' data-av-masonry-item='3552' class='av-masonry-entry isotope-item post-3552 post type-post status-publish format-standard has-post-thumbnail hentry category-maria-teresa-romano tag-curitibanes tag-magnetico  av-masonry-item-with-image' title=\"Curitiban\u00eas Magn\u00e9tico (1)\"  itemscope=\"itemscope\" itemtype=\"https:\/\/schema.org\/CreativeWork\" ><div class='av-inner-masonry-sizer'><\/div><figure class='av-inner-masonry main_color'><div class=\"av-masonry-outerimage-container\"><div class='av-masonry-image-container' style=\"background-image: url(https:\/\/sebraepr.com.br\/soucuritiba\/wp-content\/uploads\/2023\/03\/Curitibanes-Magnetico-1-705x470.jpg);\"  title=\"Curitiban\u00eas Magn\u00e9tico (1)\"  ><\/div><\/div><figcaption class='av-inner-masonry-content site-background'><div class='av-inner-masonry-content-pos'><div class='av-inner-masonry-content-pos-content'><div class='avia-arrow'><\/div><h3 class='av-masonry-entry-title entry-title '  itemprop=\"headline\" >Curitiban\u00eas Magn\u00e9tico<\/h3><span class='av-masonry-date meta-color updated'>14 de mar\u00e7o de 2023<\/span><span class=\"av-masonry-text-sep text-sep-author\">\/<\/span><span class='av-masonry-author meta-color author'><span class='fn'>por Antonio Manente Neto<\/span><\/span><\/div><\/div><\/figcaption><\/figure><\/a><!--end av-masonry entry--><a href=\"https:\/\/sebraepr.com.br\/soucuritiba\/fita-para-segurar-celular-2\/\"  id='av-masonry-1-item-4394' data-av-masonry-item='4394' class='av-masonry-entry isotope-item post-4394 post type-post status-publish format-standard has-post-thumbnail hentry category-marcia-galvao-simm-rocha tag-celular tag-fita  av-masonry-item-with-image' title=\"Fita Para Segurar Celular\"  itemscope=\"itemscope\" itemtype=\"https:\/\/schema.org\/CreativeWork\" ><div class='av-inner-masonry-sizer'><\/div><figure class='av-inner-masonry main_color'><div class=\"av-masonry-outerimage-container\"><div class='av-masonry-image-container' style=\"background-image: url(https:\/\/sebraepr.com.br\/soucuritiba\/wp-content\/uploads\/2024\/10\/Fita-Para-Segurar-Celular-470x705.jpg);\"  title=\"Fita Para Segurar Celular\"  ><\/div><\/div><figcaption class='av-inner-masonry-content site-background'><div class='av-inner-masonry-content-pos'><div class='av-inner-masonry-content-pos-content'><div class='avia-arrow'><\/div><h3 class='av-masonry-entry-title entry-title '  itemprop=\"headline\" >Fita para Segurar Celular<\/h3><span class='av-masonry-date meta-color updated'>7 de outubro de 2024<\/span><span class=\"av-masonry-text-sep text-sep-author\">\/<\/span><span class='av-masonry-author meta-color author'><span class='fn'>por Antonio Manente Neto<\/span><\/span><\/div><\/div><\/figcaption><\/figure><\/a><!--end av-masonry entry--><a href=\"https:\/\/sebraepr.com.br\/soucuritiba\/azulejo-do-patrimonio\/\"  id='av-masonry-1-item-5231' data-av-masonry-item='5231' class='av-masonry-entry isotope-item post-5231 post type-post status-publish format-standard has-post-thumbnail hentry category-giovanna-thais-m-alves tag-azulejos tag-patrimonio  av-masonry-item-with-image' title=\"Azulejo do Patrim\u00f4nio\"  itemscope=\"itemscope\" itemtype=\"https:\/\/schema.org\/CreativeWork\" ><div class='av-inner-masonry-sizer'><\/div><figure class='av-inner-masonry main_color'><div class=\"av-masonry-outerimage-container\"><div class='av-masonry-image-container' style=\"background-image: url(https:\/\/sebraepr.com.br\/soucuritiba\/wp-content\/uploads\/2025\/09\/Azulejo-do-Patrimonio-705x465.jpg);\"  title=\"Azulejo do Patrim\u00f4nio\"  ><\/div><\/div><figcaption class='av-inner-masonry-content site-background'><div class='av-inner-masonry-content-pos'><div class='av-inner-masonry-content-pos-content'><div class='avia-arrow'><\/div><h3 class='av-masonry-entry-title entry-title '  itemprop=\"headline\" >Azulejo do Patrim\u00f4nio<\/h3><span class='av-masonry-date meta-color updated'>17 de setembro de 2025<\/span><span class=\"av-masonry-text-sep text-sep-author\">\/<\/span><span class='av-masonry-author meta-color author'><span class='fn'>por Antonio Manente Neto<\/span><\/span><\/div><\/div><\/figcaption><\/figure><\/a><!--end av-masonry entry--><\/div><\/div><\/div><div class='flex_column av-dbthm-6460bcf7af24d7d2426d9518343f3561 av_one_fifth  avia-builder-el-7  el_after_av_four_fifth  avia-builder-el-last  flex_column_div '   ><div  class='avia-builder-widget-area clearfix  avia-builder-el-8  avia-builder-el-no-sibling '><section id=\"nav_menu-8\" class=\"widget clearfix widget_nav_menu\"><h3 class=\"widgettitle\">Criativos<\/h3><div class=\"menu-empresas-container\"><ul id=\"menu-empresas\" class=\"menu\"><li id=\"menu-item-5131\" class=\"menu-item menu-item-type-taxonomy menu-item-object-category menu-item-5131\"><a href=\"https:\/\/sebraepr.com.br\/soucuritiba\/category\/adriana-laurindo-de-oliveira\/\">Adriana Laurindo de Oliveira<\/a><\/li>\n<li id=\"menu-item-4778\" class=\"menu-item menu-item-type-taxonomy menu-item-object-category menu-item-4778\"><a href=\"https:\/\/sebraepr.com.br\/soucuritiba\/category\/alessandra-gebur-kuster\/\">Alessandra Gebur Kuster<\/a><\/li>\n<li id=\"menu-item-4779\" class=\"menu-item menu-item-type-taxonomy menu-item-object-category menu-item-4779\"><a href=\"https:\/\/sebraepr.com.br\/soucuritiba\/category\/alexandra-giovanna-camarosk\/\">Alexandra Giovanna Camarosk<\/a><\/li>\n<li id=\"menu-item-4780\" class=\"menu-item menu-item-type-taxonomy menu-item-object-category menu-item-4780\"><a href=\"https:\/\/sebraepr.com.br\/soucuritiba\/category\/aloisio-selhorst\/\">Aloisio Selhorst<\/a><\/li>\n<li id=\"menu-item-5149\" class=\"menu-item menu-item-type-taxonomy menu-item-object-category menu-item-5149\"><a href=\"https:\/\/sebraepr.com.br\/soucuritiba\/category\/aluisio-de-paula\/\">Alu\u00edsio de Paula<\/a><\/li>\n<li id=\"menu-item-5174\" class=\"menu-item menu-item-type-taxonomy menu-item-object-category menu-item-5174\"><a href=\"https:\/\/sebraepr.com.br\/soucuritiba\/category\/ana-daniela-de-oliveira-chruscielski\/\">Ana Daniela de Oliveira<\/a><\/li>\n<li id=\"menu-item-5176\" class=\"menu-item menu-item-type-taxonomy menu-item-object-category menu-item-5176\"><a href=\"https:\/\/sebraepr.com.br\/soucuritiba\/category\/anelise-bittencourt-gerceski\/\">Anelise Bittencourt Gerceski<\/a><\/li>\n<li id=\"menu-item-5185\" class=\"menu-item menu-item-type-taxonomy menu-item-object-category menu-item-5185\"><a href=\"https:\/\/sebraepr.com.br\/soucuritiba\/category\/aparecida-fatima-de-oliveira\/\">Aparecida Fatima de Oliveira<\/a><\/li>\n<li id=\"menu-item-4781\" class=\"menu-item menu-item-type-taxonomy menu-item-object-category menu-item-4781\"><a href=\"https:\/\/sebraepr.com.br\/soucuritiba\/category\/ariana-metzger\/\">Ariana Metzger<\/a><\/li>\n<li id=\"menu-item-5197\" class=\"menu-item menu-item-type-taxonomy menu-item-object-category menu-item-5197\"><a href=\"https:\/\/sebraepr.com.br\/soucuritiba\/category\/artur-barrera-e-gabriel-estevinho\/\">Artur Barrera e Gabriel Estevinho<\/a><\/li>\n<li id=\"menu-item-5209\" class=\"menu-item menu-item-type-taxonomy menu-item-object-category menu-item-5209\"><a href=\"https:\/\/sebraepr.com.br\/soucuritiba\/category\/bianca-paiola-laurenti\/\">Bianca Paiola Laurenti<\/a><\/li>\n<li id=\"menu-item-3657\" class=\"menu-item menu-item-type-taxonomy menu-item-object-category menu-item-3657\"><a href=\"https:\/\/sebraepr.com.br\/soucuritiba\/category\/brenda-niewiorowski\/\">Brenda Niewiorowski<\/a><\/li>\n<li id=\"menu-item-5035\" class=\"menu-item menu-item-type-taxonomy menu-item-object-category menu-item-5035\"><a href=\"https:\/\/sebraepr.com.br\/soucuritiba\/category\/bruno-yamada-zambenedetti\/\">Bruno Yamada Zambenedetti<\/a><\/li>\n<li id=\"menu-item-3658\" class=\"menu-item menu-item-type-taxonomy menu-item-object-category menu-item-3658\"><a href=\"https:\/\/sebraepr.com.br\/soucuritiba\/category\/camila-e-madeleine\/\">Camila e Madeleine<\/a><\/li>\n<li id=\"menu-item-5021\" class=\"menu-item menu-item-type-taxonomy menu-item-object-category menu-item-5021\"><a href=\"https:\/\/sebraepr.com.br\/soucuritiba\/category\/carolina-pereira-bastos\/\">Carolina Pereira Bastos<\/a><\/li>\n<li id=\"menu-item-5008\" class=\"menu-item menu-item-type-taxonomy menu-item-object-category menu-item-5008\"><a href=\"https:\/\/sebraepr.com.br\/soucuritiba\/category\/carolina-reader-rempto\/\">Carolina Reader Rempto<\/a><\/li>\n<li id=\"menu-item-3981\" class=\"menu-item menu-item-type-taxonomy menu-item-object-category menu-item-3981\"><a href=\"https:\/\/sebraepr.com.br\/soucuritiba\/category\/cecilia-e-patricia\/\">Cecilia e Patricia<\/a><\/li>\n<li id=\"menu-item-3982\" class=\"menu-item menu-item-type-taxonomy menu-item-object-category menu-item-3982\"><a href=\"https:\/\/sebraepr.com.br\/soucuritiba\/category\/debora-e-tereza\/\">Debora e Tereza<\/a><\/li>\n<li id=\"menu-item-4996\" class=\"menu-item menu-item-type-taxonomy menu-item-object-category menu-item-4996\"><a href=\"https:\/\/sebraepr.com.br\/soucuritiba\/category\/debora-jorgensen\/\">D\u00e9bora Jorgensen<\/a><\/li>\n<li id=\"menu-item-3659\" class=\"menu-item menu-item-type-taxonomy menu-item-object-category menu-item-3659\"><a href=\"https:\/\/sebraepr.com.br\/soucuritiba\/category\/diego-bachmann\/\">Diego Bachmann<\/a><\/li>\n<li id=\"menu-item-4989\" class=\"menu-item menu-item-type-taxonomy menu-item-object-category menu-item-4989\"><a href=\"https:\/\/sebraepr.com.br\/soucuritiba\/category\/edilene-guzzoni\/\">Edilene Guzzoni<\/a><\/li>\n<li id=\"menu-item-5222\" class=\"menu-item menu-item-type-taxonomy menu-item-object-category menu-item-5222\"><a href=\"https:\/\/sebraepr.com.br\/soucuritiba\/category\/elisangela-barbosa-e-dandara-barbosa\/\">Elisangela Barbosa e Dandara Barbosa<\/a><\/li>\n<li id=\"menu-item-4983\" class=\"menu-item menu-item-type-taxonomy menu-item-object-category menu-item-4983\"><a href=\"https:\/\/sebraepr.com.br\/soucuritiba\/category\/felix-proenca-trindade\/\">Felix Proen\u00e7a Trindade<\/a><\/li>\n<li id=\"menu-item-4973\" class=\"menu-item menu-item-type-taxonomy menu-item-object-category menu-item-4973\"><a href=\"https:\/\/sebraepr.com.br\/soucuritiba\/category\/flavia-orso-e-derik-gabardo\/\">Fl\u00e1via Orso e Derik Gabardo<\/a><\/li>\n<li id=\"menu-item-4963\" class=\"menu-item menu-item-type-taxonomy menu-item-object-category menu-item-4963\"><a href=\"https:\/\/sebraepr.com.br\/soucuritiba\/category\/georgia-collete-cadamuro\/\">Ge\u00f3rgia Collete Cadamuro<\/a><\/li>\n<li id=\"menu-item-3988\" class=\"menu-item menu-item-type-taxonomy menu-item-object-category menu-item-3988\"><a href=\"https:\/\/sebraepr.com.br\/soucuritiba\/category\/georgiana-vidal\/\">Georgiana Vidal<\/a><\/li>\n<li id=\"menu-item-4949\" class=\"menu-item menu-item-type-taxonomy menu-item-object-category menu-item-4949\"><a href=\"https:\/\/sebraepr.com.br\/soucuritiba\/category\/giovanna-thais-m-alves\/\">Giovanna Thais M. Alves<\/a><\/li>\n<li id=\"menu-item-5241\" class=\"menu-item menu-item-type-taxonomy menu-item-object-category menu-item-5241\"><a href=\"https:\/\/sebraepr.com.br\/soucuritiba\/category\/gisele-rita-vieira\/\">Gisele Rita Vieira<\/a><\/li>\n<li id=\"menu-item-4948\" class=\"menu-item menu-item-type-taxonomy menu-item-object-category menu-item-4948\"><a href=\"https:\/\/sebraepr.com.br\/soucuritiba\/category\/gleyce-cruz-da-silva-gomes\/\">Gleyce Cruz da Silva Gomes<\/a><\/li>\n<li id=\"menu-item-4933\" class=\"menu-item menu-item-type-taxonomy menu-item-object-category menu-item-4933\"><a href=\"https:\/\/sebraepr.com.br\/soucuritiba\/category\/gloria-maria-gerber-vargas\/\">Gloria Maria Gerber Vargas<\/a><\/li>\n<li id=\"menu-item-5079\" class=\"menu-item menu-item-type-taxonomy menu-item-object-category menu-item-5079\"><a href=\"https:\/\/sebraepr.com.br\/soucuritiba\/category\/hellio-e-claudia-broday\/\">Hellio  e Claudia Broday<\/a><\/li>\n<li id=\"menu-item-4931\" class=\"menu-item menu-item-type-taxonomy menu-item-object-category menu-item-4931\"><a href=\"https:\/\/sebraepr.com.br\/soucuritiba\/category\/heloise-mara-joekel\/\">Heloise Mara Joekel<\/a><\/li>\n<li id=\"menu-item-3989\" class=\"menu-item menu-item-type-taxonomy menu-item-object-category menu-item-3989\"><a href=\"https:\/\/sebraepr.com.br\/soucuritiba\/category\/heloise-mileine\/\">Heloise Mileine<\/a><\/li>\n<li id=\"menu-item-4918\" class=\"menu-item menu-item-type-taxonomy menu-item-object-category menu-item-4918\"><a href=\"https:\/\/sebraepr.com.br\/soucuritiba\/category\/jair-jarek\/\">Jair Jarek<\/a><\/li>\n<li id=\"menu-item-4911\" class=\"menu-item menu-item-type-taxonomy menu-item-object-category menu-item-4911\"><a href=\"https:\/\/sebraepr.com.br\/soucuritiba\/category\/jamille-figueiredo-e-ricardo-chiapetti\/\">Jamille Figueiredo e Ricardo Chiapetti<\/a><\/li>\n<li id=\"menu-item-5251\" class=\"menu-item menu-item-type-taxonomy menu-item-object-category menu-item-5251\"><a href=\"https:\/\/sebraepr.com.br\/soucuritiba\/category\/janaina-santos-valle\/\">Jana\u00edna Santos Valle<\/a><\/li>\n<li id=\"menu-item-3980\" class=\"menu-item menu-item-type-taxonomy menu-item-object-category menu-item-3980\"><a href=\"https:\/\/sebraepr.com.br\/soucuritiba\/category\/joseane-pesuschi\/\">Joseane Pesuschi<\/a><\/li>\n<li id=\"menu-item-3990\" class=\"menu-item menu-item-type-taxonomy menu-item-object-category menu-item-3990\"><a href=\"https:\/\/sebraepr.com.br\/soucuritiba\/category\/karine-serafim\/\">Karine Serafim<\/a><\/li>\n<li id=\"menu-item-4898\" class=\"menu-item menu-item-type-taxonomy menu-item-object-category menu-item-4898\"><a href=\"https:\/\/sebraepr.com.br\/soucuritiba\/category\/kesia-talisin\/\">K\u00e9sia Talisin<\/a><\/li>\n<li id=\"menu-item-4888\" class=\"menu-item menu-item-type-taxonomy menu-item-object-category menu-item-4888\"><a href=\"https:\/\/sebraepr.com.br\/soucuritiba\/category\/lara-drynko\/\">Lara Drynko<\/a><\/li>\n<li id=\"menu-item-3991\" class=\"menu-item menu-item-type-taxonomy menu-item-object-category menu-item-3991\"><a href=\"https:\/\/sebraepr.com.br\/soucuritiba\/category\/larissa-luz\/\">Larissa Luz<\/a><\/li>\n<li id=\"menu-item-4862\" class=\"menu-item menu-item-type-taxonomy menu-item-object-category menu-item-4862\"><a href=\"https:\/\/sebraepr.com.br\/soucuritiba\/category\/larissa-m-b-vasconcelos\/\">Larissa M. B. Vasconcelos<\/a><\/li>\n<li id=\"menu-item-4876\" class=\"menu-item menu-item-type-taxonomy menu-item-object-category menu-item-4876\"><a href=\"https:\/\/sebraepr.com.br\/soucuritiba\/category\/lorena-giostri\/\">Lorena Giostri<\/a><\/li>\n<li id=\"menu-item-3656\" class=\"menu-item menu-item-type-taxonomy menu-item-object-category menu-item-3656\"><a href=\"https:\/\/sebraepr.com.br\/soucuritiba\/category\/luciana-claassen\/\">Luciana Claassen<\/a><\/li>\n<li id=\"menu-item-4855\" class=\"menu-item menu-item-type-taxonomy menu-item-object-category menu-item-4855\"><a href=\"https:\/\/sebraepr.com.br\/soucuritiba\/category\/marcia-galvao-simm-rocha\/\">Marcia Galv\u00e3o Simm Rocha<\/a><\/li>\n<li id=\"menu-item-3992\" class=\"menu-item menu-item-type-taxonomy menu-item-object-category menu-item-3992\"><a href=\"https:\/\/sebraepr.com.br\/soucuritiba\/category\/marcia-zelak-agottani\/\">Marcia Zelak Agottani<\/a><\/li>\n<li id=\"menu-item-4820\" class=\"menu-item menu-item-type-taxonomy menu-item-object-category menu-item-4820\"><a href=\"https:\/\/sebraepr.com.br\/soucuritiba\/category\/maria-emilia-m-jayme\/\">Maria Em\u00edlia M. Jayme<\/a><\/li>\n<li id=\"menu-item-5263\" class=\"menu-item menu-item-type-taxonomy menu-item-object-category menu-item-5263\"><a href=\"https:\/\/sebraepr.com.br\/soucuritiba\/category\/maria-rosana-ceccon\/\">Maria Rosana Ceccon<\/a><\/li>\n<li id=\"menu-item-3655\" class=\"menu-item menu-item-type-taxonomy menu-item-object-category menu-item-3655\"><a href=\"https:\/\/sebraepr.com.br\/soucuritiba\/category\/maria-teresa-romano\/\">Maria Teresa Roman\u00f3<\/a><\/li>\n<li id=\"menu-item-4821\" class=\"menu-item menu-item-type-taxonomy menu-item-object-category menu-item-4821\"><a href=\"https:\/\/sebraepr.com.br\/soucuritiba\/category\/marilene-da-s-b-oliveira\/\">Marilene da S. B. Oliveira<\/a><\/li>\n<li id=\"menu-item-3987\" class=\"menu-item menu-item-type-taxonomy menu-item-object-category menu-item-3987\"><a href=\"https:\/\/sebraepr.com.br\/soucuritiba\/category\/maristela-dias-antoniacomi\/\">Maristela Dias Antoniacomi<\/a><\/li>\n<li id=\"menu-item-5276\" class=\"menu-item menu-item-type-taxonomy menu-item-object-category menu-item-5276\"><a href=\"https:\/\/sebraepr.com.br\/soucuritiba\/category\/monica-farias-mota\/\">M\u00f4nica Farias Mota<\/a><\/li>\n<li id=\"menu-item-4804\" class=\"menu-item menu-item-type-taxonomy menu-item-object-category menu-item-4804\"><a href=\"https:\/\/sebraepr.com.br\/soucuritiba\/category\/naotake-fukushima\/\">Naotake Fukushima<\/a><\/li>\n<li id=\"menu-item-4796\" class=\"menu-item menu-item-type-taxonomy menu-item-object-category menu-item-4796\"><a href=\"https:\/\/sebraepr.com.br\/soucuritiba\/category\/nicelma-ratim\/\">Nicelma Ratim<\/a><\/li>\n<li id=\"menu-item-4783\" class=\"menu-item menu-item-type-taxonomy menu-item-object-category menu-item-4783\"><a href=\"https:\/\/sebraepr.com.br\/soucuritiba\/category\/pedro-fernando-czarneski\/\">Pedro Fernando Czarneski<\/a><\/li>\n<li id=\"menu-item-4761\" class=\"menu-item menu-item-type-taxonomy menu-item-object-category menu-item-4761\"><a href=\"https:\/\/sebraepr.com.br\/soucuritiba\/category\/patricia-malenski-matosita\/\">Patr\u00edcia Malenski Matosita<\/a><\/li>\n<li id=\"menu-item-4782\" class=\"menu-item menu-item-type-taxonomy menu-item-object-category menu-item-4782\"><a href=\"https:\/\/sebraepr.com.br\/soucuritiba\/category\/rafaela-dlugokenski\/\">Rafaela Dlugokenski<\/a><\/li>\n<li id=\"menu-item-5304\" class=\"menu-item menu-item-type-taxonomy menu-item-object-category menu-item-5304\"><a href=\"https:\/\/sebraepr.com.br\/soucuritiba\/category\/ricardo-machuca-cavalcante\/\">Ricardo Machuca Cavalcante<\/a><\/li>\n<li id=\"menu-item-3986\" class=\"menu-item menu-item-type-taxonomy menu-item-object-category menu-item-3986\"><a href=\"https:\/\/sebraepr.com.br\/soucuritiba\/category\/roseli-pahl-tarbine\/\">Roseli Pahl Tarbine<\/a><\/li>\n<li id=\"menu-item-5084\" class=\"menu-item menu-item-type-taxonomy menu-item-object-category menu-item-5084\"><a href=\"https:\/\/sebraepr.com.br\/soucuritiba\/category\/rosi-mari-durigan-luz\/\">Rosi Mari Durigan Luz<\/a><\/li>\n<li id=\"menu-item-3985\" class=\"menu-item menu-item-type-taxonomy menu-item-object-category menu-item-3985\"><a href=\"https:\/\/sebraepr.com.br\/soucuritiba\/category\/salma-nasser\/\">Salma Nasser<\/a><\/li>\n<li id=\"menu-item-5311\" class=\"menu-item menu-item-type-taxonomy menu-item-object-category menu-item-5311\"><a href=\"https:\/\/sebraepr.com.br\/soucuritiba\/category\/tathiana-ziemmer\/\">Tathiana Ziemmer<\/a><\/li>\n<li id=\"menu-item-4747\" class=\"menu-item menu-item-type-taxonomy menu-item-object-category menu-item-4747\"><a href=\"https:\/\/sebraepr.com.br\/soucuritiba\/category\/taylana-ribeiro-de-souza\/\">Taylana Ribeiro de Souza<\/a><\/li>\n<li id=\"menu-item-5083\" class=\"menu-item menu-item-type-taxonomy menu-item-object-category menu-item-5083\"><a href=\"https:\/\/sebraepr.com.br\/soucuritiba\/category\/tiago-cardoso-e-gabriela-pereira\/\">Tiago Cardoso e Gabriela Pereira<\/a><\/li>\n<li id=\"menu-item-4698\" class=\"menu-item menu-item-type-taxonomy menu-item-object-category menu-item-4698\"><a href=\"https:\/\/sebraepr.com.br\/soucuritiba\/category\/valeska-catani-produto\/\">Valeska Catani<\/a><\/li>\n<li id=\"menu-item-4682\" class=\"menu-item menu-item-type-taxonomy menu-item-object-category menu-item-4682\"><a href=\"https:\/\/sebraepr.com.br\/soucuritiba\/category\/vanessa-luhasievz\/\">Vanessa Luhasievz<\/a><\/li>\n<li id=\"menu-item-3983\" class=\"menu-item menu-item-type-taxonomy menu-item-object-category menu-item-3983\"><a href=\"https:\/\/sebraepr.com.br\/soucuritiba\/category\/vinicius-grosso\/\">Vinicius Grosso<\/a><\/li>\n<li id=\"menu-item-3984\" class=\"menu-item menu-item-type-taxonomy menu-item-object-category menu-item-3984\"><a href=\"https:\/\/sebraepr.com.br\/soucuritiba\/category\/vinicius-miranda-patitucci\/\">Vinicius Miranda Patitucci<\/a><\/li>\n<li id=\"menu-item-4652\" class=\"menu-item menu-item-type-taxonomy menu-item-object-category menu-item-4652\"><a href=\"https:\/\/sebraepr.com.br\/soucuritiba\/category\/yuka-nakaba-waki\/\">Yuka Nakaba Waki<\/a><\/li>\n<\/ul><\/div><span class=\"seperator extralight-border\"><\/span><\/section><section id=\"cool_tag_cloud-3\" class=\"widget clearfix widget_cool_tag_cloud\"><h3 class=\"widgettitle\">Tags<\/h3><div class=\"cool-tag-cloud\"><div class=\"animation\"><div class=\"ctcdefault\"><div class=\"ctcleft\"><div class=\"arial\" style=\"text-transform:none!important;\"><a href=\"https:\/\/sebraepr.com.br\/soucuritiba\/tag\/capivara\/\" class=\"tag-cloud-link tag-link-64 tag-link-position-1\" style=\"font-size: 17px;\" aria-label=\"capivara (26 itens)\">capivara<\/a><a href=\"https:\/\/sebraepr.com.br\/soucuritiba\/tag\/chaveiro\/\" class=\"tag-cloud-link tag-link-193 tag-link-position-2\" style=\"font-size: 14.026548672566px;\" aria-label=\"chaveiro (8 itens)\">chaveiro<\/a><a href=\"https:\/\/sebraepr.com.br\/soucuritiba\/tag\/caneca\/\" class=\"tag-cloud-link tag-link-189 tag-link-position-3\" style=\"font-size: 13.407079646018px;\" aria-label=\"caneca (6 itens)\">caneca<\/a><a href=\"https:\/\/sebraepr.com.br\/soucuritiba\/tag\/ecobag\/\" class=\"tag-cloud-link tag-link-266 tag-link-position-4\" style=\"font-size: 12.973451327434px;\" aria-label=\"ecobag (5 itens)\">ecobag<\/a><a href=\"https:\/\/sebraepr.com.br\/soucuritiba\/tag\/pinhao\/\" class=\"tag-cloud-link tag-link-66 tag-link-position-5\" style=\"font-size: 12.973451327434px;\" aria-label=\"pinh\u00e3o (5 itens)\">pinh\u00e3o<\/a><a href=\"https:\/\/sebraepr.com.br\/soucuritiba\/tag\/porta-copos\/\" class=\"tag-cloud-link tag-link-117 tag-link-position-6\" style=\"font-size: 12.973451327434px;\" aria-label=\"porta copos (5 itens)\">porta copos<\/a><a href=\"https:\/\/sebraepr.com.br\/soucuritiba\/tag\/mandala\/\" class=\"tag-cloud-link tag-link-169 tag-link-position-7\" style=\"font-size: 12.973451327434px;\" aria-label=\"mandala (5 itens)\">mandala<\/a><a href=\"https:\/\/sebraepr.com.br\/soucuritiba\/tag\/biscoitos\/\" class=\"tag-cloud-link tag-link-216 tag-link-position-8\" style=\"font-size: 12.477876106195px;\" aria-label=\"Biscoitos (4 itens)\">Biscoitos<\/a><a href=\"https:\/\/sebraepr.com.br\/soucuritiba\/tag\/panos\/\" class=\"tag-cloud-link tag-link-187 tag-link-position-9\" style=\"font-size: 12.477876106195px;\" aria-label=\"panos (4 itens)\">panos<\/a><a href=\"https:\/\/sebraepr.com.br\/soucuritiba\/tag\/azulejos\/\" class=\"tag-cloud-link tag-link-185 tag-link-position-10\" style=\"font-size: 12.477876106195px;\" aria-label=\"azulejos (4 itens)\">azulejos<\/a><a href=\"https:\/\/sebraepr.com.br\/soucuritiba\/tag\/copo\/\" class=\"tag-cloud-link tag-link-174 tag-link-position-11\" style=\"font-size: 12.477876106195px;\" aria-label=\"copo (4 itens)\">copo<\/a><a href=\"https:\/\/sebraepr.com.br\/soucuritiba\/tag\/boton\/\" class=\"tag-cloud-link tag-link-92 tag-link-position-12\" style=\"font-size: 12.477876106195px;\" aria-label=\"boton (4 itens)\">boton<\/a><a href=\"https:\/\/sebraepr.com.br\/soucuritiba\/tag\/araucaria\/\" class=\"tag-cloud-link tag-link-173 tag-link-position-13\" style=\"font-size: 12.477876106195px;\" aria-label=\"araucaria (4 itens)\">araucaria<\/a><a href=\"https:\/\/sebraepr.com.br\/soucuritiba\/tag\/camiseta\/\" class=\"tag-cloud-link tag-link-91 tag-link-position-14\" style=\"font-size: 12.477876106195px;\" aria-label=\"camiseta (4 itens)\">camiseta<\/a><a href=\"https:\/\/sebraepr.com.br\/soucuritiba\/tag\/ima\/\" class=\"tag-cloud-link tag-link-90 tag-link-position-15\" style=\"font-size: 12.477876106195px;\" aria-label=\"im\u00e3 (4 itens)\">im\u00e3<\/a><a href=\"https:\/\/sebraepr.com.br\/soucuritiba\/tag\/necessaire\/\" class=\"tag-cloud-link tag-link-84 tag-link-position-16\" style=\"font-size: 12.477876106195px;\" aria-label=\"necessaire (4 itens)\">necessaire<\/a><a href=\"https:\/\/sebraepr.com.br\/soucuritiba\/tag\/cha\/\" class=\"tag-cloud-link tag-link-301 tag-link-position-17\" style=\"font-size: 12.477876106195px;\" aria-label=\"cha (4 itens)\">cha<\/a><a href=\"https:\/\/sebraepr.com.br\/soucuritiba\/tag\/brinquedo\/\" class=\"tag-cloud-link tag-link-263 tag-link-position-18\" style=\"font-size: 12.477876106195px;\" aria-label=\"brinquedo (4 itens)\">brinquedo<\/a><a href=\"https:\/\/sebraepr.com.br\/soucuritiba\/tag\/magnetico\/\" class=\"tag-cloud-link tag-link-166 tag-link-position-19\" style=\"font-size: 11.858407079646px;\" aria-label=\"magnetico (3 itens)\">magnetico<\/a><a href=\"https:\/\/sebraepr.com.br\/soucuritiba\/tag\/jogo\/\" class=\"tag-cloud-link tag-link-162 tag-link-position-20\" style=\"font-size: 11.858407079646px;\" aria-label=\"jogo (3 itens)\">jogo<\/a><a href=\"https:\/\/sebraepr.com.br\/soucuritiba\/tag\/marca-pagina\/\" class=\"tag-cloud-link tag-link-93 tag-link-position-21\" style=\"font-size: 11.858407079646px;\" aria-label=\"marca p\u00e1gina (3 itens)\">marca p\u00e1gina<\/a><a href=\"https:\/\/sebraepr.com.br\/soucuritiba\/tag\/ceramica\/\" class=\"tag-cloud-link tag-link-328 tag-link-position-22\" style=\"font-size: 11.858407079646px;\" aria-label=\"ceramica (3 itens)\">ceramica<\/a><a href=\"https:\/\/sebraepr.com.br\/soucuritiba\/tag\/patrimonio\/\" class=\"tag-cloud-link tag-link-321 tag-link-position-23\" style=\"font-size: 11.858407079646px;\" aria-label=\"Patrim\u00f4nio (3 itens)\">Patrim\u00f4nio<\/a><a href=\"https:\/\/sebraepr.com.br\/soucuritiba\/tag\/chocolate\/\" class=\"tag-cloud-link tag-link-257 tag-link-position-24\" style=\"font-size: 11.858407079646px;\" aria-label=\"chocolate (3 itens)\">chocolate<\/a><a href=\"https:\/\/sebraepr.com.br\/soucuritiba\/tag\/kit\/\" class=\"tag-cloud-link tag-link-287 tag-link-position-25\" style=\"font-size: 11.858407079646px;\" aria-label=\"kit (3 itens)\">kit<\/a><a href=\"https:\/\/sebraepr.com.br\/soucuritiba\/tag\/pratinho\/\" class=\"tag-cloud-link tag-link-268 tag-link-position-26\" style=\"font-size: 11.858407079646px;\" aria-label=\"pratinho (3 itens)\">pratinho<\/a><a href=\"https:\/\/sebraepr.com.br\/soucuritiba\/tag\/macrame\/\" class=\"tag-cloud-link tag-link-260 tag-link-position-27\" style=\"font-size: 11.858407079646px;\" aria-label=\"macrame (3 itens)\">macrame<\/a><a href=\"https:\/\/sebraepr.com.br\/soucuritiba\/tag\/miniatura\/\" class=\"tag-cloud-link tag-link-291 tag-link-position-28\" style=\"font-size: 11.858407079646px;\" aria-label=\"miniatura (3 itens)\">miniatura<\/a><a href=\"https:\/\/sebraepr.com.br\/soucuritiba\/tag\/celular\/\" class=\"tag-cloud-link tag-link-196 tag-link-position-29\" style=\"font-size: 11.115044247788px;\" aria-label=\"celular (2 itens)\">celular<\/a><a href=\"https:\/\/sebraepr.com.br\/soucuritiba\/tag\/fita\/\" class=\"tag-cloud-link tag-link-195 tag-link-position-30\" style=\"font-size: 11.115044247788px;\" aria-label=\"fita (2 itens)\">fita<\/a><a href=\"https:\/\/sebraepr.com.br\/soucuritiba\/tag\/bolsa\/\" class=\"tag-cloud-link tag-link-108 tag-link-position-31\" style=\"font-size: 11.115044247788px;\" aria-label=\"bolsa (2 itens)\">bolsa<\/a><a href=\"https:\/\/sebraepr.com.br\/soucuritiba\/tag\/jogo-americano\/\" class=\"tag-cloud-link tag-link-180 tag-link-position-32\" style=\"font-size: 11.115044247788px;\" aria-label=\"jogo americano (2 itens)\">jogo americano<\/a><a href=\"https:\/\/sebraepr.com.br\/soucuritiba\/tag\/colar\/\" class=\"tag-cloud-link tag-link-113 tag-link-position-33\" style=\"font-size: 11.115044247788px;\" aria-label=\"colar (2 itens)\">colar<\/a><a href=\"https:\/\/sebraepr.com.br\/soucuritiba\/tag\/porcelana\/\" class=\"tag-cloud-link tag-link-311 tag-link-position-34\" style=\"font-size: 11.115044247788px;\" aria-label=\"porcelana (2 itens)\">porcelana<\/a><a href=\"https:\/\/sebraepr.com.br\/soucuritiba\/tag\/estojo\/\" class=\"tag-cloud-link tag-link-279 tag-link-position-35\" style=\"font-size: 11.115044247788px;\" aria-label=\"estojo (2 itens)\">estojo<\/a><a href=\"https:\/\/sebraepr.com.br\/soucuritiba\/tag\/opera-de-arame\/\" class=\"tag-cloud-link tag-link-46 tag-link-position-36\" style=\"font-size: 11.115044247788px;\" aria-label=\"\u00f3pera de arame (2 itens)\">\u00f3pera de arame<\/a><a href=\"https:\/\/sebraepr.com.br\/soucuritiba\/tag\/prato\/\" class=\"tag-cloud-link tag-link-302 tag-link-position-37\" style=\"font-size: 11.115044247788px;\" aria-label=\"prato (2 itens)\">prato<\/a><a href=\"https:\/\/sebraepr.com.br\/soucuritiba\/tag\/xicara\/\" class=\"tag-cloud-link tag-link-267 tag-link-position-38\" style=\"font-size: 11.115044247788px;\" aria-label=\"xicara (2 itens)\">xicara<\/a><a href=\"https:\/\/sebraepr.com.br\/soucuritiba\/tag\/lenco\/\" class=\"tag-cloud-link tag-link-278 tag-link-position-39\" style=\"font-size: 11.115044247788px;\" aria-label=\"len\u00e7o (2 itens)\">len\u00e7o<\/a><a href=\"https:\/\/sebraepr.com.br\/soucuritiba\/tag\/caderneta\/\" class=\"tag-cloud-link tag-link-281 tag-link-position-40\" style=\"font-size: 11.115044247788px;\" aria-label=\"caderneta (2 itens)\">caderneta<\/a><a href=\"https:\/\/sebraepr.com.br\/soucuritiba\/tag\/adesivos\/\" class=\"tag-cloud-link tag-link-297 tag-link-position-41\" style=\"font-size: 11.115044247788px;\" aria-label=\"adesivos (2 itens)\">adesivos<\/a><a href=\"https:\/\/sebraepr.com.br\/soucuritiba\/tag\/twilly\/\" class=\"tag-cloud-link tag-link-280 tag-link-position-42\" style=\"font-size: 10px;\" aria-label=\"Twilly (1 item)\">Twilly<\/a><a href=\"https:\/\/sebraepr.com.br\/soucuritiba\/tag\/broche\/\" class=\"tag-cloud-link tag-link-277 tag-link-position-43\" style=\"font-size: 10px;\" aria-label=\"broche (1 item)\">broche<\/a><a href=\"https:\/\/sebraepr.com.br\/soucuritiba\/tag\/incenso\/\" class=\"tag-cloud-link tag-link-276 tag-link-position-44\" style=\"font-size: 10px;\" aria-label=\"incenso (1 item)\">incenso<\/a><a href=\"https:\/\/sebraepr.com.br\/soucuritiba\/tag\/mini-quadros\/\" class=\"tag-cloud-link tag-link-275 tag-link-position-45\" style=\"font-size: 10px;\" aria-label=\"mini-quadros (1 item)\">mini-quadros<\/a><a href=\"https:\/\/sebraepr.com.br\/soucuritiba\/tag\/largo-da-ordem\/\" class=\"tag-cloud-link tag-link-274 tag-link-position-46\" style=\"font-size: 10px;\" aria-label=\"largo da ordem (1 item)\">largo da ordem<\/a><a href=\"https:\/\/sebraepr.com.br\/soucuritiba\/tag\/casinhas\/\" class=\"tag-cloud-link tag-link-273 tag-link-position-47\" style=\"font-size: 10px;\" aria-label=\"casinhas (1 item)\">casinhas<\/a><a href=\"https:\/\/sebraepr.com.br\/soucuritiba\/tag\/quebra-cabeca\/\" class=\"tag-cloud-link tag-link-272 tag-link-position-48\" style=\"font-size: 10px;\" aria-label=\"quebra-cabe\u00e7a (1 item)\">quebra-cabe\u00e7a<\/a><a href=\"https:\/\/sebraepr.com.br\/soucuritiba\/tag\/encaixe\/\" class=\"tag-cloud-link tag-link-271 tag-link-position-49\" style=\"font-size: 10px;\" aria-label=\"encaixe (1 item)\">encaixe<\/a><a href=\"https:\/\/sebraepr.com.br\/soucuritiba\/tag\/bandeira\/\" class=\"tag-cloud-link tag-link-269 tag-link-position-50\" style=\"font-size: 10px;\" aria-label=\"bandeira (1 item)\">bandeira<\/a><a href=\"https:\/\/sebraepr.com.br\/soucuritiba\/tag\/torre\/\" class=\"tag-cloud-link tag-link-264 tag-link-position-51\" style=\"font-size: 10px;\" aria-label=\"torre (1 item)\">torre<\/a><a href=\"https:\/\/sebraepr.com.br\/soucuritiba\/tag\/regua-de-crescimento\/\" class=\"tag-cloud-link tag-link-262 tag-link-position-52\" style=\"font-size: 10px;\" aria-label=\"regua de crescimento (1 item)\">regua de crescimento<\/a><a href=\"https:\/\/sebraepr.com.br\/soucuritiba\/tag\/mocho\/\" class=\"tag-cloud-link tag-link-261 tag-link-position-53\" style=\"font-size: 10px;\" aria-label=\"mocho (1 item)\">mocho<\/a><a href=\"https:\/\/sebraepr.com.br\/soucuritiba\/tag\/chips\/\" class=\"tag-cloud-link tag-link-259 tag-link-position-54\" style=\"font-size: 10px;\" aria-label=\"chips (1 item)\">chips<\/a><a href=\"https:\/\/sebraepr.com.br\/soucuritiba\/tag\/caju\/\" class=\"tag-cloud-link tag-link-258 tag-link-position-55\" style=\"font-size: 10px;\" aria-label=\"caju (1 item)\">caju<\/a><a href=\"https:\/\/sebraepr.com.br\/soucuritiba\/tag\/brincos\/\" class=\"tag-cloud-link tag-link-282 tag-link-position-56\" style=\"font-size: 10px;\" aria-label=\"brincos (1 item)\">brincos<\/a><a href=\"https:\/\/sebraepr.com.br\/soucuritiba\/tag\/estampa\/\" class=\"tag-cloud-link tag-link-265 tag-link-position-57\" style=\"font-size: 10px;\" aria-label=\"estampa (1 item)\">estampa<\/a><a href=\"https:\/\/sebraepr.com.br\/soucuritiba\/tag\/lapis-2\/\" class=\"tag-cloud-link tag-link-283 tag-link-position-58\" style=\"font-size: 10px;\" aria-label=\"lapis (1 item)\">lapis<\/a><a href=\"https:\/\/sebraepr.com.br\/soucuritiba\/tag\/cobogo\/\" class=\"tag-cloud-link tag-link-285 tag-link-position-59\" style=\"font-size: 10px;\" aria-label=\"cobog\u00f3 (1 item)\">cobog\u00f3<\/a><a href=\"https:\/\/sebraepr.com.br\/soucuritiba\/tag\/pastilhas\/\" class=\"tag-cloud-link tag-link-333 tag-link-position-60\" style=\"font-size: 10px;\" aria-label=\"pastilhas (1 item)\">pastilhas<\/a><a href=\"https:\/\/sebraepr.com.br\/soucuritiba\/tag\/cachecol\/\" class=\"tag-cloud-link tag-link-82 tag-link-position-61\" style=\"font-size: 10px;\" aria-label=\"cachecol (1 item)\">cachecol<\/a><a href=\"https:\/\/sebraepr.com.br\/soucuritiba\/tag\/tag-de-mala\/\" class=\"tag-cloud-link tag-link-86 tag-link-position-62\" style=\"font-size: 10px;\" aria-label=\"tag de mala (1 item)\">tag de mala<\/a><a href=\"https:\/\/sebraepr.com.br\/soucuritiba\/tag\/almofada\/\" class=\"tag-cloud-link tag-link-115 tag-link-position-63\" style=\"font-size: 10px;\" aria-label=\"almofada (1 item)\">almofada<\/a><a href=\"https:\/\/sebraepr.com.br\/soucuritiba\/tag\/bolsas\/\" class=\"tag-cloud-link tag-link-159 tag-link-position-64\" style=\"font-size: 10px;\" aria-label=\"bolsas (1 item)\">bolsas<\/a><a href=\"https:\/\/sebraepr.com.br\/soucuritiba\/tag\/memo\/\" class=\"tag-cloud-link tag-link-164 tag-link-position-65\" style=\"font-size: 10px;\" aria-label=\"memo (1 item)\">memo<\/a><a href=\"https:\/\/sebraepr.com.br\/soucuritiba\/tag\/curitibanes\/\" class=\"tag-cloud-link tag-link-165 tag-link-position-66\" style=\"font-size: 10px;\" aria-label=\"curitibanes (1 item)\">curitibanes<\/a><a href=\"https:\/\/sebraepr.com.br\/soucuritiba\/tag\/postais\/\" class=\"tag-cloud-link tag-link-167 tag-link-position-67\" style=\"font-size: 10px;\" aria-label=\"postais (1 item)\">postais<\/a><a href=\"https:\/\/sebraepr.com.br\/soucuritiba\/tag\/infantil\/\" class=\"tag-cloud-link tag-link-172 tag-link-position-68\" style=\"font-size: 10px;\" aria-label=\"infantil (1 item)\">infantil<\/a><a href=\"https:\/\/sebraepr.com.br\/soucuritiba\/tag\/shot\/\" class=\"tag-cloud-link tag-link-176 tag-link-position-69\" style=\"font-size: 10px;\" aria-label=\"shot (1 item)\">shot<\/a><a href=\"https:\/\/sebraepr.com.br\/soucuritiba\/tag\/memorias\/\" class=\"tag-cloud-link tag-link-177 tag-link-position-70\" style=\"font-size: 10px;\" aria-label=\"memorias (1 item)\">memorias<\/a><a href=\"https:\/\/sebraepr.com.br\/soucuritiba\/tag\/petisco\/\" class=\"tag-cloud-link tag-link-181 tag-link-position-71\" style=\"font-size: 10px;\" aria-label=\"petisco (1 item)\">petisco<\/a><a href=\"https:\/\/sebraepr.com.br\/soucuritiba\/tag\/baralho\/\" class=\"tag-cloud-link tag-link-330 tag-link-position-72\" style=\"font-size: 10px;\" aria-label=\"baralho (1 item)\">baralho<\/a><a href=\"https:\/\/sebraepr.com.br\/soucuritiba\/tag\/sabonete\/\" class=\"tag-cloud-link tag-link-183 tag-link-position-73\" style=\"font-size: 10px;\" aria-label=\"sabonete (1 item)\">sabonete<\/a><a href=\"https:\/\/sebraepr.com.br\/soucuritiba\/tag\/curitipisos\/\" class=\"tag-cloud-link tag-link-191 tag-link-position-74\" style=\"font-size: 10px;\" aria-label=\"curitipisos (1 item)\">curitipisos<\/a><a href=\"https:\/\/sebraepr.com.br\/soucuritiba\/tag\/porta-utilidades\/\" class=\"tag-cloud-link tag-link-198 tag-link-position-75\" style=\"font-size: 10px;\" aria-label=\"porta utilidades (1 item)\">porta utilidades<\/a><a href=\"https:\/\/sebraepr.com.br\/soucuritiba\/tag\/enfeites\/\" class=\"tag-cloud-link tag-link-200 tag-link-position-76\" style=\"font-size: 10px;\" aria-label=\"enfeites (1 item)\">enfeites<\/a><a href=\"https:\/\/sebraepr.com.br\/soucuritiba\/tag\/chimarrao\/\" class=\"tag-cloud-link tag-link-201 tag-link-position-77\" style=\"font-size: 10px;\" aria-label=\"chimarr\u00e3o (1 item)\">chimarr\u00e3o<\/a><a href=\"https:\/\/sebraepr.com.br\/soucuritiba\/tag\/pingente\/\" class=\"tag-cloud-link tag-link-204 tag-link-position-78\" style=\"font-size: 10px;\" aria-label=\"pingente (1 item)\">pingente<\/a><a href=\"https:\/\/sebraepr.com.br\/soucuritiba\/tag\/prata\/\" class=\"tag-cloud-link tag-link-205 tag-link-position-79\" style=\"font-size: 10px;\" aria-label=\"prata (1 item)\">prata<\/a><a href=\"https:\/\/sebraepr.com.br\/soucuritiba\/tag\/porta-objetos\/\" class=\"tag-cloud-link tag-link-207 tag-link-position-80\" style=\"font-size: 10px;\" aria-label=\"porta objetos (1 item)\">porta objetos<\/a><a href=\"https:\/\/sebraepr.com.br\/soucuritiba\/tag\/suporte-de-panelas\/\" class=\"tag-cloud-link tag-link-208 tag-link-position-81\" style=\"font-size: 10px;\" aria-label=\"suporte de panelas (1 item)\">suporte de panelas<\/a><a href=\"https:\/\/sebraepr.com.br\/soucuritiba\/tag\/luminaria\/\" class=\"tag-cloud-link tag-link-210 tag-link-position-82\" style=\"font-size: 10px;\" aria-label=\"luminaria (1 item)\">luminaria<\/a><a href=\"https:\/\/sebraepr.com.br\/soucuritiba\/tag\/mon\/\" class=\"tag-cloud-link tag-link-211 tag-link-position-83\" style=\"font-size: 10px;\" aria-label=\"mon (1 item)\">mon<\/a><a href=\"https:\/\/sebraepr.com.br\/soucuritiba\/tag\/selecionados\/\" class=\"tag-cloud-link tag-link-213 tag-link-position-84\" style=\"font-size: 10px;\" aria-label=\"selecionados (1 item)\">selecionados<\/a><a href=\"https:\/\/sebraepr.com.br\/soucuritiba\/tag\/diario-de-bordo\/\" class=\"tag-cloud-link tag-link-190 tag-link-position-85\" style=\"font-size: 10px;\" aria-label=\"diario de bordo (1 item)\">diario de bordo<\/a><a href=\"https:\/\/sebraepr.com.br\/soucuritiba\/tag\/ima-de-geladeira\/\" class=\"tag-cloud-link tag-link-284 tag-link-position-86\" style=\"font-size: 10px;\" aria-label=\"ima de geladeira (1 item)\">ima de geladeira<\/a><a href=\"https:\/\/sebraepr.com.br\/soucuritiba\/tag\/velas\/\" class=\"tag-cloud-link tag-link-325 tag-link-position-87\" style=\"font-size: 10px;\" aria-label=\"velas (1 item)\">velas<\/a><a href=\"https:\/\/sebraepr.com.br\/soucuritiba\/tag\/flor\/\" class=\"tag-cloud-link tag-link-68 tag-link-position-88\" style=\"font-size: 10px;\" aria-label=\"flor (1 item)\">flor<\/a><a href=\"https:\/\/sebraepr.com.br\/soucuritiba\/tag\/porta-recados\/\" class=\"tag-cloud-link tag-link-286 tag-link-position-89\" style=\"font-size: 10px;\" aria-label=\"porta recados (1 item)\">porta recados<\/a><a href=\"https:\/\/sebraepr.com.br\/soucuritiba\/tag\/poster\/\" class=\"tag-cloud-link tag-link-288 tag-link-position-90\" style=\"font-size: 10px;\" aria-label=\"poster (1 item)\">poster<\/a><a href=\"https:\/\/sebraepr.com.br\/soucuritiba\/tag\/touca\/\" class=\"tag-cloud-link tag-link-289 tag-link-position-91\" style=\"font-size: 10px;\" aria-label=\"touca (1 item)\">touca<\/a><a href=\"https:\/\/sebraepr.com.br\/soucuritiba\/tag\/lixocar\/\" class=\"tag-cloud-link tag-link-290 tag-link-position-92\" style=\"font-size: 10px;\" aria-label=\"lixocar (1 item)\">lixocar<\/a><a href=\"https:\/\/sebraepr.com.br\/soucuritiba\/tag\/curitiba\/\" class=\"tag-cloud-link tag-link-36 tag-link-position-93\" style=\"font-size: 10px;\" aria-label=\"curitiba (1 item)\">curitiba<\/a><a href=\"https:\/\/sebraepr.com.br\/soucuritiba\/tag\/jardim-botanico\/\" class=\"tag-cloud-link tag-link-292 tag-link-position-94\" style=\"font-size: 10px;\" aria-label=\"jardim botanico (1 item)\">jardim botanico<\/a><a href=\"https:\/\/sebraepr.com.br\/soucuritiba\/tag\/criativos\/\" class=\"tag-cloud-link tag-link-37 tag-link-position-95\" style=\"font-size: 10px;\" aria-label=\"criativos (1 item)\">criativos<\/a><a href=\"https:\/\/sebraepr.com.br\/soucuritiba\/tag\/vaso\/\" class=\"tag-cloud-link tag-link-293 tag-link-position-96\" style=\"font-size: 10px;\" aria-label=\"vaso (1 item)\">vaso<\/a><a href=\"https:\/\/sebraepr.com.br\/soucuritiba\/tag\/giz-de-cera\/\" class=\"tag-cloud-link tag-link-294 tag-link-position-97\" style=\"font-size: 10px;\" aria-label=\"giz de cera (1 item)\">giz de cera<\/a><a href=\"https:\/\/sebraepr.com.br\/soucuritiba\/tag\/bone\/\" class=\"tag-cloud-link tag-link-295 tag-link-position-98\" style=\"font-size: 10px;\" aria-label=\"bon\u00e9 (1 item)\">bon\u00e9<\/a><a href=\"https:\/\/sebraepr.com.br\/soucuritiba\/tag\/escapulario\/\" class=\"tag-cloud-link tag-link-296 tag-link-position-99\" style=\"font-size: 10px;\" aria-label=\"escapul\u00e1rio (1 item)\">escapul\u00e1rio<\/a><a href=\"https:\/\/sebraepr.com.br\/soucuritiba\/tag\/aromatizador-de-ambientes\/\" class=\"tag-cloud-link tag-link-324 tag-link-position-100\" style=\"font-size: 10px;\" aria-label=\"aromatizador de ambientes (1 item)\">aromatizador de ambientes<\/a><a href=\"https:\/\/sebraepr.com.br\/soucuritiba\/tag\/feicho\/\" class=\"tag-cloud-link tag-link-298 tag-link-position-101\" style=\"font-size: 10px;\" aria-label=\"feicho (1 item)\">feicho<\/a><a href=\"https:\/\/sebraepr.com.br\/soucuritiba\/tag\/sticker\/\" class=\"tag-cloud-link tag-link-300 tag-link-position-102\" style=\"font-size: 10px;\" aria-label=\"sticker (1 item)\">sticker<\/a><a href=\"https:\/\/sebraepr.com.br\/soucuritiba\/tag\/bolacha\/\" class=\"tag-cloud-link tag-link-303 tag-link-position-103\" style=\"font-size: 10px;\" aria-label=\"bolacha (1 item)\">bolacha<\/a><a href=\"https:\/\/sebraepr.com.br\/soucuritiba\/tag\/foto\/\" class=\"tag-cloud-link tag-link-306 tag-link-position-104\" style=\"font-size: 10px;\" aria-label=\"foto (1 item)\">foto<\/a><a href=\"https:\/\/sebraepr.com.br\/soucuritiba\/tag\/sousplat\/\" class=\"tag-cloud-link tag-link-308 tag-link-position-105\" style=\"font-size: 10px;\" aria-label=\"sousplat (1 item)\">sousplat<\/a><a href=\"https:\/\/sebraepr.com.br\/soucuritiba\/tag\/garrafa\/\" class=\"tag-cloud-link tag-link-313 tag-link-position-106\" style=\"font-size: 10px;\" aria-label=\"garrafa (1 item)\">garrafa<\/a><a href=\"https:\/\/sebraepr.com.br\/soucuritiba\/tag\/placas\/\" class=\"tag-cloud-link tag-link-314 tag-link-position-107\" style=\"font-size: 10px;\" aria-label=\"placas (1 item)\">placas<\/a><a href=\"https:\/\/sebraepr.com.br\/soucuritiba\/tag\/metal\/\" class=\"tag-cloud-link tag-link-315 tag-link-position-108\" style=\"font-size: 10px;\" aria-label=\"metal (1 item)\">metal<\/a><a href=\"https:\/\/sebraepr.com.br\/soucuritiba\/tag\/globo\/\" class=\"tag-cloud-link tag-link-317 tag-link-position-109\" style=\"font-size: 10px;\" aria-label=\"globo (1 item)\">globo<\/a><a href=\"https:\/\/sebraepr.com.br\/soucuritiba\/tag\/caderno-para-colorir\/\" class=\"tag-cloud-link tag-link-319 tag-link-position-110\" style=\"font-size: 10px;\" aria-label=\"caderno para colorir (1 item)\">caderno para colorir<\/a><a href=\"https:\/\/sebraepr.com.br\/soucuritiba\/tag\/caderno\/\" class=\"tag-cloud-link tag-link-320 tag-link-position-111\" style=\"font-size: 10px;\" aria-label=\"caderno (1 item)\">caderno<\/a><a href=\"https:\/\/sebraepr.com.br\/soucuritiba\/tag\/perfume\/\" class=\"tag-cloud-link tag-link-323 tag-link-position-112\" style=\"font-size: 10px;\" aria-label=\"perfume (1 item)\">perfume<\/a><a href=\"https:\/\/sebraepr.com.br\/soucuritiba\/tag\/canivete\/\" class=\"tag-cloud-link tag-link-299 tag-link-position-113\" style=\"font-size: 10px;\" aria-label=\"canivete (1 item)\">canivete<\/a><a href=\"https:\/\/sebraepr.com.br\/soucuritiba\/tag\/lista\/\" class=\"tag-cloud-link tag-link-214 tag-link-position-114\" style=\"font-size: 10px;\" aria-label=\"lista (1 item)\">lista<\/a><\/div><\/div><\/div><\/div><\/div><span class=\"seperator extralight-border\"><\/span><\/section><\/div><\/div><\/div><\/div><\/div><!-- close content main div --><\/div><\/div><div id='after_section_1'  class='main_color av_default_container_wrap container_wrap sidebar_right'  ><div class='container av-section-cont-open' ><div class='template-page content  av-content-small alpha units'><div class='post-entry post-entry-type-page post-entry-442'><div class='entry-content-wrapper clearfix'>\n","protected":false},"excerpt":{"rendered":"","protected":false},"author":10,"featured_media":5092,"parent":0,"menu_order":3,"comment_status":"closed","ping_status":"closed","template":"","meta":[],"_links":{"self":[{"href":"https:\/\/sebraepr.com.br\/soucuritiba\/wp-json\/wp\/v2\/pages\/442"}],"collection":[{"href":"https:\/\/sebraepr.com.br\/soucuritiba\/wp-json\/wp\/v2\/pages"}],"about":[{"href":"https:\/\/sebraepr.com.br\/soucuritiba\/wp-json\/wp\/v2\/types\/page"}],"author":[{"embeddable":true,"href":"https:\/\/sebraepr.com.br\/soucuritiba\/wp-json\/wp\/v2\/users\/10"}],"replies":[{"embeddable":true,"href":"https:\/\/sebraepr.com.br\/soucuritiba\/wp-json\/wp\/v2\/comments?post=442"}],"version-history":[{"count":133,"href":"https:\/\/sebraepr.com.br\/soucuritiba\/wp-json\/wp\/v2\/pages\/442\/revisions"}],"predecessor-version":[{"id":5333,"href":"https:\/\/sebraepr.com.br\/soucuritiba\/wp-json\/wp\/v2\/pages\/442\/revisions\/5333"}],"wp:featuredmedia":[{"embeddable":true,"href":"https:\/\/sebraepr.com.br\/soucuritiba\/wp-json\/wp\/v2\/media\/5092"}],"wp:attachment":[{"href":"https:\/\/sebraepr.com.br\/soucuritiba\/wp-json\/wp\/v2\/media?parent=442"}],"curies":[{"name":"wp","href":"https:\/\/api.w.org\/{rel}","templated":true}]}}